{"id":3061,"date":"2023-08-01T10:00:34","date_gmt":"2023-08-01T08:00:34","guid":{"rendered":"https:\/\/reos-hotel-allgaeu.de\/wangen\/chalets\/"},"modified":"2025-03-28T12:09:20","modified_gmt":"2025-03-28T11:09:20","slug":"chalets","status":"publish","type":"page","link":"https:\/\/reos-hotel-allgaeu.de\/wangen\/chalets\/","title":{"rendered":"Chalets"},"content":{"rendered":"<p><div class=\"fusion-fullwidth fullwidth-box fusion-builder-row-1 fusion-flex-container has-pattern-background has-mask-background fusion-parallax-none nonhundred-percent-fullwidth non-hundred-percent-height-scrolling\" style=\"--awb-background-position:left center;--awb-border-radius-top-left:0px;--awb-border-radius-top-right:0px;--awb-border-radius-bottom-right:0px;--awb-border-radius-bottom-left:0px;--awb-margin-top:100px;--awb-background-image:url(&quot;https:\/\/reos-hotel-allgaeu.de\/wp-content\/uploads\/reos_doppelr_grafik_5.svg&quot;);--awb-background-size:cover;--awb-flex-wrap:wrap;\" ><div class=\"fusion-builder-row fusion-row fusion-flex-align-items-flex-start fusion-flex-content-wrap\" style=\"max-width:calc( 1400px + 30px );margin-left: calc(-30px \/ 2 );margin-right: calc(-30px \/ 2 );\"><div class=\"fusion-layout-column fusion_builder_column fusion-builder-column-0 fusion_builder_column_2_3 2_3 fusion-flex-column\" style=\"--awb-bg-size:cover;--awb-width-large:66.6666666667%;--awb-margin-top-large:0px;--awb-spacing-right-large:15px;--awb-margin-bottom-large:20px;--awb-spacing-left-large:15px;--awb-width-medium:66.6666666667%;--awb-order-medium:0;--awb-spacing-right-medium:15px;--awb-spacing-left-medium:15px;--awb-width-small:100%;--awb-order-small:0;--awb-spacing-right-small:15px;--awb-spacing-left-small:15px;\"><div class=\"fusion-column-wrapper fusion-column-has-shadow fusion-flex-justify-content-flex-start fusion-content-layout-column\"><div class=\"fusion-text fusion-text-1\"><h1>Chalets<\/h1>\n<p>Das REOS HOTEL bietet Ihnen eine gem\u00fctliche Atmosph\u00e4re zum Entspannen. Genie\u00dfen Sie das moderne Flair im Hotel-Garten mit seinen, neu erbauten Chalets.<\/p>\n<p>Alle Chalets sind Nichtraucherchalets und mit kostenlosem WLAN, Flatscreen und Fu\u00dfbodenheizung ausgestattet und bieten jeweils auf zwei Etagen Platz zum Entspannen und Wohlf\u00fchlen. Zwischen Hauseigner Terrasse und voll ausgestatteter Schreinerk\u00fcche bieten unsere H\u00e4uschen den perfekten Platz um ordentlich die Seele baumeln zu lassen.<\/p>\n<p>Die Chalets werden zur Selbstversorgung vermietet, weshalb w\u00e4hrend Ihres Aufenthalts keine Zwischenreinigung stattfinden wird. Auf Wunsch genie\u00dfen unsere G\u00e4ste ein ausgewogenes Fr\u00fchst\u00fcck, sowie Mittag &#8211; und Abendessen in unserem <a href=\"https:\/\/verde-wangen.de\/\">Restaurant Verde<\/a>.<\/p>\n<p>Sie sind neugierig? &#8211; Z\u00f6gern Sie nicht uns zu kontaktieren. Gerne stehen wir Ihnen mit Rat und Tat zur Seite.<\/p>\n<\/div><\/div><\/div><\/div><\/div><div class=\"fusion-fullwidth fullwidth-box fusion-builder-row-2 fusion-flex-container has-pattern-background has-mask-background hundred-percent-fullwidth non-hundred-percent-height-scrolling fusion-no-small-visibility fusion-animated\" style=\"--awb-border-radius-top-left:0px;--awb-border-radius-top-right:0px;--awb-border-radius-bottom-right:0px;--awb-border-radius-bottom-left:0px;--awb-margin-top:100px;--awb-margin-bottom:-200px;--awb-flex-wrap:wrap;\" data-animationType=\"slideInRight\" data-animationDuration=\"2.0\" data-animationOffset=\"top-into-view\" ><div class=\"fusion-builder-row fusion-row fusion-flex-align-items-flex-start fusion-flex-content-wrap\" style=\"width:calc( 100% + 30px ) !important;max-width:calc( 100% + 30px ) !important;margin-left: calc(-30px \/ 2 );margin-right: calc(-30px \/ 2 );\"><div class=\"fusion-layout-column fusion_builder_column fusion-builder-column-1 fusion_builder_column_1_1 1_1 fusion-flex-column\" style=\"--awb-bg-size:cover;--awb-width-large:100%;--awb-margin-top-large:0px;--awb-spacing-right-large:15px;--awb-margin-bottom-large:20px;--awb-spacing-left-large:15px;--awb-width-medium:100%;--awb-order-medium:0;--awb-spacing-right-medium:15px;--awb-spacing-left-medium:15px;--awb-width-small:100%;--awb-order-small:0;--awb-spacing-right-small:15px;--awb-spacing-left-small:15px;\"><div class=\"fusion-column-wrapper fusion-column-has-shadow fusion-flex-justify-content-flex-start fusion-content-layout-column\"><div class=\"fusion-text fusion-text-2\"><h4 style=\"text-align: right;\">PREMIUM<\/h4>\n<\/div><\/div><\/div><\/div><\/div><div class=\"fusion-fullwidth fullwidth-box fusion-builder-row-3 fusion-flex-container has-pattern-background has-mask-background nonhundred-percent-fullwidth non-hundred-percent-height-scrolling\" style=\"--awb-background-position:left center;--awb-border-radius-top-left:0px;--awb-border-radius-top-right:0px;--awb-border-radius-bottom-right:0px;--awb-border-radius-bottom-left:0px;--awb-flex-wrap:wrap;\" ><div class=\"fusion-builder-row fusion-row fusion-flex-align-items-flex-end fusion-flex-justify-content-center fusion-flex-content-wrap\" style=\"max-width:calc( 1400px + 30px );margin-left: calc(-30px \/ 2 );margin-right: calc(-30px \/ 2 );\"><div class=\"fusion-layout-column fusion_builder_column fusion-builder-column-2 fusion_builder_column_1_1 1_1 fusion-flex-column\" style=\"--awb-bg-size:cover;--awb-width-large:100%;--awb-margin-top-large:0px;--awb-spacing-right-large:15px;--awb-margin-bottom-large:20px;--awb-spacing-left-large:15px;--awb-width-medium:100%;--awb-order-medium:0;--awb-spacing-right-medium:15px;--awb-spacing-left-medium:15px;--awb-width-small:100%;--awb-order-small:0;--awb-spacing-right-small:15px;--awb-spacing-left-small:15px;\"><div class=\"fusion-column-wrapper fusion-column-has-shadow fusion-flex-justify-content-flex-start fusion-content-layout-column\"><div class=\"fusion-text fusion-text-3\"><h1>CHALET PREMIUM<\/h1>\n<\/div><div class=\"awb-gallery-wrapper awb-gallery-wrapper-1 button-span-no\" style=\"--more-btn-alignment:center;\"><div style=\"margin:-12px;--awb-bordersize:0px;\" class=\"fusion-gallery fusion-gallery-container fusion-grid-4 fusion-columns-total-8 fusion-gallery-layout-grid fusion-gallery-1\"><div style=\"padding:12.5px;\" class=\"fusion-grid-column fusion-gallery-column fusion-gallery-column-4 hover-type-none\"><div class=\"fusion-gallery-image\"><a href=\"https:\/\/reos-hotel-allgaeu.de\/wangen\/wp-content\/uploads\/sites\/2\/2023\/09\/Reos_Hotel_Wangen_Chalet_Premium_Kueche.jpg\" rel=\"noreferrer\" data-rel=\"iLightbox[gallery_image_1]\" class=\"fusion-lightbox\" target=\"_self\"><img decoding=\"async\" src=\"https:\/\/reos-hotel-allgaeu.de\/wangen\/wp-content\/uploads\/sites\/2\/2023\/09\/Reos_Hotel_Wangen_Chalet_Premium_Kueche.jpg\" width=\"2000\" height=\"1334\" alt=\"Reos_Hotel_Wangen_Chalet_Premium_Kueche\" title=\"Reos_Hotel_Wangen_Chalet_Premium_Kueche\" aria-label=\"Reos_Hotel_Wangen_Chalet_Premium_Kueche\" class=\"img-responsive wp-image-2973\" srcset=\"https:\/\/reos-hotel-allgaeu.de\/wangen\/wp-content\/uploads\/sites\/2\/2023\/09\/Reos_Hotel_Wangen_Chalet_Premium_Kueche-200x133.jpg 200w, https:\/\/reos-hotel-allgaeu.de\/wangen\/wp-content\/uploads\/sites\/2\/2023\/09\/Reos_Hotel_Wangen_Chalet_Premium_Kueche-400x267.jpg 400w, https:\/\/reos-hotel-allgaeu.de\/wangen\/wp-content\/uploads\/sites\/2\/2023\/09\/Reos_Hotel_Wangen_Chalet_Premium_Kueche-600x400.jpg 600w, https:\/\/reos-hotel-allgaeu.de\/wangen\/wp-content\/uploads\/sites\/2\/2023\/09\/Reos_Hotel_Wangen_Chalet_Premium_Kueche-800x534.jpg 800w, https:\/\/reos-hotel-allgaeu.de\/wangen\/wp-content\/uploads\/sites\/2\/2023\/09\/Reos_Hotel_Wangen_Chalet_Premium_Kueche-1200x800.jpg 1200w, https:\/\/reos-hotel-allgaeu.de\/wangen\/wp-content\/uploads\/sites\/2\/2023\/09\/Reos_Hotel_Wangen_Chalet_Premium_Kueche.jpg 2000w\" sizes=\"(min-width: 2200px) 100vw, (min-width: 856px) 341px, (min-width: 784px) 455px, (min-width: 712px) 682px, (min-width: 640px) 712px, \" \/><\/a><\/div><\/div><div style=\"padding:12.5px;\" class=\"fusion-grid-column fusion-gallery-column fusion-gallery-column-4 hover-type-none\"><div class=\"fusion-gallery-image\"><a href=\"https:\/\/reos-hotel-allgaeu.de\/wangen\/wp-content\/uploads\/sites\/2\/2023\/09\/Reos_Hotel_Wangen_Chalet_Deluxe_Esszimmer.jpg\" rel=\"noreferrer\" data-rel=\"iLightbox[gallery_image_1]\" class=\"fusion-lightbox\" target=\"_self\"><img decoding=\"async\" src=\"https:\/\/reos-hotel-allgaeu.de\/wangen\/wp-content\/uploads\/sites\/2\/2023\/09\/Reos_Hotel_Wangen_Chalet_Deluxe_Esszimmer.jpg\" width=\"2000\" height=\"1333\" alt=\"Reos_Hotel_Wangen_Chalet_Premium_Esszimmer\" title=\"Reos_Hotel_Wangen_Chalet_Premium_Esszimmer\" aria-label=\"Reos_Hotel_Wangen_Chalet_Premium_Esszimmer\" class=\"img-responsive wp-image-2966\" srcset=\"https:\/\/reos-hotel-allgaeu.de\/wangen\/wp-content\/uploads\/sites\/2\/2023\/09\/Reos_Hotel_Wangen_Chalet_Deluxe_Esszimmer-200x133.jpg 200w, https:\/\/reos-hotel-allgaeu.de\/wangen\/wp-content\/uploads\/sites\/2\/2023\/09\/Reos_Hotel_Wangen_Chalet_Deluxe_Esszimmer-400x267.jpg 400w, https:\/\/reos-hotel-allgaeu.de\/wangen\/wp-content\/uploads\/sites\/2\/2023\/09\/Reos_Hotel_Wangen_Chalet_Deluxe_Esszimmer-600x400.jpg 600w, https:\/\/reos-hotel-allgaeu.de\/wangen\/wp-content\/uploads\/sites\/2\/2023\/09\/Reos_Hotel_Wangen_Chalet_Deluxe_Esszimmer-800x533.jpg 800w, https:\/\/reos-hotel-allgaeu.de\/wangen\/wp-content\/uploads\/sites\/2\/2023\/09\/Reos_Hotel_Wangen_Chalet_Deluxe_Esszimmer-1200x800.jpg 1200w, https:\/\/reos-hotel-allgaeu.de\/wangen\/wp-content\/uploads\/sites\/2\/2023\/09\/Reos_Hotel_Wangen_Chalet_Deluxe_Esszimmer.jpg 2000w\" sizes=\"(min-width: 2200px) 100vw, (min-width: 856px) 341px, (min-width: 784px) 455px, (min-width: 712px) 682px, (min-width: 640px) 712px, \" \/><\/a><\/div><\/div><div style=\"padding:12.5px;\" class=\"fusion-grid-column fusion-gallery-column fusion-gallery-column-4 hover-type-none\"><div class=\"fusion-gallery-image\"><a href=\"https:\/\/reos-hotel-allgaeu.de\/wangen\/wp-content\/uploads\/sites\/2\/2023\/09\/Reos_Hotel_Wangen_Chalet_Premium_Esszimmer2-1.jpg\" rel=\"noreferrer\" data-rel=\"iLightbox[gallery_image_1]\" class=\"fusion-lightbox\" target=\"_self\"><img decoding=\"async\" src=\"https:\/\/reos-hotel-allgaeu.de\/wangen\/wp-content\/uploads\/sites\/2\/2023\/09\/Reos_Hotel_Wangen_Chalet_Premium_Esszimmer2-1.jpg\" width=\"2000\" height=\"1333\" alt=\"Reos_Hotel_Wangen_Chalet_Premium_Esszimmer2\" title=\"Reos_Hotel_Wangen_Chalet_Premium_Esszimmer2\" aria-label=\"Reos_Hotel_Wangen_Chalet_Premium_Esszimmer2\" class=\"img-responsive wp-image-2990\" srcset=\"https:\/\/reos-hotel-allgaeu.de\/wangen\/wp-content\/uploads\/sites\/2\/2023\/09\/Reos_Hotel_Wangen_Chalet_Premium_Esszimmer2-1-200x133.jpg 200w, https:\/\/reos-hotel-allgaeu.de\/wangen\/wp-content\/uploads\/sites\/2\/2023\/09\/Reos_Hotel_Wangen_Chalet_Premium_Esszimmer2-1-400x267.jpg 400w, https:\/\/reos-hotel-allgaeu.de\/wangen\/wp-content\/uploads\/sites\/2\/2023\/09\/Reos_Hotel_Wangen_Chalet_Premium_Esszimmer2-1-600x400.jpg 600w, https:\/\/reos-hotel-allgaeu.de\/wangen\/wp-content\/uploads\/sites\/2\/2023\/09\/Reos_Hotel_Wangen_Chalet_Premium_Esszimmer2-1-800x533.jpg 800w, https:\/\/reos-hotel-allgaeu.de\/wangen\/wp-content\/uploads\/sites\/2\/2023\/09\/Reos_Hotel_Wangen_Chalet_Premium_Esszimmer2-1-1200x800.jpg 1200w, https:\/\/reos-hotel-allgaeu.de\/wangen\/wp-content\/uploads\/sites\/2\/2023\/09\/Reos_Hotel_Wangen_Chalet_Premium_Esszimmer2-1.jpg 2000w\" sizes=\"(min-width: 2200px) 100vw, (min-width: 856px) 341px, (min-width: 784px) 455px, (min-width: 712px) 682px, (min-width: 640px) 712px, \" \/><\/a><\/div><\/div><div style=\"padding:12.5px;\" class=\"fusion-grid-column fusion-gallery-column fusion-gallery-column-4 hover-type-none\"><div class=\"fusion-gallery-image\"><a href=\"https:\/\/reos-hotel-allgaeu.de\/wangen\/wp-content\/uploads\/sites\/2\/2023\/09\/Reos_Hotel_Wangen_Chalet_Premium_Esszimmer4.jpg\" rel=\"noreferrer\" data-rel=\"iLightbox[gallery_image_1]\" class=\"fusion-lightbox\" target=\"_self\"><img decoding=\"async\" src=\"https:\/\/reos-hotel-allgaeu.de\/wangen\/wp-content\/uploads\/sites\/2\/2023\/09\/Reos_Hotel_Wangen_Chalet_Premium_Esszimmer4.jpg\" width=\"2000\" height=\"1333\" alt=\"Reos_Hotel_Wangen_Chalet_Premium_Esszimmer4\" title=\"Reos_Hotel_Wangen_Chalet_Premium_Esszimmer4\" aria-label=\"Reos_Hotel_Wangen_Chalet_Premium_Esszimmer4\" class=\"img-responsive wp-image-2980\" srcset=\"https:\/\/reos-hotel-allgaeu.de\/wangen\/wp-content\/uploads\/sites\/2\/2023\/09\/Reos_Hotel_Wangen_Chalet_Premium_Esszimmer4-200x133.jpg 200w, https:\/\/reos-hotel-allgaeu.de\/wangen\/wp-content\/uploads\/sites\/2\/2023\/09\/Reos_Hotel_Wangen_Chalet_Premium_Esszimmer4-400x267.jpg 400w, https:\/\/reos-hotel-allgaeu.de\/wangen\/wp-content\/uploads\/sites\/2\/2023\/09\/Reos_Hotel_Wangen_Chalet_Premium_Esszimmer4-600x400.jpg 600w, https:\/\/reos-hotel-allgaeu.de\/wangen\/wp-content\/uploads\/sites\/2\/2023\/09\/Reos_Hotel_Wangen_Chalet_Premium_Esszimmer4-800x533.jpg 800w, https:\/\/reos-hotel-allgaeu.de\/wangen\/wp-content\/uploads\/sites\/2\/2023\/09\/Reos_Hotel_Wangen_Chalet_Premium_Esszimmer4-1200x800.jpg 1200w, https:\/\/reos-hotel-allgaeu.de\/wangen\/wp-content\/uploads\/sites\/2\/2023\/09\/Reos_Hotel_Wangen_Chalet_Premium_Esszimmer4.jpg 2000w\" sizes=\"(min-width: 2200px) 100vw, (min-width: 856px) 341px, (min-width: 784px) 455px, (min-width: 712px) 682px, (min-width: 640px) 712px, \" \/><\/a><\/div><\/div><div class=\"clearfix\"><\/div><div style=\"padding:12.5px;\" class=\"fusion-grid-column fusion-gallery-column fusion-gallery-column-4 hover-type-none\"><div class=\"fusion-gallery-image\"><a href=\"https:\/\/reos-hotel-allgaeu.de\/wangen\/wp-content\/uploads\/sites\/2\/2023\/09\/Reos_Hotel_Wangen_Chalet_Premium_Bad.jpg\" rel=\"noreferrer\" data-rel=\"iLightbox[gallery_image_1]\" class=\"fusion-lightbox\" target=\"_self\"><img decoding=\"async\" src=\"https:\/\/reos-hotel-allgaeu.de\/wangen\/wp-content\/uploads\/sites\/2\/2023\/09\/Reos_Hotel_Wangen_Chalet_Premium_Bad.jpg\" width=\"2000\" height=\"1333\" alt=\"Reos_Hotel_Wangen_Chalet_Premium_Bad\" title=\"Reos_Hotel_Wangen_Chalet_Premium_Bad\" aria-label=\"Reos_Hotel_Wangen_Chalet_Premium_Bad\" class=\"img-responsive wp-image-2970\" srcset=\"https:\/\/reos-hotel-allgaeu.de\/wangen\/wp-content\/uploads\/sites\/2\/2023\/09\/Reos_Hotel_Wangen_Chalet_Premium_Bad-200x133.jpg 200w, https:\/\/reos-hotel-allgaeu.de\/wangen\/wp-content\/uploads\/sites\/2\/2023\/09\/Reos_Hotel_Wangen_Chalet_Premium_Bad-400x267.jpg 400w, https:\/\/reos-hotel-allgaeu.de\/wangen\/wp-content\/uploads\/sites\/2\/2023\/09\/Reos_Hotel_Wangen_Chalet_Premium_Bad-600x400.jpg 600w, https:\/\/reos-hotel-allgaeu.de\/wangen\/wp-content\/uploads\/sites\/2\/2023\/09\/Reos_Hotel_Wangen_Chalet_Premium_Bad-800x533.jpg 800w, https:\/\/reos-hotel-allgaeu.de\/wangen\/wp-content\/uploads\/sites\/2\/2023\/09\/Reos_Hotel_Wangen_Chalet_Premium_Bad-1200x800.jpg 1200w, https:\/\/reos-hotel-allgaeu.de\/wangen\/wp-content\/uploads\/sites\/2\/2023\/09\/Reos_Hotel_Wangen_Chalet_Premium_Bad.jpg 2000w\" sizes=\"(min-width: 2200px) 100vw, (min-width: 856px) 341px, (min-width: 784px) 455px, (min-width: 712px) 682px, (min-width: 640px) 712px, \" \/><\/a><\/div><\/div><div style=\"padding:12.5px;\" class=\"fusion-grid-column fusion-gallery-column fusion-gallery-column-4 hover-type-none\"><div class=\"fusion-gallery-image\"><a href=\"https:\/\/reos-hotel-allgaeu.de\/wangen\/wp-content\/uploads\/sites\/2\/2023\/09\/Reos_Hotel_Wangen_Chalets_Premium_Zimmer.jpg\" rel=\"noreferrer\" data-rel=\"iLightbox[gallery_image_1]\" class=\"fusion-lightbox\" target=\"_self\"><img decoding=\"async\" src=\"https:\/\/reos-hotel-allgaeu.de\/wangen\/wp-content\/uploads\/sites\/2\/2023\/09\/Reos_Hotel_Wangen_Chalets_Premium_Zimmer.jpg\" width=\"2000\" height=\"1333\" alt=\"Reos_Hotel_Wangen_Chalets_Premium_Zimmer\" title=\"Reos_Hotel_Wangen_Chalets_Premium_Zimmer\" aria-label=\"Reos_Hotel_Wangen_Chalets_Premium_Zimmer\" class=\"img-responsive wp-image-2952\" srcset=\"https:\/\/reos-hotel-allgaeu.de\/wangen\/wp-content\/uploads\/sites\/2\/2023\/09\/Reos_Hotel_Wangen_Chalets_Premium_Zimmer-200x133.jpg 200w, https:\/\/reos-hotel-allgaeu.de\/wangen\/wp-content\/uploads\/sites\/2\/2023\/09\/Reos_Hotel_Wangen_Chalets_Premium_Zimmer-400x267.jpg 400w, https:\/\/reos-hotel-allgaeu.de\/wangen\/wp-content\/uploads\/sites\/2\/2023\/09\/Reos_Hotel_Wangen_Chalets_Premium_Zimmer-600x400.jpg 600w, https:\/\/reos-hotel-allgaeu.de\/wangen\/wp-content\/uploads\/sites\/2\/2023\/09\/Reos_Hotel_Wangen_Chalets_Premium_Zimmer-800x533.jpg 800w, https:\/\/reos-hotel-allgaeu.de\/wangen\/wp-content\/uploads\/sites\/2\/2023\/09\/Reos_Hotel_Wangen_Chalets_Premium_Zimmer-1200x800.jpg 1200w, https:\/\/reos-hotel-allgaeu.de\/wangen\/wp-content\/uploads\/sites\/2\/2023\/09\/Reos_Hotel_Wangen_Chalets_Premium_Zimmer.jpg 2000w\" sizes=\"(min-width: 2200px) 100vw, (min-width: 856px) 341px, (min-width: 784px) 455px, (min-width: 712px) 682px, (min-width: 640px) 712px, \" \/><\/a><\/div><\/div><div style=\"padding:12.5px;\" class=\"fusion-grid-column fusion-gallery-column fusion-gallery-column-4 hover-type-none\"><div class=\"fusion-gallery-image\"><a href=\"https:\/\/reos-hotel-allgaeu.de\/wangen\/wp-content\/uploads\/sites\/2\/2023\/09\/Reos_Hotel_Wangen_Chalet_Premium_Treppenhaus.jpg\" rel=\"noreferrer\" data-rel=\"iLightbox[gallery_image_1]\" class=\"fusion-lightbox\" target=\"_self\"><img decoding=\"async\" src=\"https:\/\/reos-hotel-allgaeu.de\/wangen\/wp-content\/uploads\/sites\/2\/2023\/09\/Reos_Hotel_Wangen_Chalet_Premium_Treppenhaus.jpg\" width=\"2000\" height=\"1334\" alt=\"Reos_Hotel_Wangen_Chalet_Premium_Treppenhaus\" title=\"Reos_Hotel_Wangen_Chalet_Premium_Treppenhaus\" aria-label=\"Reos_Hotel_Wangen_Chalet_Premium_Treppenhaus\" class=\"img-responsive wp-image-2975\" srcset=\"https:\/\/reos-hotel-allgaeu.de\/wangen\/wp-content\/uploads\/sites\/2\/2023\/09\/Reos_Hotel_Wangen_Chalet_Premium_Treppenhaus-200x133.jpg 200w, https:\/\/reos-hotel-allgaeu.de\/wangen\/wp-content\/uploads\/sites\/2\/2023\/09\/Reos_Hotel_Wangen_Chalet_Premium_Treppenhaus-400x267.jpg 400w, https:\/\/reos-hotel-allgaeu.de\/wangen\/wp-content\/uploads\/sites\/2\/2023\/09\/Reos_Hotel_Wangen_Chalet_Premium_Treppenhaus-600x400.jpg 600w, https:\/\/reos-hotel-allgaeu.de\/wangen\/wp-content\/uploads\/sites\/2\/2023\/09\/Reos_Hotel_Wangen_Chalet_Premium_Treppenhaus-800x534.jpg 800w, https:\/\/reos-hotel-allgaeu.de\/wangen\/wp-content\/uploads\/sites\/2\/2023\/09\/Reos_Hotel_Wangen_Chalet_Premium_Treppenhaus-1200x800.jpg 1200w, https:\/\/reos-hotel-allgaeu.de\/wangen\/wp-content\/uploads\/sites\/2\/2023\/09\/Reos_Hotel_Wangen_Chalet_Premium_Treppenhaus.jpg 2000w\" sizes=\"(min-width: 2200px) 100vw, (min-width: 856px) 341px, (min-width: 784px) 455px, (min-width: 712px) 682px, (min-width: 640px) 712px, \" \/><\/a><\/div><\/div><div style=\"padding:12.5px;\" class=\"fusion-grid-column fusion-gallery-column fusion-gallery-column-4 hover-type-none\"><div class=\"fusion-gallery-image\"><a href=\"https:\/\/reos-hotel-allgaeu.de\/wangen\/wp-content\/uploads\/sites\/2\/2023\/09\/Reos_Hotel_Wangen_Chalet_Premium_Schlafzimmer2.jpg\" rel=\"noreferrer\" data-rel=\"iLightbox[gallery_image_1]\" class=\"fusion-lightbox\" target=\"_self\"><img decoding=\"async\" src=\"https:\/\/reos-hotel-allgaeu.de\/wangen\/wp-content\/uploads\/sites\/2\/2023\/09\/Reos_Hotel_Wangen_Chalet_Premium_Schlafzimmer2.jpg\" width=\"2000\" height=\"1333\" alt=\"\" title=\"Reos_Hotel_Wangen_Chalet_Premium_Schlafzimmer2\" aria-label=\"Reos_Hotel_Wangen_Chalet_Premium_Schlafzimmer2\" class=\"img-responsive wp-image-2974\" srcset=\"https:\/\/reos-hotel-allgaeu.de\/wangen\/wp-content\/uploads\/sites\/2\/2023\/09\/Reos_Hotel_Wangen_Chalet_Premium_Schlafzimmer2-200x133.jpg 200w, https:\/\/reos-hotel-allgaeu.de\/wangen\/wp-content\/uploads\/sites\/2\/2023\/09\/Reos_Hotel_Wangen_Chalet_Premium_Schlafzimmer2-400x267.jpg 400w, https:\/\/reos-hotel-allgaeu.de\/wangen\/wp-content\/uploads\/sites\/2\/2023\/09\/Reos_Hotel_Wangen_Chalet_Premium_Schlafzimmer2-600x400.jpg 600w, https:\/\/reos-hotel-allgaeu.de\/wangen\/wp-content\/uploads\/sites\/2\/2023\/09\/Reos_Hotel_Wangen_Chalet_Premium_Schlafzimmer2-800x533.jpg 800w, https:\/\/reos-hotel-allgaeu.de\/wangen\/wp-content\/uploads\/sites\/2\/2023\/09\/Reos_Hotel_Wangen_Chalet_Premium_Schlafzimmer2-1200x800.jpg 1200w, https:\/\/reos-hotel-allgaeu.de\/wangen\/wp-content\/uploads\/sites\/2\/2023\/09\/Reos_Hotel_Wangen_Chalet_Premium_Schlafzimmer2.jpg 2000w\" sizes=\"(min-width: 2200px) 100vw, (min-width: 856px) 341px, (min-width: 784px) 455px, (min-width: 712px) 682px, (min-width: 640px) 712px, \" \/><\/a><\/div><\/div><div class=\"clearfix\"><\/div><\/div><\/div><\/div><\/div><div class=\"fusion-layout-column fusion_builder_column fusion-builder-column-3 fusion_builder_column_1_2 1_2 fusion-flex-column\" style=\"--awb-bg-size:cover;--awb-width-large:50%;--awb-margin-top-large:0px;--awb-spacing-right-large:15px;--awb-margin-bottom-large:20px;--awb-spacing-left-large:15px;--awb-width-medium:50%;--awb-order-medium:0;--awb-spacing-right-medium:15px;--awb-spacing-left-medium:15px;--awb-width-small:100%;--awb-order-small:0;--awb-spacing-right-small:15px;--awb-spacing-left-small:15px;\"><div class=\"fusion-column-wrapper fusion-column-has-shadow fusion-flex-justify-content-flex-start fusion-content-layout-column\"><\/div><\/div><div class=\"fusion-layout-column fusion_builder_column fusion-builder-column-4 fusion_builder_column_1_2 1_2 fusion-flex-column\" style=\"--awb-bg-size:cover;--awb-width-large:50%;--awb-margin-top-large:0px;--awb-spacing-right-large:15px;--awb-margin-bottom-large:20px;--awb-spacing-left-large:15px;--awb-width-medium:50%;--awb-order-medium:0;--awb-spacing-right-medium:15px;--awb-spacing-left-medium:15px;--awb-width-small:100%;--awb-order-small:0;--awb-spacing-right-small:15px;--awb-spacing-left-small:15px;\"><div class=\"fusion-column-wrapper fusion-column-has-shadow fusion-flex-justify-content-flex-start fusion-content-layout-column\"><ul style=\"--awb-size:18px;--awb-line-height:30.6px;--awb-icon-width:30.6px;--awb-icon-height:30.6px;--awb-icon-margin:12.6px;--awb-content-margin:43.2px;--awb-circlecolor:var(--awb-color4);--awb-circle-yes-font-size:15.84px;\" class=\"fusion-checklist fusion-checklist-1 fusion-checklist-default type-icons\"><li class=\"fusion-li-item\" style=\"\"><span class=\"icon-wrapper circle-yes\"><i class=\"fusion-li-icon fa-clock fas\" aria-hidden=\"true\"><\/i><\/span><div class=\"fusion-li-item-content\">\n<p data-pm-slice=\"1 1 &#091;&#093;\">Check-In von 15 Uhr bis 21.30 Uhr, sp\u00e4tere Check-In auf Anfrage<\/p>\n<\/div><\/li><li class=\"fusion-li-item\" style=\"\"><span class=\"icon-wrapper circle-yes\"><i class=\"fusion-li-icon fa-arrows-alt fas\" aria-hidden=\"true\"><\/i><\/span><div class=\"fusion-li-item-content\">30 m\u00b2 auf zwei Etagen<\/div><\/li><li class=\"fusion-li-item\" style=\"\"><span class=\"icon-wrapper circle-yes\"><i class=\"fusion-li-icon fa-bed fas\" aria-hidden=\"true\"><\/i><\/span><div class=\"fusion-li-item-content\">2 getrennte Schlafzimmer mit 1,40m franz\u00f6sisches Bett und 1,80m Doppelbett (auch als Twin m\u00f6glich)\u00a0<\/div><\/li><li class=\"fusion-li-item\" style=\"\"><span class=\"icon-wrapper circle-yes\"><i class=\"fusion-li-icon fa-shower fas\" aria-hidden=\"true\"><\/i><\/span><div class=\"fusion-li-item-content\">Bad mit Dusche &amp; WC<\/div><\/li><li class=\"fusion-li-item\" style=\"\"><span class=\"icon-wrapper circle-yes\"><i class=\"fusion-li-icon fa-wifi fas\" aria-hidden=\"true\"><\/i><\/span><div class=\"fusion-li-item-content\">\n<p>TV, WLAN, Haartrockner<\/p>\n<\/div><\/li><li class=\"fusion-li-item\" style=\"\"><span class=\"icon-wrapper circle-yes\"><i class=\"fusion-li-icon fa-plus fas\" aria-hidden=\"true\"><\/i><\/span><div class=\"fusion-li-item-content\">Ausgestattete Schreinerk\u00fcche, mit K\u00fchlschrank, Gefriere, Sp\u00fclmaschinem, Ofen, Herd<\/div><\/li><li class=\"fusion-li-item\" style=\"\"><span class=\"icon-wrapper circle-yes\"><i class=\"fusion-li-icon fa-couch fas\" aria-hidden=\"true\"><\/i><\/span><div class=\"fusion-li-item-content\">\n<p>Hauseigene Terrasse<\/p>\n<\/div><\/li><li class=\"fusion-li-item\" style=\"\"><span class=\"icon-wrapper circle-yes\"><i class=\"fusion-li-icon fa-paw fas\" aria-hidden=\"true\"><\/i><\/span><div class=\"fusion-li-item-content\">\n<p>Tiere sind willkommen<\/p>\n<\/div><\/li><li class=\"fusion-li-item\" style=\"\"><span class=\"icon-wrapper circle-yes\"><i class=\"fusion-li-icon fa-euro-sign fas\" aria-hidden=\"true\"><\/i><\/span><div class=\"fusion-li-item-content\">\n<p><strong>ab 170,\u2013 Euro pro Nacht<\/strong> (Verf\u00fcgbar f\u00fcr bis zu 4 Personen)<br \/>\nHunde erlaubt \u20ac 10,00 pro Nacht<\/p>\n<\/div><\/li><\/ul><div ><a class=\"fusion-button button-flat fusion-button-default-size button-default fusion-button-default button-1 fusion-button-default-span fusion-button-default-type\" style=\"--awb-margin-top:50px;\" target=\"_self\" href=\"https:\/\/reos-hotel-allgaeu.de\/wangen\/kontakt\/#kontaktformular\"><span class=\"fusion-button-text awb-button__text awb-button__text--default\">JETZT ANFRAGEN<\/span><\/a><\/div><\/div><\/div><\/div><\/div><div class=\"fusion-fullwidth fullwidth-box fusion-builder-row-4 fusion-flex-container has-pattern-background has-mask-background hundred-percent-fullwidth non-hundred-percent-height-scrolling fusion-no-small-visibility fusion-animated\" style=\"--awb-border-radius-top-left:0px;--awb-border-radius-top-right:0px;--awb-border-radius-bottom-right:0px;--awb-border-radius-bottom-left:0px;--awb-margin-top:100px;--awb-margin-bottom:-200px;--awb-flex-wrap:wrap;\" data-animationType=\"slideInLeft\" data-animationDuration=\"2.0\" data-animationOffset=\"top-into-view\" ><div class=\"fusion-builder-row fusion-row fusion-flex-align-items-flex-start fusion-flex-content-wrap\" style=\"width:calc( 100% + 30px ) !important;max-width:calc( 100% + 30px ) !important;margin-left: calc(-30px \/ 2 );margin-right: calc(-30px \/ 2 );\"><div class=\"fusion-layout-column fusion_builder_column fusion-builder-column-5 fusion_builder_column_1_1 1_1 fusion-flex-column\" style=\"--awb-bg-size:cover;--awb-width-large:100%;--awb-margin-top-large:0px;--awb-spacing-right-large:15px;--awb-margin-bottom-large:20px;--awb-spacing-left-large:15px;--awb-width-medium:100%;--awb-order-medium:0;--awb-spacing-right-medium:15px;--awb-spacing-left-medium:15px;--awb-width-small:100%;--awb-order-small:0;--awb-spacing-right-small:15px;--awb-spacing-left-small:15px;\"><div class=\"fusion-column-wrapper fusion-column-has-shadow fusion-flex-justify-content-flex-start fusion-content-layout-column\"><div class=\"fusion-text fusion-text-4\"><h4 style=\"text-align: right;\">DELUXE<\/h4>\n<\/div><\/div><\/div><\/div><\/div><div class=\"fusion-fullwidth fullwidth-box fusion-builder-row-5 fusion-flex-container has-pattern-background has-mask-background nonhundred-percent-fullwidth non-hundred-percent-height-scrolling\" style=\"--awb-background-position:left center;--awb-border-radius-top-left:0px;--awb-border-radius-top-right:0px;--awb-border-radius-bottom-right:0px;--awb-border-radius-bottom-left:0px;--awb-flex-wrap:wrap;\" ><div class=\"fusion-builder-row fusion-row fusion-flex-align-items-flex-end fusion-flex-justify-content-center fusion-flex-content-wrap\" style=\"max-width:calc( 1400px + 30px );margin-left: calc(-30px \/ 2 );margin-right: calc(-30px \/ 2 );\"><div class=\"fusion-layout-column fusion_builder_column fusion-builder-column-6 fusion_builder_column_1_1 1_1 fusion-flex-column\" style=\"--awb-bg-size:cover;--awb-width-large:100%;--awb-margin-top-large:0px;--awb-spacing-right-large:15px;--awb-margin-bottom-large:20px;--awb-spacing-left-large:15px;--awb-width-medium:100%;--awb-order-medium:0;--awb-spacing-right-medium:15px;--awb-spacing-left-medium:15px;--awb-width-small:100%;--awb-order-small:0;--awb-spacing-right-small:15px;--awb-spacing-left-small:15px;\"><div class=\"fusion-column-wrapper fusion-column-has-shadow fusion-flex-justify-content-flex-start fusion-content-layout-column\"><div class=\"fusion-text fusion-text-5\"><h1>CHALET DELUXE<\/h1>\n<\/div><div class=\"awb-gallery-wrapper awb-gallery-wrapper-2 button-span-no\" style=\"--more-btn-alignment:center;\"><div style=\"margin:-12px;--awb-bordersize:0px;\" class=\"fusion-gallery fusion-gallery-container fusion-grid-4 fusion-columns-total-8 fusion-gallery-layout-grid fusion-gallery-2\"><div style=\"padding:12.5px;\" class=\"fusion-grid-column fusion-gallery-column fusion-gallery-column-4 hover-type-none\"><div class=\"fusion-gallery-image\"><a href=\"https:\/\/reos-hotel-allgaeu.de\/wangen\/wp-content\/uploads\/sites\/2\/2023\/08\/Holzbau_Dingler_TH_Wangen_-40.jpg\" rel=\"noreferrer\" data-rel=\"iLightbox[gallery_image_2]\" class=\"fusion-lightbox\" target=\"_self\"><img decoding=\"async\" src=\"https:\/\/reos-hotel-allgaeu.de\/wangen\/wp-content\/uploads\/sites\/2\/2023\/08\/Holzbau_Dingler_TH_Wangen_-40.jpg\" width=\"2463\" height=\"1642\" alt=\"Reos_Hotel_Wangen_Chalet_Deluxe\" title=\"Reos_Hotel_Wangen_Chalet_Deluxe\" aria-label=\"Reos_Hotel_Wangen_Chalet_Deluxe\" class=\"img-responsive wp-image-2857\" srcset=\"https:\/\/reos-hotel-allgaeu.de\/wangen\/wp-content\/uploads\/sites\/2\/2023\/08\/Holzbau_Dingler_TH_Wangen_-40-200x133.jpg 200w, https:\/\/reos-hotel-allgaeu.de\/wangen\/wp-content\/uploads\/sites\/2\/2023\/08\/Holzbau_Dingler_TH_Wangen_-40-400x267.jpg 400w, https:\/\/reos-hotel-allgaeu.de\/wangen\/wp-content\/uploads\/sites\/2\/2023\/08\/Holzbau_Dingler_TH_Wangen_-40-600x400.jpg 600w, https:\/\/reos-hotel-allgaeu.de\/wangen\/wp-content\/uploads\/sites\/2\/2023\/08\/Holzbau_Dingler_TH_Wangen_-40-800x533.jpg 800w, https:\/\/reos-hotel-allgaeu.de\/wangen\/wp-content\/uploads\/sites\/2\/2023\/08\/Holzbau_Dingler_TH_Wangen_-40-1200x800.jpg 1200w, https:\/\/reos-hotel-allgaeu.de\/wangen\/wp-content\/uploads\/sites\/2\/2023\/08\/Holzbau_Dingler_TH_Wangen_-40.jpg 2463w\" sizes=\"(min-width: 2200px) 100vw, (min-width: 856px) 341px, (min-width: 784px) 455px, (min-width: 712px) 682px, (min-width: 640px) 712px, \" \/><\/a><\/div><\/div><div style=\"padding:12.5px;\" class=\"fusion-grid-column fusion-gallery-column fusion-gallery-column-4 hover-type-none\"><div class=\"fusion-gallery-image\"><a href=\"https:\/\/reos-hotel-allgaeu.de\/wangen\/wp-content\/uploads\/sites\/2\/2023\/09\/Reos_Hotel_Wangen_Chalet_Deluxe_Wohnzimmer2.jpg\" rel=\"noreferrer\" data-rel=\"iLightbox[gallery_image_2]\" class=\"fusion-lightbox\" target=\"_self\"><img decoding=\"async\" src=\"https:\/\/reos-hotel-allgaeu.de\/wangen\/wp-content\/uploads\/sites\/2\/2023\/09\/Reos_Hotel_Wangen_Chalet_Deluxe_Wohnzimmer2.jpg\" width=\"2000\" height=\"1333\" alt=\"Reos_Hotel_Wangen_Chalet_Deluxe_Wohnzimmer2\" title=\"Reos_Hotel_Wangen_Chalet_Deluxe_Wohnzimmer2\" aria-label=\"Reos_Hotel_Wangen_Chalet_Deluxe_Wohnzimmer2\" class=\"img-responsive wp-image-2969\" srcset=\"https:\/\/reos-hotel-allgaeu.de\/wangen\/wp-content\/uploads\/sites\/2\/2023\/09\/Reos_Hotel_Wangen_Chalet_Deluxe_Wohnzimmer2-200x133.jpg 200w, https:\/\/reos-hotel-allgaeu.de\/wangen\/wp-content\/uploads\/sites\/2\/2023\/09\/Reos_Hotel_Wangen_Chalet_Deluxe_Wohnzimmer2-400x267.jpg 400w, https:\/\/reos-hotel-allgaeu.de\/wangen\/wp-content\/uploads\/sites\/2\/2023\/09\/Reos_Hotel_Wangen_Chalet_Deluxe_Wohnzimmer2-600x400.jpg 600w, https:\/\/reos-hotel-allgaeu.de\/wangen\/wp-content\/uploads\/sites\/2\/2023\/09\/Reos_Hotel_Wangen_Chalet_Deluxe_Wohnzimmer2-800x533.jpg 800w, https:\/\/reos-hotel-allgaeu.de\/wangen\/wp-content\/uploads\/sites\/2\/2023\/09\/Reos_Hotel_Wangen_Chalet_Deluxe_Wohnzimmer2-1200x800.jpg 1200w, https:\/\/reos-hotel-allgaeu.de\/wangen\/wp-content\/uploads\/sites\/2\/2023\/09\/Reos_Hotel_Wangen_Chalet_Deluxe_Wohnzimmer2.jpg 2000w\" sizes=\"(min-width: 2200px) 100vw, (min-width: 856px) 341px, (min-width: 784px) 455px, (min-width: 712px) 682px, (min-width: 640px) 712px, \" \/><\/a><\/div><\/div><div style=\"padding:12.5px;\" class=\"fusion-grid-column fusion-gallery-column fusion-gallery-column-4 hover-type-none\"><div class=\"fusion-gallery-image\"><a href=\"https:\/\/reos-hotel-allgaeu.de\/wangen\/wp-content\/uploads\/sites\/2\/2023\/09\/Reos_Hotel_Wangen_Chalet_Deluxe_Bad.jpg\" rel=\"noreferrer\" data-rel=\"iLightbox[gallery_image_2]\" class=\"fusion-lightbox\" target=\"_self\"><img decoding=\"async\" src=\"https:\/\/reos-hotel-allgaeu.de\/wangen\/wp-content\/uploads\/sites\/2\/2023\/09\/Reos_Hotel_Wangen_Chalet_Deluxe_Bad.jpg\" width=\"2000\" height=\"1333\" alt=\"Reos_Hotel_Wangen_Chalet_Deluxe_Bad\" title=\"Reos_Hotel_Wangen_Chalet_Deluxe_Bad\" aria-label=\"Reos_Hotel_Wangen_Chalet_Deluxe_Bad\" class=\"img-responsive wp-image-2965\" srcset=\"https:\/\/reos-hotel-allgaeu.de\/wangen\/wp-content\/uploads\/sites\/2\/2023\/09\/Reos_Hotel_Wangen_Chalet_Deluxe_Bad-200x133.jpg 200w, https:\/\/reos-hotel-allgaeu.de\/wangen\/wp-content\/uploads\/sites\/2\/2023\/09\/Reos_Hotel_Wangen_Chalet_Deluxe_Bad-400x267.jpg 400w, https:\/\/reos-hotel-allgaeu.de\/wangen\/wp-content\/uploads\/sites\/2\/2023\/09\/Reos_Hotel_Wangen_Chalet_Deluxe_Bad-600x400.jpg 600w, https:\/\/reos-hotel-allgaeu.de\/wangen\/wp-content\/uploads\/sites\/2\/2023\/09\/Reos_Hotel_Wangen_Chalet_Deluxe_Bad-800x533.jpg 800w, https:\/\/reos-hotel-allgaeu.de\/wangen\/wp-content\/uploads\/sites\/2\/2023\/09\/Reos_Hotel_Wangen_Chalet_Deluxe_Bad-1200x800.jpg 1200w, https:\/\/reos-hotel-allgaeu.de\/wangen\/wp-content\/uploads\/sites\/2\/2023\/09\/Reos_Hotel_Wangen_Chalet_Deluxe_Bad.jpg 2000w\" sizes=\"(min-width: 2200px) 100vw, (min-width: 856px) 341px, (min-width: 784px) 455px, (min-width: 712px) 682px, (min-width: 640px) 712px, \" \/><\/a><\/div><\/div><div style=\"padding:12.5px;\" class=\"fusion-grid-column fusion-gallery-column fusion-gallery-column-4 hover-type-none\"><div class=\"fusion-gallery-image\"><a href=\"https:\/\/reos-hotel-allgaeu.de\/wangen\/wp-content\/uploads\/sites\/2\/2023\/09\/Reos_Hotel_Wangen_Chalet_Deluxe_Terrasse.png\" rel=\"noreferrer\" data-rel=\"iLightbox[gallery_image_2]\" class=\"fusion-lightbox\" target=\"_self\"><img decoding=\"async\" src=\"https:\/\/reos-hotel-allgaeu.de\/wangen\/wp-content\/uploads\/sites\/2\/2023\/09\/Reos_Hotel_Wangen_Chalet_Deluxe_Terrasse.png\" width=\"2000\" height=\"1333\" alt=\"Reos_Hotel_Wangen_Chalet_Deluxe_Terrasse\" title=\"Reos_Hotel_Wangen_Chalet_Deluxe_Terrasse\" aria-label=\"Reos_Hotel_Wangen_Chalet_Deluxe_Terrasse\" class=\"img-responsive wp-image-2985\" srcset=\"https:\/\/reos-hotel-allgaeu.de\/wangen\/wp-content\/uploads\/sites\/2\/2023\/09\/Reos_Hotel_Wangen_Chalet_Deluxe_Terrasse-200x133.png 200w, https:\/\/reos-hotel-allgaeu.de\/wangen\/wp-content\/uploads\/sites\/2\/2023\/09\/Reos_Hotel_Wangen_Chalet_Deluxe_Terrasse-400x267.png 400w, https:\/\/reos-hotel-allgaeu.de\/wangen\/wp-content\/uploads\/sites\/2\/2023\/09\/Reos_Hotel_Wangen_Chalet_Deluxe_Terrasse-600x400.png 600w, https:\/\/reos-hotel-allgaeu.de\/wangen\/wp-content\/uploads\/sites\/2\/2023\/09\/Reos_Hotel_Wangen_Chalet_Deluxe_Terrasse-800x533.png 800w, https:\/\/reos-hotel-allgaeu.de\/wangen\/wp-content\/uploads\/sites\/2\/2023\/09\/Reos_Hotel_Wangen_Chalet_Deluxe_Terrasse-1200x800.png 1200w, https:\/\/reos-hotel-allgaeu.de\/wangen\/wp-content\/uploads\/sites\/2\/2023\/09\/Reos_Hotel_Wangen_Chalet_Deluxe_Terrasse.png 2000w\" sizes=\"(min-width: 2200px) 100vw, (min-width: 856px) 341px, (min-width: 784px) 455px, (min-width: 712px) 682px, (min-width: 640px) 712px, \" \/><\/a><\/div><\/div><div class=\"clearfix\"><\/div><div style=\"padding:12.5px;\" class=\"fusion-grid-column fusion-gallery-column fusion-gallery-column-4 hover-type-none\"><div class=\"fusion-gallery-image\"><a href=\"https:\/\/reos-hotel-allgaeu.de\/wangen\/wp-content\/uploads\/sites\/2\/2023\/08\/Holzbau_Dingler_TH_Wangen_-31.jpg\" rel=\"noreferrer\" data-rel=\"iLightbox[gallery_image_2]\" class=\"fusion-lightbox\" target=\"_self\"><img decoding=\"async\" src=\"https:\/\/reos-hotel-allgaeu.de\/wangen\/wp-content\/uploads\/sites\/2\/2023\/08\/Holzbau_Dingler_TH_Wangen_-31.jpg\" width=\"2340\" height=\"1560\" alt=\"Reos_Hotel_Wangen_Chalet_Deluxe_Esszimmer1\" title=\"Reos_Hotel_Wangen_Chalet_Deluxe_Esszimmer1\" aria-label=\"Reos_Hotel_Wangen_Chalet_Deluxe_Esszimmer1\" class=\"img-responsive wp-image-2854\" srcset=\"https:\/\/reos-hotel-allgaeu.de\/wangen\/wp-content\/uploads\/sites\/2\/2023\/08\/Holzbau_Dingler_TH_Wangen_-31-200x133.jpg 200w, https:\/\/reos-hotel-allgaeu.de\/wangen\/wp-content\/uploads\/sites\/2\/2023\/08\/Holzbau_Dingler_TH_Wangen_-31-400x267.jpg 400w, https:\/\/reos-hotel-allgaeu.de\/wangen\/wp-content\/uploads\/sites\/2\/2023\/08\/Holzbau_Dingler_TH_Wangen_-31-600x400.jpg 600w, https:\/\/reos-hotel-allgaeu.de\/wangen\/wp-content\/uploads\/sites\/2\/2023\/08\/Holzbau_Dingler_TH_Wangen_-31-800x533.jpg 800w, https:\/\/reos-hotel-allgaeu.de\/wangen\/wp-content\/uploads\/sites\/2\/2023\/08\/Holzbau_Dingler_TH_Wangen_-31-1200x800.jpg 1200w, https:\/\/reos-hotel-allgaeu.de\/wangen\/wp-content\/uploads\/sites\/2\/2023\/08\/Holzbau_Dingler_TH_Wangen_-31.jpg 2340w\" sizes=\"(min-width: 2200px) 100vw, (min-width: 856px) 341px, (min-width: 784px) 455px, (min-width: 712px) 682px, (min-width: 640px) 712px, \" \/><\/a><\/div><\/div><div style=\"padding:12.5px;\" class=\"fusion-grid-column fusion-gallery-column fusion-gallery-column-4 hover-type-none\"><div class=\"fusion-gallery-image\"><a href=\"https:\/\/reos-hotel-allgaeu.de\/wangen\/wp-content\/uploads\/sites\/2\/2023\/09\/Reos_Hotel_Wangen_Chalet_Deluxe_Schlafzimmer2.jpg\" rel=\"noreferrer\" data-rel=\"iLightbox[gallery_image_2]\" class=\"fusion-lightbox\" target=\"_self\"><img decoding=\"async\" src=\"https:\/\/reos-hotel-allgaeu.de\/wangen\/wp-content\/uploads\/sites\/2\/2023\/09\/Reos_Hotel_Wangen_Chalet_Deluxe_Schlafzimmer2.jpg\" width=\"2000\" height=\"1333\" alt=\"Reos_Hotel_Wangen_Chalet_Deluxe_Schlafzimmer2\" title=\"Reos_Hotel_Wangen_Chalet_Deluxe_Schlafzimmer2\" aria-label=\"Reos_Hotel_Wangen_Chalet_Deluxe_Schlafzimmer2\" class=\"img-responsive wp-image-2968\" srcset=\"https:\/\/reos-hotel-allgaeu.de\/wangen\/wp-content\/uploads\/sites\/2\/2023\/09\/Reos_Hotel_Wangen_Chalet_Deluxe_Schlafzimmer2-200x133.jpg 200w, https:\/\/reos-hotel-allgaeu.de\/wangen\/wp-content\/uploads\/sites\/2\/2023\/09\/Reos_Hotel_Wangen_Chalet_Deluxe_Schlafzimmer2-400x267.jpg 400w, https:\/\/reos-hotel-allgaeu.de\/wangen\/wp-content\/uploads\/sites\/2\/2023\/09\/Reos_Hotel_Wangen_Chalet_Deluxe_Schlafzimmer2-600x400.jpg 600w, https:\/\/reos-hotel-allgaeu.de\/wangen\/wp-content\/uploads\/sites\/2\/2023\/09\/Reos_Hotel_Wangen_Chalet_Deluxe_Schlafzimmer2-800x533.jpg 800w, https:\/\/reos-hotel-allgaeu.de\/wangen\/wp-content\/uploads\/sites\/2\/2023\/09\/Reos_Hotel_Wangen_Chalet_Deluxe_Schlafzimmer2-1200x800.jpg 1200w, https:\/\/reos-hotel-allgaeu.de\/wangen\/wp-content\/uploads\/sites\/2\/2023\/09\/Reos_Hotel_Wangen_Chalet_Deluxe_Schlafzimmer2.jpg 2000w\" sizes=\"(min-width: 2200px) 100vw, (min-width: 856px) 341px, (min-width: 784px) 455px, (min-width: 712px) 682px, (min-width: 640px) 712px, \" \/><\/a><\/div><\/div><div style=\"padding:12.5px;\" class=\"fusion-grid-column fusion-gallery-column fusion-gallery-column-4 hover-type-none\"><div class=\"fusion-gallery-image\"><a href=\"https:\/\/reos-hotel-allgaeu.de\/wangen\/wp-content\/uploads\/sites\/2\/2023\/08\/Holzbau_Dingler_TH_Wangen_-32.jpg\" rel=\"noreferrer\" data-rel=\"iLightbox[gallery_image_2]\" class=\"fusion-lightbox\" target=\"_self\"><img decoding=\"async\" src=\"https:\/\/reos-hotel-allgaeu.de\/wangen\/wp-content\/uploads\/sites\/2\/2023\/08\/Holzbau_Dingler_TH_Wangen_-32.jpg\" width=\"2469\" height=\"1646\" alt=\"Reos_Hotel_Wangen_Chalet_Deluxe_Schlafzimmer\" title=\"Reos_Hotel_Wangen_Chalet_Deluxe_Schlafzimmer\" aria-label=\"Reos_Hotel_Wangen_Chalet_Deluxe_Schlafzimmer\" class=\"img-responsive wp-image-2855\" srcset=\"https:\/\/reos-hotel-allgaeu.de\/wangen\/wp-content\/uploads\/sites\/2\/2023\/08\/Holzbau_Dingler_TH_Wangen_-32-200x133.jpg 200w, https:\/\/reos-hotel-allgaeu.de\/wangen\/wp-content\/uploads\/sites\/2\/2023\/08\/Holzbau_Dingler_TH_Wangen_-32-400x267.jpg 400w, https:\/\/reos-hotel-allgaeu.de\/wangen\/wp-content\/uploads\/sites\/2\/2023\/08\/Holzbau_Dingler_TH_Wangen_-32-600x400.jpg 600w, https:\/\/reos-hotel-allgaeu.de\/wangen\/wp-content\/uploads\/sites\/2\/2023\/08\/Holzbau_Dingler_TH_Wangen_-32-800x533.jpg 800w, https:\/\/reos-hotel-allgaeu.de\/wangen\/wp-content\/uploads\/sites\/2\/2023\/08\/Holzbau_Dingler_TH_Wangen_-32-1200x800.jpg 1200w, https:\/\/reos-hotel-allgaeu.de\/wangen\/wp-content\/uploads\/sites\/2\/2023\/08\/Holzbau_Dingler_TH_Wangen_-32.jpg 2469w\" sizes=\"(min-width: 2200px) 100vw, (min-width: 856px) 341px, (min-width: 784px) 455px, (min-width: 712px) 682px, (min-width: 640px) 712px, \" \/><\/a><\/div><\/div><div style=\"padding:12.5px;\" class=\"fusion-grid-column fusion-gallery-column fusion-gallery-column-4 hover-type-none\"><div class=\"fusion-gallery-image\"><a href=\"https:\/\/reos-hotel-allgaeu.de\/wangen\/wp-content\/uploads\/sites\/2\/2023\/09\/Reos_Hotel_Wangen_Chalet_Deluxe_Lounge.jpg\" rel=\"noreferrer\" data-rel=\"iLightbox[gallery_image_2]\" class=\"fusion-lightbox\" target=\"_self\"><img decoding=\"async\" src=\"https:\/\/reos-hotel-allgaeu.de\/wangen\/wp-content\/uploads\/sites\/2\/2023\/09\/Reos_Hotel_Wangen_Chalet_Deluxe_Lounge.jpg\" width=\"2000\" height=\"1334\" alt=\"Reos_Hotel_Wangen_Chalet_Deluxe_Lounge\" title=\"Reos_Hotel_Wangen_Chalet_Deluxe_Lounge\" aria-label=\"Reos_Hotel_Wangen_Chalet_Deluxe_Lounge\" class=\"img-responsive wp-image-2967\" srcset=\"https:\/\/reos-hotel-allgaeu.de\/wangen\/wp-content\/uploads\/sites\/2\/2023\/09\/Reos_Hotel_Wangen_Chalet_Deluxe_Lounge-200x133.jpg 200w, https:\/\/reos-hotel-allgaeu.de\/wangen\/wp-content\/uploads\/sites\/2\/2023\/09\/Reos_Hotel_Wangen_Chalet_Deluxe_Lounge-400x267.jpg 400w, https:\/\/reos-hotel-allgaeu.de\/wangen\/wp-content\/uploads\/sites\/2\/2023\/09\/Reos_Hotel_Wangen_Chalet_Deluxe_Lounge-600x400.jpg 600w, https:\/\/reos-hotel-allgaeu.de\/wangen\/wp-content\/uploads\/sites\/2\/2023\/09\/Reos_Hotel_Wangen_Chalet_Deluxe_Lounge-800x534.jpg 800w, https:\/\/reos-hotel-allgaeu.de\/wangen\/wp-content\/uploads\/sites\/2\/2023\/09\/Reos_Hotel_Wangen_Chalet_Deluxe_Lounge-1200x800.jpg 1200w, https:\/\/reos-hotel-allgaeu.de\/wangen\/wp-content\/uploads\/sites\/2\/2023\/09\/Reos_Hotel_Wangen_Chalet_Deluxe_Lounge.jpg 2000w\" sizes=\"(min-width: 2200px) 100vw, (min-width: 856px) 341px, (min-width: 784px) 455px, (min-width: 712px) 682px, (min-width: 640px) 712px, \" \/><\/a><\/div><\/div><div class=\"clearfix\"><\/div><\/div><\/div><\/div><\/div><div class=\"fusion-layout-column fusion_builder_column fusion-builder-column-7 fusion_builder_column_1_2 1_2 fusion-flex-column\" style=\"--awb-bg-size:cover;--awb-width-large:50%;--awb-margin-top-large:0px;--awb-spacing-right-large:15px;--awb-margin-bottom-large:20px;--awb-spacing-left-large:15px;--awb-width-medium:50%;--awb-order-medium:0;--awb-spacing-right-medium:15px;--awb-spacing-left-medium:15px;--awb-width-small:100%;--awb-order-small:0;--awb-spacing-right-small:15px;--awb-spacing-left-small:15px;\"><div class=\"fusion-column-wrapper fusion-column-has-shadow fusion-flex-justify-content-flex-start fusion-content-layout-column\"><\/div><\/div><div class=\"fusion-layout-column fusion_builder_column fusion-builder-column-8 fusion_builder_column_1_2 1_2 fusion-flex-column\" style=\"--awb-bg-size:cover;--awb-width-large:50%;--awb-margin-top-large:0px;--awb-spacing-right-large:15px;--awb-margin-bottom-large:20px;--awb-spacing-left-large:15px;--awb-width-medium:50%;--awb-order-medium:0;--awb-spacing-right-medium:15px;--awb-spacing-left-medium:15px;--awb-width-small:100%;--awb-order-small:0;--awb-spacing-right-small:15px;--awb-spacing-left-small:15px;\"><div class=\"fusion-column-wrapper fusion-column-has-shadow fusion-flex-justify-content-flex-start fusion-content-layout-column\"><ul style=\"--awb-size:18px;--awb-line-height:30.6px;--awb-icon-width:30.6px;--awb-icon-height:30.6px;--awb-icon-margin:12.6px;--awb-content-margin:43.2px;--awb-circlecolor:var(--awb-color4);--awb-circle-yes-font-size:15.84px;\" class=\"fusion-checklist fusion-checklist-2 fusion-checklist-default type-icons\"><li class=\"fusion-li-item\" style=\"\"><span class=\"icon-wrapper circle-yes\"><i class=\"fusion-li-icon fa-clock fas\" aria-hidden=\"true\"><\/i><\/span><div class=\"fusion-li-item-content\">\n<p data-pm-slice=\"1 1 &#091;&#093;\">Check-In von 15 Uhr bis 21.30 Uhr, sp\u00e4tere Check-In auf Anfrage<\/p>\n<\/div><\/li><li class=\"fusion-li-item\" style=\"\"><span class=\"icon-wrapper circle-yes\"><i class=\"fusion-li-icon fa-arrows-alt fas\" aria-hidden=\"true\"><\/i><\/span><div class=\"fusion-li-item-content\">60 m\u00b2 auf zwei Etagen<\/div><\/li><li class=\"fusion-li-item\" style=\"\"><span class=\"icon-wrapper circle-yes\"><i class=\"fusion-li-icon fa-bed fas\" aria-hidden=\"true\"><\/i><\/span><div class=\"fusion-li-item-content\">2 getrennte Schlafzimmer mit 1,80m Betten (auch als Twin m\u00f6glich) sowie ausziehbarer Schlafcouch 1,60m f\u00fcr 2 Personen<\/div><\/li><li class=\"fusion-li-item\" style=\"\"><span class=\"icon-wrapper circle-yes\"><i class=\"fusion-li-icon fa-shower fas\" aria-hidden=\"true\"><\/i><\/span><div class=\"fusion-li-item-content\">Bad mit Dusche &amp; WC<\/div><\/li><li class=\"fusion-li-item\" style=\"\"><span class=\"icon-wrapper circle-yes\"><i class=\"fusion-li-icon fa-wifi fas\" aria-hidden=\"true\"><\/i><\/span><div class=\"fusion-li-item-content\">\n<p>TV, WLAN, Haartrockner, Waschtrockner<\/p>\n<\/div><\/li><li class=\"fusion-li-item\" style=\"\"><span class=\"icon-wrapper circle-yes\"><i class=\"fusion-li-icon fa-plus fas\" aria-hidden=\"true\"><\/i><\/span><div class=\"fusion-li-item-content\">Ausgestattete Schreinerk\u00fcche, mit K\u00fchlschrank, Gefriere, Sp\u00fclmaschinem, Ofen, Herd<\/div><\/li><li class=\"fusion-li-item\" style=\"\"><span class=\"icon-wrapper circle-yes\"><i class=\"fusion-li-icon fa-couch fas\" aria-hidden=\"true\"><\/i><\/span><div class=\"fusion-li-item-content\">Hauseigene Terrasse<\/div><\/li><li class=\"fusion-li-item\" style=\"\"><span class=\"icon-wrapper circle-yes\"><i class=\"fusion-li-icon fa-paw fas\" aria-hidden=\"true\"><\/i><\/span><div class=\"fusion-li-item-content\">\n<p>Tiere sind willkommen<\/p>\n<\/div><\/li><li class=\"fusion-li-item\" style=\"\"><span class=\"icon-wrapper circle-yes\"><i class=\"fusion-li-icon fa-euro-sign fas\" aria-hidden=\"true\"><\/i><\/span><div class=\"fusion-li-item-content\">\n<p><strong>ab 200,\u2013 Euro pro Nacht<\/strong> (Verf\u00fcgbar f\u00fcr bis zu 6 Personen)<br \/>\nHunde erlaubt \u20ac 10,00 pro Nacht<\/p>\n<\/div><\/li><\/ul><div ><a class=\"fusion-button button-flat fusion-button-default-size button-default fusion-button-default button-2 fusion-button-default-span fusion-button-default-type\" style=\"--awb-margin-top:50px;\" target=\"_self\" href=\"https:\/\/reos-hotel-allgaeu.de\/wangen\/kontakt\/#kontaktformular\"><span class=\"fusion-button-text awb-button__text awb-button__text--default\">JETZT ANFRAGEN<\/span><\/a><\/div><\/div><\/div><\/div><\/div><div class=\"fusion-fullwidth fullwidth-box fusion-builder-row-6 fusion-flex-container has-pattern-background has-mask-background fusion-parallax-none nonhundred-percent-fullwidth non-hundred-percent-height-scrolling\" style=\"--awb-background-position:left center;--awb-border-radius-top-left:0px;--awb-border-radius-top-right:0px;--awb-border-radius-bottom-right:0px;--awb-border-radius-bottom-left:0px;--awb-margin-top:100px;--awb-background-image:url(&quot;https:\/\/reos-hotel-allgaeu.de\/wp-content\/uploads\/reos_doppelr_grafik_5.svg&quot;);--awb-background-size:cover;--awb-flex-wrap:wrap;\" ><div class=\"fusion-builder-row fusion-row fusion-flex-align-items-flex-start fusion-flex-content-wrap\" style=\"max-width:calc( 1400px + 30px );margin-left: calc(-30px \/ 2 );margin-right: calc(-30px \/ 2 );\"><div class=\"fusion-layout-column fusion_builder_column fusion-builder-column-9 fusion_builder_column_2_3 2_3 fusion-flex-column\" style=\"--awb-bg-size:cover;--awb-width-large:66.6666666667%;--awb-margin-top-large:0px;--awb-spacing-right-large:15px;--awb-margin-bottom-large:20px;--awb-spacing-left-large:15px;--awb-width-medium:66.6666666667%;--awb-order-medium:0;--awb-spacing-right-medium:15px;--awb-spacing-left-medium:15px;--awb-width-small:100%;--awb-order-small:0;--awb-spacing-right-small:15px;--awb-spacing-left-small:15px;\"><div class=\"fusion-column-wrapper fusion-column-has-shadow fusion-flex-justify-content-flex-start fusion-content-layout-column\"><div class=\"fusion-text fusion-text-6\"><p><strong>Das tierfreundliche Hotel mit modernem Flair und gem\u00fctlichen Chalets<\/strong><\/p>\n<p>Sie m\u00f6chten Ihren Urlaub mit Ihrem vierbeinigen Freund verbringen? &#8211; Kein Problem, im Reos Hotel Wangen sind Ihre Begleiter auf vier Pfoten herzlich willkommen. Wir bieten Ihnen komfortable Chalets mit viel Platz f\u00fcr Sie und Ihren Liebling.<\/p>\n<p>F\u00fcr Ihren Begleiter berechnen wir einen Aufpreis von \u20ac 10,00 pro Begleiter und Nacht. Bitte teilen Sie uns bei der Buchung mit, ob Sie mit einem Haustier anreisen, damit wir alles f\u00fcr Sie vorbereiten k\u00f6nnen.<\/p>\n<p>Wir freuen uns auf Ihren Besuch im Reos Hotel Wangen, dem tierfreundlichen Hotel in der Region.<\/p>\n<\/div><\/div><\/div><\/div><\/div><\/p>\n","protected":false},"excerpt":{"rendered":"","protected":false},"author":3,"featured_media":2860,"parent":0,"menu_order":0,"comment_status":"closed","ping_status":"closed","template":"100-width.php","meta":{"footnotes":""},"class_list":["post-3061","page","type-page","status-publish","has-post-thumbnail","hentry"],"yoast_head":"<!-- This site is optimized with the Yoast SEO plugin v27.4 - https:\/\/yoast.com\/product\/yoast-seo-wordpress\/ -->\n<title>Chalets - Gebr\u00fcder Reo Hotel GmbH - Wangen im Allg\u00e4u<\/title>\n<meta name=\"description\" content=\"Erleben Sie das besondere Chalets im REOS HOTEL Wangen: individuell gestaltet, tierfreundlich, mit Terrasse. Ruhe und Natur im Allg\u00e4u-Bodensee-Oberschwaben inklusive.\" \/>\n<meta name=\"robots\" content=\"index, follow, max-snippet:-1, max-image-preview:large, max-video-preview:-1\" \/>\n<link rel=\"canonical\" href=\"https:\/\/reos-hotel-allgaeu.de\/wangen\/chalets\/\" \/>\n<meta property=\"og:locale\" content=\"de_DE\" \/>\n<meta property=\"og:type\" content=\"article\" \/>\n<meta property=\"og:title\" content=\"Chalets - Gebr\u00fcder Reo Hotel GmbH - Wangen im Allg\u00e4u\" \/>\n<meta property=\"og:description\" content=\"Erleben Sie das besondere Chalets im REOS HOTEL Wangen: individuell gestaltet, tierfreundlich, mit Terrasse. Ruhe und Natur im Allg\u00e4u-Bodensee-Oberschwaben inklusive.\" \/>\n<meta property=\"og:url\" content=\"https:\/\/reos-hotel-allgaeu.de\/wangen\/chalets\/\" \/>\n<meta property=\"og:site_name\" content=\"Gebr\u00fcder Reo Hotel GmbH - Wangen im Allg\u00e4u\" \/>\n<meta property=\"article:modified_time\" content=\"2025-03-28T11:09:20+00:00\" \/>\n<meta property=\"og:image\" content=\"https:\/\/reos-hotel-allgaeu.de\/wangen\/wp-content\/uploads\/sites\/2\/2023\/08\/Holzbau_Dingler_TH_Wangen_-78.jpg\" \/>\n\t<meta property=\"og:image:width\" content=\"2471\" \/>\n\t<meta property=\"og:image:height\" content=\"1647\" \/>\n\t<meta property=\"og:image:type\" content=\"image\/jpeg\" \/>\n<meta name=\"twitter:card\" content=\"summary_large_image\" \/>\n<meta name=\"twitter:label1\" content=\"Gesch\u00e4tzte Lesezeit\" \/>\n\t<meta name=\"twitter:data1\" content=\"13\u00a0Minuten\" \/>\n<script type=\"application\/ld+json\" class=\"yoast-schema-graph\">{\"@context\":\"https:\\\/\\\/schema.org\",\"@graph\":[{\"@type\":\"WebPage\",\"@id\":\"https:\\\/\\\/reos-hotel-allgaeu.de\\\/wangen\\\/chalets\\\/\",\"url\":\"https:\\\/\\\/reos-hotel-allgaeu.de\\\/wangen\\\/chalets\\\/\",\"name\":\"Chalets - Gebr\u00fcder Reo Hotel GmbH - Wangen im Allg\u00e4u\",\"isPartOf\":{\"@id\":\"https:\\\/\\\/reos-hotel-allgaeu.de\\\/wangen\\\/#website\"},\"primaryImageOfPage\":{\"@id\":\"https:\\\/\\\/reos-hotel-allgaeu.de\\\/wangen\\\/chalets\\\/#primaryimage\"},\"image\":{\"@id\":\"https:\\\/\\\/reos-hotel-allgaeu.de\\\/wangen\\\/chalets\\\/#primaryimage\"},\"thumbnailUrl\":\"https:\\\/\\\/reos-hotel-allgaeu.de\\\/wangen\\\/wp-content\\\/uploads\\\/sites\\\/2\\\/2023\\\/08\\\/Holzbau_Dingler_TH_Wangen_-78.jpg\",\"datePublished\":\"2023-08-01T08:00:34+00:00\",\"dateModified\":\"2025-03-28T11:09:20+00:00\",\"description\":\"Erleben Sie das besondere Chalets im REOS HOTEL Wangen: individuell gestaltet, tierfreundlich, mit Terrasse. Ruhe und Natur im Allg\u00e4u-Bodensee-Oberschwaben inklusive.\",\"breadcrumb\":{\"@id\":\"https:\\\/\\\/reos-hotel-allgaeu.de\\\/wangen\\\/chalets\\\/#breadcrumb\"},\"inLanguage\":\"de\",\"potentialAction\":[{\"@type\":\"ReadAction\",\"target\":[\"https:\\\/\\\/reos-hotel-allgaeu.de\\\/wangen\\\/chalets\\\/\"]}]},{\"@type\":\"ImageObject\",\"inLanguage\":\"de\",\"@id\":\"https:\\\/\\\/reos-hotel-allgaeu.de\\\/wangen\\\/chalets\\\/#primaryimage\",\"url\":\"https:\\\/\\\/reos-hotel-allgaeu.de\\\/wangen\\\/wp-content\\\/uploads\\\/sites\\\/2\\\/2023\\\/08\\\/Holzbau_Dingler_TH_Wangen_-78.jpg\",\"contentUrl\":\"https:\\\/\\\/reos-hotel-allgaeu.de\\\/wangen\\\/wp-content\\\/uploads\\\/sites\\\/2\\\/2023\\\/08\\\/Holzbau_Dingler_TH_Wangen_-78.jpg\",\"width\":2471,\"height\":1647,\"caption\":\"Reos_Hotel_Wangen_Chalets\"},{\"@type\":\"BreadcrumbList\",\"@id\":\"https:\\\/\\\/reos-hotel-allgaeu.de\\\/wangen\\\/chalets\\\/#breadcrumb\",\"itemListElement\":[{\"@type\":\"ListItem\",\"position\":1,\"name\":\"Startseite\",\"item\":\"https:\\\/\\\/reos-hotel-allgaeu.de\\\/wangen\\\/\"},{\"@type\":\"ListItem\",\"position\":2,\"name\":\"Chalets\"}]},{\"@type\":\"WebSite\",\"@id\":\"https:\\\/\\\/reos-hotel-allgaeu.de\\\/wangen\\\/#website\",\"url\":\"https:\\\/\\\/reos-hotel-allgaeu.de\\\/wangen\\\/\",\"name\":\"Gebr\u00fcder Reo Hotel GmbH - Wangen im Allg\u00e4u\",\"description\":\"\",\"potentialAction\":[{\"@type\":\"SearchAction\",\"target\":{\"@type\":\"EntryPoint\",\"urlTemplate\":\"https:\\\/\\\/reos-hotel-allgaeu.de\\\/wangen\\\/?s={search_term_string}\"},\"query-input\":{\"@type\":\"PropertyValueSpecification\",\"valueRequired\":true,\"valueName\":\"search_term_string\"}}],\"inLanguage\":\"de\"}]}<\/script>\n<!-- \/ Yoast SEO plugin. -->","yoast_head_json":{"title":"Chalets - Gebr\u00fcder Reo Hotel GmbH - Wangen im Allg\u00e4u","description":"Erleben Sie das besondere Chalets im REOS HOTEL Wangen: individuell gestaltet, tierfreundlich, mit Terrasse. Ruhe und Natur im Allg\u00e4u-Bodensee-Oberschwaben inklusive.","robots":{"index":"index","follow":"follow","max-snippet":"max-snippet:-1","max-image-preview":"max-image-preview:large","max-video-preview":"max-video-preview:-1"},"canonical":"https:\/\/reos-hotel-allgaeu.de\/wangen\/chalets\/","og_locale":"de_DE","og_type":"article","og_title":"Chalets - Gebr\u00fcder Reo Hotel GmbH - Wangen im Allg\u00e4u","og_description":"Erleben Sie das besondere Chalets im REOS HOTEL Wangen: individuell gestaltet, tierfreundlich, mit Terrasse. Ruhe und Natur im Allg\u00e4u-Bodensee-Oberschwaben inklusive.","og_url":"https:\/\/reos-hotel-allgaeu.de\/wangen\/chalets\/","og_site_name":"Gebr\u00fcder Reo Hotel GmbH - Wangen im Allg\u00e4u","article_modified_time":"2025-03-28T11:09:20+00:00","og_image":[{"width":2471,"height":1647,"url":"https:\/\/reos-hotel-allgaeu.de\/wangen\/wp-content\/uploads\/sites\/2\/2023\/08\/Holzbau_Dingler_TH_Wangen_-78.jpg","type":"image\/jpeg"}],"twitter_card":"summary_large_image","twitter_misc":{"Gesch\u00e4tzte Lesezeit":"13\u00a0Minuten"},"schema":{"@context":"https:\/\/schema.org","@graph":[{"@type":"WebPage","@id":"https:\/\/reos-hotel-allgaeu.de\/wangen\/chalets\/","url":"https:\/\/reos-hotel-allgaeu.de\/wangen\/chalets\/","name":"Chalets - Gebr\u00fcder Reo Hotel GmbH - Wangen im Allg\u00e4u","isPartOf":{"@id":"https:\/\/reos-hotel-allgaeu.de\/wangen\/#website"},"primaryImageOfPage":{"@id":"https:\/\/reos-hotel-allgaeu.de\/wangen\/chalets\/#primaryimage"},"image":{"@id":"https:\/\/reos-hotel-allgaeu.de\/wangen\/chalets\/#primaryimage"},"thumbnailUrl":"https:\/\/reos-hotel-allgaeu.de\/wangen\/wp-content\/uploads\/sites\/2\/2023\/08\/Holzbau_Dingler_TH_Wangen_-78.jpg","datePublished":"2023-08-01T08:00:34+00:00","dateModified":"2025-03-28T11:09:20+00:00","description":"Erleben Sie das besondere Chalets im REOS HOTEL Wangen: individuell gestaltet, tierfreundlich, mit Terrasse. Ruhe und Natur im Allg\u00e4u-Bodensee-Oberschwaben inklusive.","breadcrumb":{"@id":"https:\/\/reos-hotel-allgaeu.de\/wangen\/chalets\/#breadcrumb"},"inLanguage":"de","potentialAction":[{"@type":"ReadAction","target":["https:\/\/reos-hotel-allgaeu.de\/wangen\/chalets\/"]}]},{"@type":"ImageObject","inLanguage":"de","@id":"https:\/\/reos-hotel-allgaeu.de\/wangen\/chalets\/#primaryimage","url":"https:\/\/reos-hotel-allgaeu.de\/wangen\/wp-content\/uploads\/sites\/2\/2023\/08\/Holzbau_Dingler_TH_Wangen_-78.jpg","contentUrl":"https:\/\/reos-hotel-allgaeu.de\/wangen\/wp-content\/uploads\/sites\/2\/2023\/08\/Holzbau_Dingler_TH_Wangen_-78.jpg","width":2471,"height":1647,"caption":"Reos_Hotel_Wangen_Chalets"},{"@type":"BreadcrumbList","@id":"https:\/\/reos-hotel-allgaeu.de\/wangen\/chalets\/#breadcrumb","itemListElement":[{"@type":"ListItem","position":1,"name":"Startseite","item":"https:\/\/reos-hotel-allgaeu.de\/wangen\/"},{"@type":"ListItem","position":2,"name":"Chalets"}]},{"@type":"WebSite","@id":"https:\/\/reos-hotel-allgaeu.de\/wangen\/#website","url":"https:\/\/reos-hotel-allgaeu.de\/wangen\/","name":"Gebr\u00fcder Reo Hotel GmbH - Wangen im Allg\u00e4u","description":"","potentialAction":[{"@type":"SearchAction","target":{"@type":"EntryPoint","urlTemplate":"https:\/\/reos-hotel-allgaeu.de\/wangen\/?s={search_term_string}"},"query-input":{"@type":"PropertyValueSpecification","valueRequired":true,"valueName":"search_term_string"}}],"inLanguage":"de"}]}},"_links":{"self":[{"href":"https:\/\/reos-hotel-allgaeu.de\/wangen\/wp-json\/wp\/v2\/pages\/3061","targetHints":{"allow":["GET"]}}],"collection":[{"href":"https:\/\/reos-hotel-allgaeu.de\/wangen\/wp-json\/wp\/v2\/pages"}],"about":[{"href":"https:\/\/reos-hotel-allgaeu.de\/wangen\/wp-json\/wp\/v2\/types\/page"}],"author":[{"embeddable":true,"href":"https:\/\/reos-hotel-allgaeu.de\/wangen\/wp-json\/wp\/v2\/users\/3"}],"replies":[{"embeddable":true,"href":"https:\/\/reos-hotel-allgaeu.de\/wangen\/wp-json\/wp\/v2\/comments?post=3061"}],"version-history":[{"count":4,"href":"https:\/\/reos-hotel-allgaeu.de\/wangen\/wp-json\/wp\/v2\/pages\/3061\/revisions"}],"predecessor-version":[{"id":3185,"href":"https:\/\/reos-hotel-allgaeu.de\/wangen\/wp-json\/wp\/v2\/pages\/3061\/revisions\/3185"}],"wp:featuredmedia":[{"embeddable":true,"href":"https:\/\/reos-hotel-allgaeu.de\/wangen\/wp-json\/wp\/v2\/media\/2860"}],"wp:attachment":[{"href":"https:\/\/reos-hotel-allgaeu.de\/wangen\/wp-json\/wp\/v2\/media?parent=3061"}],"curies":[{"name":"wp","href":"https:\/\/api.w.org\/{rel}","templated":true}]}}