{"id":2261,"date":"2022-12-17T13:40:36","date_gmt":"2022-12-17T13:40:36","guid":{"rendered":"https:\/\/reos-hotel-allgaeu.de\/?page_id=2261"},"modified":"2024-08-15T10:43:53","modified_gmt":"2024-08-15T08:43:53","slug":"zimmer","status":"publish","type":"page","link":"https:\/\/reos-hotel-allgaeu.de\/isny\/zimmer\/","title":{"rendered":"Zimmer"},"content":{"rendered":"<p><div class=\"fusion-fullwidth fullwidth-box fusion-builder-row-1 fusion-flex-container has-pattern-background has-mask-background fusion-parallax-none nonhundred-percent-fullwidth non-hundred-percent-height-scrolling\" style=\"--awb-background-position:left center;--awb-border-radius-top-left:0px;--awb-border-radius-top-right:0px;--awb-border-radius-bottom-right:0px;--awb-border-radius-bottom-left:0px;--awb-margin-top:100px;--awb-background-image:url(&quot;https:\/\/reos-hotel-allgaeu.de\/wp-content\/uploads\/reos_doppelr_grafik_5.svg&quot;);--awb-background-size:cover;--awb-flex-wrap:wrap;\" ><div class=\"fusion-builder-row fusion-row fusion-flex-align-items-flex-start fusion-flex-content-wrap\" style=\"max-width:calc( 1400px + 30px );margin-left: calc(-30px \/ 2 );margin-right: calc(-30px \/ 2 );\"><div class=\"fusion-layout-column fusion_builder_column fusion-builder-column-0 fusion_builder_column_2_3 2_3 fusion-flex-column\" style=\"--awb-bg-size:cover;--awb-width-large:66.6666666667%;--awb-margin-top-large:0px;--awb-spacing-right-large:15px;--awb-margin-bottom-large:20px;--awb-spacing-left-large:15px;--awb-width-medium:66.6666666667%;--awb-order-medium:0;--awb-spacing-right-medium:15px;--awb-spacing-left-medium:15px;--awb-width-small:100%;--awb-order-small:0;--awb-spacing-right-small:15px;--awb-spacing-left-small:15px;\"><div class=\"fusion-column-wrapper fusion-column-has-shadow fusion-flex-justify-content-flex-start fusion-content-layout-column\"><div class=\"fusion-text fusion-text-1\"><h1>Entspannen und Genie\u00dfen<\/h1>\n<p>Das REOS HOTEL ISNY bietet gen\u00fcgend Platz zum Abschalten und Wohlf\u00fchlen. Genie\u00dfen Sie das moderne Flair mit seinen geschmackvollen, neu renovierten Zimmern.<\/p>\n<p>Alle Zimmer sind Nichtraucherzimmer und mit kostenlosem WLAN, Flatscreen, Tablet-PC und F\u00f6hn ausgestattet. Alle Stockwerke sind \u00fcber einen Aufzug erreichbar. Selbstverst\u00e4ndlich reinigen wir Ihre Zimmer mit Bad und Dusche t\u00e4glich f\u00fcr Sie und statten diese mit frischen Handt\u00fcchern und Hygieneartikeln aus.<\/p>\n<p>Der Umwelt zuliebe setzen wir das Konzept \u201enur auf dem Boden liegende Handt\u00fccher werden gereinigt\u201c um. H\u00e4ngende Handt\u00fccher werden vom Gast weiter verwendet.<\/p>\n<\/div><\/div><\/div><\/div><\/div><div class=\"fusion-fullwidth fullwidth-box fusion-builder-row-2 fusion-flex-container has-pattern-background has-mask-background hundred-percent-fullwidth non-hundred-percent-height-scrolling fusion-no-small-visibility fusion-animated no_touch\" style=\"--awb-border-radius-top-left:0px;--awb-border-radius-top-right:0px;--awb-border-radius-bottom-right:0px;--awb-border-radius-bottom-left:0px;--awb-margin-top:100px;--awb-margin-bottom:-600px;--awb-flex-wrap:wrap;\" data-animationType=\"slideInLeft\" data-animationDuration=\"2.0\" data-animationOffset=\"top-into-view\" ><div class=\"fusion-builder-row fusion-row fusion-flex-align-items-flex-start fusion-flex-content-wrap\" style=\"width:calc( 100% + 30px ) !important;max-width:calc( 100% + 30px ) !important;margin-left: calc(-30px \/ 2 );margin-right: calc(-30px \/ 2 );\"><div class=\"fusion-layout-column fusion_builder_column fusion-builder-column-1 fusion_builder_column_1_1 1_1 fusion-flex-column\" style=\"--awb-bg-size:cover;--awb-width-large:100%;--awb-margin-top-large:0px;--awb-spacing-right-large:15px;--awb-margin-bottom-large:20px;--awb-spacing-left-large:15px;--awb-width-medium:100%;--awb-order-medium:0;--awb-spacing-right-medium:15px;--awb-spacing-left-medium:15px;--awb-width-small:100%;--awb-order-small:0;--awb-spacing-right-small:15px;--awb-spacing-left-small:15px;\"><div class=\"fusion-column-wrapper fusion-column-has-shadow fusion-flex-justify-content-flex-start fusion-content-layout-column\"><div class=\"fusion-text fusion-text-2\"><h4 style=\"text-align: left;\">EINZELZIMMER<br \/>\nSTANDARD<\/h4>\n<\/div><\/div><\/div><\/div><\/div><div class=\"fusion-fullwidth fullwidth-box fusion-builder-row-3 fusion-flex-container has-pattern-background has-mask-background nonhundred-percent-fullwidth non-hundred-percent-height-scrolling\" style=\"--awb-background-position:left center;--awb-border-radius-top-left:0px;--awb-border-radius-top-right:0px;--awb-border-radius-bottom-right:0px;--awb-border-radius-bottom-left:0px;--awb-margin-bottom:15vh;--awb-min-height:80vh;--awb-flex-wrap:wrap;\" ><div class=\"fusion-builder-row fusion-row fusion-flex-align-items-flex-end fusion-flex-justify-content-center fusion-flex-content-wrap\" style=\"max-width:calc( 1400px + 30px );margin-left: calc(-30px \/ 2 );margin-right: calc(-30px \/ 2 );\"><div class=\"fusion-layout-column fusion_builder_column fusion-builder-column-2 fusion_builder_column_1_1 1_1 fusion-flex-column\" style=\"--awb-bg-size:cover;--awb-width-large:100%;--awb-margin-top-large:0px;--awb-spacing-right-large:15px;--awb-margin-bottom-large:20px;--awb-spacing-left-large:15px;--awb-width-medium:100%;--awb-order-medium:0;--awb-spacing-right-medium:15px;--awb-spacing-left-medium:15px;--awb-width-small:100%;--awb-order-small:0;--awb-spacing-right-small:15px;--awb-spacing-left-small:15px;\"><div class=\"fusion-column-wrapper fusion-column-has-shadow fusion-flex-justify-content-flex-start fusion-content-layout-column\"><div class=\"fusion-text fusion-text-3\"><h1>EINZELZIMMER STANDARD<\/h1>\n<\/div><div class=\"awb-gallery-wrapper awb-gallery-wrapper-1 button-span-no\" style=\"--more-btn-alignment:center;\"><div style=\"margin:-12px;--awb-bordersize:0px;\" class=\"fusion-gallery fusion-gallery-container fusion-grid-4 fusion-columns-total-4 fusion-gallery-layout-grid fusion-gallery-1\"><div style=\"padding:12.5px;\" class=\"fusion-grid-column fusion-gallery-column fusion-gallery-column-4 hover-type-none\"><div class=\"fusion-gallery-image\"><a href=\"https:\/\/reos-hotel-allgaeu.de\/isny\/wp-content\/uploads\/sites\/3\/2023\/11\/einzelzimmer1.webp\" rel=\"noreferrer\" data-rel=\"iLightbox[gallery_image_1]\" class=\"fusion-lightbox\" target=\"_self\"><img decoding=\"async\" src=\"https:\/\/reos-hotel-allgaeu.de\/isny\/wp-content\/uploads\/sites\/3\/2023\/11\/einzelzimmer1.webp\" width=\"1920\" height=\"1280\" alt=\"Einzelzimmer - Reos Hotel Isny\" title=\"einzelzimmer1\" aria-label=\"einzelzimmer1\" class=\"img-responsive wp-image-3255\" srcset=\"https:\/\/reos-hotel-allgaeu.de\/isny\/wp-content\/uploads\/sites\/3\/2023\/11\/einzelzimmer1-200x133.webp 200w, https:\/\/reos-hotel-allgaeu.de\/isny\/wp-content\/uploads\/sites\/3\/2023\/11\/einzelzimmer1-400x267.webp 400w, https:\/\/reos-hotel-allgaeu.de\/isny\/wp-content\/uploads\/sites\/3\/2023\/11\/einzelzimmer1-600x400.webp 600w, https:\/\/reos-hotel-allgaeu.de\/isny\/wp-content\/uploads\/sites\/3\/2023\/11\/einzelzimmer1-800x533.webp 800w, https:\/\/reos-hotel-allgaeu.de\/isny\/wp-content\/uploads\/sites\/3\/2023\/11\/einzelzimmer1-1200x800.webp 1200w, https:\/\/reos-hotel-allgaeu.de\/isny\/wp-content\/uploads\/sites\/3\/2023\/11\/einzelzimmer1.webp 1920w\" sizes=\"(min-width: 2200px) 100vw, (min-width: 856px) 341px, (min-width: 784px) 455px, (min-width: 712px) 682px, (min-width: 640px) 712px, \" \/><\/a><\/div><\/div><div style=\"padding:12.5px;\" class=\"fusion-grid-column fusion-gallery-column fusion-gallery-column-4 hover-type-none\"><div class=\"fusion-gallery-image\"><a href=\"https:\/\/reos-hotel-allgaeu.de\/isny\/wp-content\/uploads\/sites\/3\/2023\/11\/einzelzimmer2.webp\" rel=\"noreferrer\" data-rel=\"iLightbox[gallery_image_1]\" class=\"fusion-lightbox\" target=\"_self\"><img decoding=\"async\" src=\"https:\/\/reos-hotel-allgaeu.de\/isny\/wp-content\/uploads\/sites\/3\/2023\/11\/einzelzimmer2.webp\" width=\"1920\" height=\"1280\" alt=\"Einzelzimmer - Reos Hotel Isny\" title=\"einzelzimmer2\" aria-label=\"einzelzimmer2\" class=\"img-responsive wp-image-3256\" srcset=\"https:\/\/reos-hotel-allgaeu.de\/isny\/wp-content\/uploads\/sites\/3\/2023\/11\/einzelzimmer2-200x133.webp 200w, https:\/\/reos-hotel-allgaeu.de\/isny\/wp-content\/uploads\/sites\/3\/2023\/11\/einzelzimmer2-400x267.webp 400w, https:\/\/reos-hotel-allgaeu.de\/isny\/wp-content\/uploads\/sites\/3\/2023\/11\/einzelzimmer2-600x400.webp 600w, https:\/\/reos-hotel-allgaeu.de\/isny\/wp-content\/uploads\/sites\/3\/2023\/11\/einzelzimmer2-800x533.webp 800w, https:\/\/reos-hotel-allgaeu.de\/isny\/wp-content\/uploads\/sites\/3\/2023\/11\/einzelzimmer2-1200x800.webp 1200w, https:\/\/reos-hotel-allgaeu.de\/isny\/wp-content\/uploads\/sites\/3\/2023\/11\/einzelzimmer2.webp 1920w\" sizes=\"(min-width: 2200px) 100vw, (min-width: 856px) 341px, (min-width: 784px) 455px, (min-width: 712px) 682px, (min-width: 640px) 712px, \" \/><\/a><\/div><\/div><div style=\"padding:12.5px;\" class=\"fusion-grid-column fusion-gallery-column fusion-gallery-column-4 hover-type-none\"><div class=\"fusion-gallery-image\"><a href=\"https:\/\/reos-hotel-allgaeu.de\/isny\/wp-content\/uploads\/sites\/3\/2023\/11\/einzelzimmer4.webp\" rel=\"noreferrer\" data-rel=\"iLightbox[gallery_image_1]\" class=\"fusion-lightbox\" target=\"_self\"><img decoding=\"async\" src=\"https:\/\/reos-hotel-allgaeu.de\/isny\/wp-content\/uploads\/sites\/3\/2023\/11\/einzelzimmer4.webp\" width=\"1920\" height=\"1280\" alt=\"Einzelzimmer - Reos Hotel Isny\" title=\"einzelzimmer4\" aria-label=\"einzelzimmer4\" class=\"img-responsive wp-image-3258\" srcset=\"https:\/\/reos-hotel-allgaeu.de\/isny\/wp-content\/uploads\/sites\/3\/2023\/11\/einzelzimmer4-200x133.webp 200w, https:\/\/reos-hotel-allgaeu.de\/isny\/wp-content\/uploads\/sites\/3\/2023\/11\/einzelzimmer4-400x267.webp 400w, https:\/\/reos-hotel-allgaeu.de\/isny\/wp-content\/uploads\/sites\/3\/2023\/11\/einzelzimmer4-600x400.webp 600w, https:\/\/reos-hotel-allgaeu.de\/isny\/wp-content\/uploads\/sites\/3\/2023\/11\/einzelzimmer4-800x533.webp 800w, https:\/\/reos-hotel-allgaeu.de\/isny\/wp-content\/uploads\/sites\/3\/2023\/11\/einzelzimmer4-1200x800.webp 1200w, https:\/\/reos-hotel-allgaeu.de\/isny\/wp-content\/uploads\/sites\/3\/2023\/11\/einzelzimmer4.webp 1920w\" sizes=\"(min-width: 2200px) 100vw, (min-width: 856px) 341px, (min-width: 784px) 455px, (min-width: 712px) 682px, (min-width: 640px) 712px, \" \/><\/a><\/div><\/div><div style=\"padding:12.5px;\" class=\"fusion-grid-column fusion-gallery-column fusion-gallery-column-4 hover-type-none\"><div class=\"fusion-gallery-image\"><a href=\"https:\/\/reos-hotel-allgaeu.de\/isny\/wp-content\/uploads\/sites\/3\/2023\/11\/bad2.webp\" rel=\"noreferrer\" data-rel=\"iLightbox[gallery_image_1]\" class=\"fusion-lightbox\" target=\"_self\"><img decoding=\"async\" src=\"https:\/\/reos-hotel-allgaeu.de\/isny\/wp-content\/uploads\/sites\/3\/2023\/11\/bad2.webp\" width=\"1920\" height=\"1280\" alt=\"badezimmer - Reos Hotel Isny\" title=\"bad2\" aria-label=\"bad2\" class=\"img-responsive wp-image-3262\" srcset=\"https:\/\/reos-hotel-allgaeu.de\/isny\/wp-content\/uploads\/sites\/3\/2023\/11\/bad2-200x133.webp 200w, https:\/\/reos-hotel-allgaeu.de\/isny\/wp-content\/uploads\/sites\/3\/2023\/11\/bad2-400x267.webp 400w, https:\/\/reos-hotel-allgaeu.de\/isny\/wp-content\/uploads\/sites\/3\/2023\/11\/bad2-600x400.webp 600w, https:\/\/reos-hotel-allgaeu.de\/isny\/wp-content\/uploads\/sites\/3\/2023\/11\/bad2-800x533.webp 800w, https:\/\/reos-hotel-allgaeu.de\/isny\/wp-content\/uploads\/sites\/3\/2023\/11\/bad2-1200x800.webp 1200w, https:\/\/reos-hotel-allgaeu.de\/isny\/wp-content\/uploads\/sites\/3\/2023\/11\/bad2.webp 1920w\" sizes=\"(min-width: 2200px) 100vw, (min-width: 856px) 341px, (min-width: 784px) 455px, (min-width: 712px) 682px, (min-width: 640px) 712px, \" \/><\/a><\/div><\/div><div class=\"clearfix\"><\/div><\/div><\/div><\/div><\/div><div class=\"fusion-layout-column fusion_builder_column fusion-builder-column-3 fusion_builder_column_1_2 1_2 fusion-flex-column\" style=\"--awb-bg-size:cover;--awb-width-large:50%;--awb-margin-top-large:0px;--awb-spacing-right-large:15px;--awb-margin-bottom-large:20px;--awb-spacing-left-large:15px;--awb-width-medium:50%;--awb-order-medium:0;--awb-spacing-right-medium:15px;--awb-spacing-left-medium:15px;--awb-width-small:100%;--awb-order-small:0;--awb-spacing-right-small:15px;--awb-spacing-left-small:15px;\"><div class=\"fusion-column-wrapper fusion-column-has-shadow fusion-flex-justify-content-flex-start fusion-content-layout-column\"><\/div><\/div><div class=\"fusion-layout-column fusion_builder_column fusion-builder-column-4 fusion_builder_column_1_2 1_2 fusion-flex-column\" style=\"--awb-bg-size:cover;--awb-width-large:50%;--awb-margin-top-large:0px;--awb-spacing-right-large:15px;--awb-margin-bottom-large:20px;--awb-spacing-left-large:15px;--awb-width-medium:50%;--awb-order-medium:0;--awb-spacing-right-medium:15px;--awb-spacing-left-medium:15px;--awb-width-small:100%;--awb-order-small:0;--awb-spacing-right-small:15px;--awb-spacing-left-small:15px;\"><div class=\"fusion-column-wrapper fusion-column-has-shadow fusion-flex-justify-content-flex-start fusion-content-layout-column\"><ul style=\"--awb-size:18px;--awb-line-height:30.6px;--awb-icon-width:30.6px;--awb-icon-height:30.6px;--awb-icon-margin:12.6px;--awb-content-margin:43.2px;--awb-circlecolor:var(--awb-color4);--awb-circle-yes-font-size:15.84px;\" class=\"fusion-checklist fusion-checklist-1 fusion-checklist-default type-icons\"><li class=\"fusion-li-item\" style=\"\"><span class=\"icon-wrapper circle-yes\"><i class=\"fusion-li-icon fa-clock fas\" aria-hidden=\"true\"><\/i><\/span><div class=\"fusion-li-item-content\">\n<p data-pm-slice=\"1 1 &#091;&#093;\">Check-In von 15 Uhr bis 21 Uhr, sp\u00e4terer Check-In auf Anfrage<\/p>\n<\/div><\/li><li class=\"fusion-li-item\" style=\"\"><span class=\"icon-wrapper circle-yes\"><i class=\"fusion-li-icon fa-arrows-alt fas\" aria-hidden=\"true\"><\/i><\/span><div class=\"fusion-li-item-content\">\n<p>12 m\u00b2<\/p>\n<\/div><\/li><li class=\"fusion-li-item\" style=\"\"><span class=\"icon-wrapper circle-yes\"><i class=\"fusion-li-icon fa-bed fas\" aria-hidden=\"true\"><\/i><\/span><div class=\"fusion-li-item-content\">\n<p>Einzelbett 90 cm<\/p>\n<\/div><\/li><li class=\"fusion-li-item\" style=\"\"><span class=\"icon-wrapper circle-yes\"><i class=\"fusion-li-icon fa-shower fas\" aria-hidden=\"true\"><\/i><\/span><div class=\"fusion-li-item-content\">\n<p>Bad mit Dusche &amp; WC<\/p>\n<\/div><\/li><li class=\"fusion-li-item\" style=\"\"><span class=\"icon-wrapper circle-yes\"><i class=\"fusion-li-icon fa-coffee fas\" aria-hidden=\"true\"><\/i><\/span><div class=\"fusion-li-item-content\">\n<p>Inklusive Fr\u00fchst\u00fcck<\/p>\n<\/div><\/li><li class=\"fusion-li-item\" style=\"\"><span class=\"icon-wrapper circle-yes\"><i class=\"fusion-li-icon fa-plus fas\" aria-hidden=\"true\"><\/i><\/span><div class=\"fusion-li-item-content\">Haartrockner, TV, freies WLAN, USB-Steckdose<\/div><\/li><li class=\"fusion-li-item\" style=\"\"><span class=\"icon-wrapper circle-yes\"><i class=\"fusion-li-icon fa-paw fas\" aria-hidden=\"true\"><\/i><\/span><div class=\"fusion-li-item-content\">\n<p>Tiere sind willkommen<\/p>\n<\/div><\/li><li class=\"fusion-li-item\" style=\"\"><span class=\"icon-wrapper circle-yes\"><i class=\"fusion-li-icon fa-euro-sign fas\" aria-hidden=\"true\"><\/i><\/span><div class=\"fusion-li-item-content\">\n<p><strong>ab 100,\u2013 Euro<br \/>\n<\/strong>Hunde erlaubt \u20ac 10,00 pro Nacht<\/p>\n<\/div><\/li><\/ul><div ><a class=\"fusion-button button-flat fusion-button-default-size button-default fusion-button-default button-1 fusion-button-default-span fusion-button-default-type\" style=\"--awb-margin-top:50px;\" target=\"_blank\" rel=\"noopener noreferrer\" href=\"https:\/\/rooms.ibelsa.com\/de\/webbookingtwo\/3A9B7E70-E527-3688-85B3-65BB0949C8AB\/page\"><span class=\"fusion-button-text awb-button__text awb-button__text--default\">JETZT RESERVIEREN<\/span><\/a><\/div>\n<\/div><\/div><\/div><\/div><div class=\"fusion-fullwidth fullwidth-box fusion-builder-row-4 fusion-flex-container has-pattern-background has-mask-background hundred-percent-fullwidth non-hundred-percent-height-scrolling fusion-no-small-visibility fusion-animated no_touch\" style=\"--awb-border-radius-top-left:0px;--awb-border-radius-top-right:0px;--awb-border-radius-bottom-right:0px;--awb-border-radius-bottom-left:0px;--awb-margin-top:100px;--awb-margin-bottom:-600px;--awb-flex-wrap:wrap;\" data-animationType=\"slideInLeft\" data-animationDuration=\"2.0\" data-animationOffset=\"top-into-view\" ><div class=\"fusion-builder-row fusion-row fusion-flex-align-items-flex-start fusion-flex-content-wrap\" style=\"width:calc( 100% + 30px ) !important;max-width:calc( 100% + 30px ) !important;margin-left: calc(-30px \/ 2 );margin-right: calc(-30px \/ 2 );\"><div class=\"fusion-layout-column fusion_builder_column fusion-builder-column-5 fusion_builder_column_1_1 1_1 fusion-flex-column\" style=\"--awb-bg-size:cover;--awb-width-large:100%;--awb-margin-top-large:0px;--awb-spacing-right-large:15px;--awb-margin-bottom-large:20px;--awb-spacing-left-large:15px;--awb-width-medium:100%;--awb-order-medium:0;--awb-spacing-right-medium:15px;--awb-spacing-left-medium:15px;--awb-width-small:100%;--awb-order-small:0;--awb-spacing-right-small:15px;--awb-spacing-left-small:15px;\"><div class=\"fusion-column-wrapper fusion-column-has-shadow fusion-flex-justify-content-flex-start fusion-content-layout-column\"><div class=\"fusion-text fusion-text-4\"><h4 style=\"text-align: left;\">DOPPELZIMMER<br \/>\nSTANDARD<\/h4>\n<\/div><\/div><\/div><\/div><\/div><div class=\"fusion-fullwidth fullwidth-box fusion-builder-row-5 fusion-flex-container has-pattern-background has-mask-background nonhundred-percent-fullwidth non-hundred-percent-height-scrolling\" style=\"--awb-background-position:left center;--awb-border-radius-top-left:0px;--awb-border-radius-top-right:0px;--awb-border-radius-bottom-right:0px;--awb-border-radius-bottom-left:0px;--awb-margin-bottom:15vh;--awb-min-height:80vh;--awb-flex-wrap:wrap;\" ><div class=\"fusion-builder-row fusion-row fusion-flex-align-items-flex-end fusion-flex-justify-content-center fusion-flex-content-wrap\" style=\"max-width:calc( 1400px + 30px );margin-left: calc(-30px \/ 2 );margin-right: calc(-30px \/ 2 );\"><div class=\"fusion-layout-column fusion_builder_column fusion-builder-column-6 fusion_builder_column_1_1 1_1 fusion-flex-column\" style=\"--awb-bg-size:cover;--awb-width-large:100%;--awb-margin-top-large:0px;--awb-spacing-right-large:15px;--awb-margin-bottom-large:20px;--awb-spacing-left-large:15px;--awb-width-medium:100%;--awb-order-medium:0;--awb-spacing-right-medium:15px;--awb-spacing-left-medium:15px;--awb-width-small:100%;--awb-order-small:0;--awb-spacing-right-small:15px;--awb-spacing-left-small:15px;\"><div class=\"fusion-column-wrapper fusion-column-has-shadow fusion-flex-justify-content-flex-start fusion-content-layout-column\"><div class=\"fusion-text fusion-text-5\"><h1>DOPPELZIMMER STANDARD<\/h1>\n<\/div><div class=\"awb-gallery-wrapper awb-gallery-wrapper-2 button-span-no\" style=\"--more-btn-alignment:center;\"><div style=\"margin:-12px;--awb-aspect-ratio:3 \/ 2;--awb-bordersize:0px;\" class=\"fusion-gallery fusion-gallery-container fusion-grid-4 fusion-columns-total-4 fusion-gallery-layout-grid fusion-gallery-2 has-aspect-ratio\"><div style=\"padding:12.5px;\" class=\"fusion-grid-column fusion-gallery-column fusion-gallery-column-4 hover-type-none\"><div class=\"fusion-gallery-image\"><a href=\"https:\/\/reos-hotel-allgaeu.de\/isny\/wp-content\/uploads\/sites\/3\/2023\/11\/doppelzimmer-standard2.webp\" rel=\"noreferrer\" data-rel=\"iLightbox[gallery_image_2]\" class=\"fusion-lightbox\" target=\"_self\"><img decoding=\"async\" src=\"https:\/\/reos-hotel-allgaeu.de\/isny\/wp-content\/uploads\/sites\/3\/2023\/11\/doppelzimmer-standard2-320x202.webp\" width=\"320\" height=\"202\" alt=\"Doppelzimmer Standard - Reos Hotel Isny\" title=\"doppelzimmer-standard2\" aria-label=\"doppelzimmer-standard2\" class=\"img-responsive wp-image-3277 fusion-gallery-image-size-fixed\" srcset=\"https:\/\/reos-hotel-allgaeu.de\/isny\/wp-content\/uploads\/sites\/3\/2023\/11\/doppelzimmer-standard2-320x202.webp 320w, https:\/\/reos-hotel-allgaeu.de\/isny\/wp-content\/uploads\/sites\/3\/2023\/11\/doppelzimmer-standard2-700x441.webp 700w\" sizes=\"(max-width: 320px) 100vw, 320px\" \/><\/a><\/div><\/div><div style=\"padding:12.5px;\" class=\"fusion-grid-column fusion-gallery-column fusion-gallery-column-4 hover-type-none\"><div class=\"fusion-gallery-image\"><a href=\"https:\/\/reos-hotel-allgaeu.de\/isny\/wp-content\/uploads\/sites\/3\/2023\/11\/doppelzimmer-standard1.webp\" rel=\"noreferrer\" data-rel=\"iLightbox[gallery_image_2]\" class=\"fusion-lightbox\" target=\"_self\"><img decoding=\"async\" src=\"https:\/\/reos-hotel-allgaeu.de\/isny\/wp-content\/uploads\/sites\/3\/2023\/11\/doppelzimmer-standard1-320x202.webp\" width=\"320\" height=\"202\" alt=\"Doppelzimmer Standard - Reos Hotel Isny\" title=\"doppelzimmer-standard1\" aria-label=\"doppelzimmer-standard1\" class=\"img-responsive wp-image-3276 fusion-gallery-image-size-fixed\" srcset=\"https:\/\/reos-hotel-allgaeu.de\/isny\/wp-content\/uploads\/sites\/3\/2023\/11\/doppelzimmer-standard1-320x202.webp 320w, https:\/\/reos-hotel-allgaeu.de\/isny\/wp-content\/uploads\/sites\/3\/2023\/11\/doppelzimmer-standard1-700x441.webp 700w\" sizes=\"(max-width: 320px) 100vw, 320px\" \/><\/a><\/div><\/div><div style=\"padding:12.5px;\" class=\"fusion-grid-column fusion-gallery-column fusion-gallery-column-4 hover-type-none\"><div class=\"fusion-gallery-image\"><a href=\"https:\/\/reos-hotel-allgaeu.de\/isny\/wp-content\/uploads\/sites\/3\/2023\/11\/doppelzimmer-standard3.webp\" rel=\"noreferrer\" data-rel=\"iLightbox[gallery_image_2]\" class=\"fusion-lightbox\" target=\"_self\"><img decoding=\"async\" src=\"https:\/\/reos-hotel-allgaeu.de\/isny\/wp-content\/uploads\/sites\/3\/2023\/11\/doppelzimmer-standard3-320x202.webp\" width=\"320\" height=\"202\" alt=\"Doppelzimmer Standard - Reos Hotel Isny\" title=\"doppelzimmer-standard3\" aria-label=\"doppelzimmer-standard3\" class=\"img-responsive wp-image-3278 fusion-gallery-image-size-fixed\" srcset=\"https:\/\/reos-hotel-allgaeu.de\/isny\/wp-content\/uploads\/sites\/3\/2023\/11\/doppelzimmer-standard3-320x202.webp 320w, https:\/\/reos-hotel-allgaeu.de\/isny\/wp-content\/uploads\/sites\/3\/2023\/11\/doppelzimmer-standard3-700x441.webp 700w\" sizes=\"(max-width: 320px) 100vw, 320px\" \/><\/a><\/div><\/div><div style=\"padding:12.5px;\" class=\"fusion-grid-column fusion-gallery-column fusion-gallery-column-4 hover-type-none\"><div class=\"fusion-gallery-image\"><a href=\"https:\/\/reos-hotel-allgaeu.de\/isny\/wp-content\/uploads\/sites\/3\/2023\/11\/bad4-Kopie.webp\" rel=\"noreferrer\" data-rel=\"iLightbox[gallery_image_2]\" class=\"fusion-lightbox\" target=\"_self\"><img decoding=\"async\" src=\"https:\/\/reos-hotel-allgaeu.de\/isny\/wp-content\/uploads\/sites\/3\/2023\/11\/bad4-Kopie-320x202.webp\" width=\"320\" height=\"202\" alt=\"Bad - Reos Hotel Isny\" title=\"bad4 Kopie\" aria-label=\"bad4 Kopie\" class=\"img-responsive wp-image-3304 fusion-gallery-image-size-fixed\" srcset=\"https:\/\/reos-hotel-allgaeu.de\/isny\/wp-content\/uploads\/sites\/3\/2023\/11\/bad4-Kopie-200x125.webp 200w, https:\/\/reos-hotel-allgaeu.de\/isny\/wp-content\/uploads\/sites\/3\/2023\/11\/bad4-Kopie-320x202.webp 320w, https:\/\/reos-hotel-allgaeu.de\/isny\/wp-content\/uploads\/sites\/3\/2023\/11\/bad4-Kopie-700x441.webp 700w\" sizes=\"(max-width: 320px) 100vw, 320px\" \/><\/a><\/div><\/div><div class=\"clearfix\"><\/div><\/div><\/div><\/div><\/div><div class=\"fusion-layout-column fusion_builder_column fusion-builder-column-7 fusion_builder_column_1_2 1_2 fusion-flex-column\" style=\"--awb-bg-size:cover;--awb-width-large:50%;--awb-margin-top-large:0px;--awb-spacing-right-large:15px;--awb-margin-bottom-large:20px;--awb-spacing-left-large:15px;--awb-width-medium:50%;--awb-order-medium:0;--awb-spacing-right-medium:15px;--awb-spacing-left-medium:15px;--awb-width-small:100%;--awb-order-small:0;--awb-spacing-right-small:15px;--awb-spacing-left-small:15px;\"><div class=\"fusion-column-wrapper fusion-column-has-shadow fusion-flex-justify-content-flex-start fusion-content-layout-column\"><\/div><\/div><div class=\"fusion-layout-column fusion_builder_column fusion-builder-column-8 fusion_builder_column_1_2 1_2 fusion-flex-column\" style=\"--awb-bg-size:cover;--awb-width-large:50%;--awb-margin-top-large:0px;--awb-spacing-right-large:15px;--awb-margin-bottom-large:20px;--awb-spacing-left-large:15px;--awb-width-medium:50%;--awb-order-medium:0;--awb-spacing-right-medium:15px;--awb-spacing-left-medium:15px;--awb-width-small:100%;--awb-order-small:0;--awb-spacing-right-small:15px;--awb-spacing-left-small:15px;\"><div class=\"fusion-column-wrapper fusion-column-has-shadow fusion-flex-justify-content-flex-start fusion-content-layout-column\"><ul style=\"--awb-size:18px;--awb-line-height:30.6px;--awb-icon-width:30.6px;--awb-icon-height:30.6px;--awb-icon-margin:12.6px;--awb-content-margin:43.2px;--awb-circlecolor:var(--awb-color4);--awb-circle-yes-font-size:15.84px;\" class=\"fusion-checklist fusion-checklist-2 fusion-checklist-default type-icons\"><li class=\"fusion-li-item\" style=\"\"><span class=\"icon-wrapper circle-yes\"><i class=\"fusion-li-icon fa-clock fas\" aria-hidden=\"true\"><\/i><\/span><div class=\"fusion-li-item-content\">\n<p data-pm-slice=\"1 1 &#091;&#093;\">Check-In von 15 Uhr bis 21 Uhr, sp\u00e4terer Check-In auf Anfrage<\/p>\n<\/div><\/li><li class=\"fusion-li-item\" style=\"\"><span class=\"icon-wrapper circle-yes\"><i class=\"fusion-li-icon fa-arrows-alt fas\" aria-hidden=\"true\"><\/i><\/span><div class=\"fusion-li-item-content\">\n<p>18 m\u00b2<\/p>\n<\/div><\/li><li class=\"fusion-li-item\" style=\"\"><span class=\"icon-wrapper circle-yes\"><i class=\"fusion-li-icon fa-bed fas\" aria-hidden=\"true\"><\/i><\/span><div class=\"fusion-li-item-content\">\n<p>Doppelbett 160 cm<\/p>\n<\/div><\/li><li class=\"fusion-li-item\" style=\"\"><span class=\"icon-wrapper circle-yes\"><i class=\"fusion-li-icon fa-shower fas\" aria-hidden=\"true\"><\/i><\/span><div class=\"fusion-li-item-content\">\n<p>Bad mit Dusche &amp; WC<\/p>\n<\/div><\/li><li class=\"fusion-li-item\" style=\"\"><span class=\"icon-wrapper circle-yes\"><i class=\"fusion-li-icon fa-coffee fas\" aria-hidden=\"true\"><\/i><\/span><div class=\"fusion-li-item-content\">\n<p>Inklusive Fr\u00fchst\u00fcck<\/p>\n<\/div><\/li><li class=\"fusion-li-item\" style=\"\"><span class=\"icon-wrapper circle-yes\"><i class=\"fusion-li-icon fa-plus fas\" aria-hidden=\"true\"><\/i><\/span><div class=\"fusion-li-item-content\">Haartrockner, TV, freies WLAN, USB-Steckdose<\/div><\/li><li class=\"fusion-li-item\" style=\"\"><span class=\"icon-wrapper circle-yes\"><i class=\"fusion-li-icon fa-paw fas\" aria-hidden=\"true\"><\/i><\/span><div class=\"fusion-li-item-content\">\n<p>Tiere sind willkommen<\/p>\n<\/div><\/li><li class=\"fusion-li-item\" style=\"\"><span class=\"icon-wrapper circle-yes\"><i class=\"fusion-li-icon fa-euro-sign fas\" aria-hidden=\"true\"><\/i><\/span><div class=\"fusion-li-item-content\">\n<p><strong>ab 110,\u2013 Euro<br \/>\n<\/strong>Hunde erlaubt \u20ac 10,00 pro Nacht<\/p>\n<\/div><\/li><\/ul><div ><a class=\"fusion-button button-flat fusion-button-default-size button-default fusion-button-default button-2 fusion-button-default-span fusion-button-default-type\" style=\"--awb-margin-top:50px;\" target=\"_blank\" rel=\"noopener noreferrer\" href=\"https:\/\/rooms.ibelsa.com\/de\/webbookingtwo\/3A9B7E70-E527-3688-85B3-65BB0949C8AB\/page\"><span class=\"fusion-button-text awb-button__text awb-button__text--default\">JETZT RESERVIEREN<\/span><\/a><\/div>\n<\/div><\/div><\/div><\/div><div class=\"fusion-fullwidth fullwidth-box fusion-builder-row-6 fusion-flex-container has-pattern-background has-mask-background hundred-percent-fullwidth non-hundred-percent-height-scrolling fusion-no-small-visibility fusion-animated no_touch\" style=\"--awb-border-radius-top-left:0px;--awb-border-radius-top-right:0px;--awb-border-radius-bottom-right:0px;--awb-border-radius-bottom-left:0px;--awb-margin-top:100px;--awb-margin-bottom:-900px;--awb-flex-wrap:wrap;\" data-animationType=\"slideInLeft\" data-animationDuration=\"2.0\" data-animationOffset=\"top-into-view\" ><div class=\"fusion-builder-row fusion-row fusion-flex-align-items-flex-start fusion-flex-content-wrap\" style=\"width:calc( 100% + 30px ) !important;max-width:calc( 100% + 30px ) !important;margin-left: calc(-30px \/ 2 );margin-right: calc(-30px \/ 2 );\"><div class=\"fusion-layout-column fusion_builder_column fusion-builder-column-9 fusion_builder_column_1_1 1_1 fusion-flex-column\" style=\"--awb-bg-size:cover;--awb-width-large:100%;--awb-margin-top-large:0px;--awb-spacing-right-large:15px;--awb-margin-bottom-large:20px;--awb-spacing-left-large:15px;--awb-width-medium:100%;--awb-order-medium:0;--awb-spacing-right-medium:15px;--awb-spacing-left-medium:15px;--awb-width-small:100%;--awb-order-small:0;--awb-spacing-right-small:15px;--awb-spacing-left-small:15px;\"><div class=\"fusion-column-wrapper fusion-column-has-shadow fusion-flex-justify-content-flex-start fusion-content-layout-column\"><div class=\"fusion-text fusion-text-6 no_touch\"><h4 style=\"text-align: left;\">DOPPELZIMMER<br \/>\nSTANDARD<br \/>\nPLUS<\/h4>\n<\/div><\/div><\/div><\/div><\/div><div class=\"fusion-fullwidth fullwidth-box fusion-builder-row-7 fusion-flex-container has-pattern-background has-mask-background nonhundred-percent-fullwidth non-hundred-percent-height-scrolling\" style=\"--awb-background-position:left center;--awb-border-radius-top-left:0px;--awb-border-radius-top-right:0px;--awb-border-radius-bottom-right:0px;--awb-border-radius-bottom-left:0px;--awb-margin-bottom:15vh;--awb-min-height:80vh;--awb-flex-wrap:wrap;\" ><div class=\"fusion-builder-row fusion-row fusion-flex-align-items-flex-end fusion-flex-justify-content-center fusion-flex-content-wrap\" style=\"max-width:calc( 1400px + 30px );margin-left: calc(-30px \/ 2 );margin-right: calc(-30px \/ 2 );\"><div class=\"fusion-layout-column fusion_builder_column fusion-builder-column-10 fusion_builder_column_1_1 1_1 fusion-flex-column\" style=\"--awb-bg-size:cover;--awb-width-large:100%;--awb-margin-top-large:0px;--awb-spacing-right-large:15px;--awb-margin-bottom-large:20px;--awb-spacing-left-large:15px;--awb-width-medium:100%;--awb-order-medium:0;--awb-spacing-right-medium:15px;--awb-spacing-left-medium:15px;--awb-width-small:100%;--awb-order-small:0;--awb-spacing-right-small:15px;--awb-spacing-left-small:15px;\"><div class=\"fusion-column-wrapper fusion-column-has-shadow fusion-flex-justify-content-flex-start fusion-content-layout-column\"><div class=\"fusion-text fusion-text-7\"><h1>DOPPELZIMMER STANDARD PLUS<\/h1>\n<\/div><div class=\"awb-gallery-wrapper awb-gallery-wrapper-3 button-span-no\" style=\"--more-btn-alignment:center;\"><div style=\"margin:-12px;--awb-aspect-ratio:3 \/ 2;--awb-bordersize:0px;\" class=\"fusion-gallery fusion-gallery-container fusion-grid-4 fusion-columns-total-4 fusion-gallery-layout-grid fusion-gallery-3 has-aspect-ratio\"><div style=\"padding:12.5px;\" class=\"fusion-grid-column fusion-gallery-column fusion-gallery-column-4 hover-type-none\"><div class=\"fusion-gallery-image\"><a href=\"https:\/\/reos-hotel-allgaeu.de\/isny\/wp-content\/uploads\/sites\/3\/2023\/11\/doppelzimmer-standard2.webp\" rel=\"noreferrer\" data-rel=\"iLightbox[gallery_image_3]\" class=\"fusion-lightbox\" target=\"_self\"><img decoding=\"async\" src=\"https:\/\/reos-hotel-allgaeu.de\/isny\/wp-content\/uploads\/sites\/3\/2023\/11\/doppelzimmer-standard2-320x202.webp\" width=\"320\" height=\"202\" alt=\"Doppelzimmer Standard - Reos Hotel Isny\" title=\"doppelzimmer-standard2\" aria-label=\"doppelzimmer-standard2\" class=\"img-responsive wp-image-3277 fusion-gallery-image-size-fixed\" srcset=\"https:\/\/reos-hotel-allgaeu.de\/isny\/wp-content\/uploads\/sites\/3\/2023\/11\/doppelzimmer-standard2-320x202.webp 320w, https:\/\/reos-hotel-allgaeu.de\/isny\/wp-content\/uploads\/sites\/3\/2023\/11\/doppelzimmer-standard2-700x441.webp 700w\" sizes=\"(max-width: 320px) 100vw, 320px\" \/><\/a><\/div><\/div><div style=\"padding:12.5px;\" class=\"fusion-grid-column fusion-gallery-column fusion-gallery-column-4 hover-type-none\"><div class=\"fusion-gallery-image\"><a href=\"https:\/\/reos-hotel-allgaeu.de\/isny\/wp-content\/uploads\/sites\/3\/2023\/11\/doppelzimmer-standard3.webp\" rel=\"noreferrer\" data-rel=\"iLightbox[gallery_image_3]\" class=\"fusion-lightbox\" target=\"_self\"><img decoding=\"async\" src=\"https:\/\/reos-hotel-allgaeu.de\/isny\/wp-content\/uploads\/sites\/3\/2023\/11\/doppelzimmer-standard3-320x202.webp\" width=\"320\" height=\"202\" alt=\"Doppelzimmer Standard - Reos Hotel Isny\" title=\"doppelzimmer-standard3\" aria-label=\"doppelzimmer-standard3\" class=\"img-responsive wp-image-3278 fusion-gallery-image-size-fixed\" srcset=\"https:\/\/reos-hotel-allgaeu.de\/isny\/wp-content\/uploads\/sites\/3\/2023\/11\/doppelzimmer-standard3-320x202.webp 320w, https:\/\/reos-hotel-allgaeu.de\/isny\/wp-content\/uploads\/sites\/3\/2023\/11\/doppelzimmer-standard3-700x441.webp 700w\" sizes=\"(max-width: 320px) 100vw, 320px\" \/><\/a><\/div><\/div><div style=\"padding:12.5px;\" class=\"fusion-grid-column fusion-gallery-column fusion-gallery-column-4 hover-type-none\"><div class=\"fusion-gallery-image\"><a href=\"https:\/\/reos-hotel-allgaeu.de\/isny\/wp-content\/uploads\/sites\/3\/2023\/11\/doppelzimmer-standard1.webp\" rel=\"noreferrer\" data-rel=\"iLightbox[gallery_image_3]\" class=\"fusion-lightbox\" target=\"_self\"><img decoding=\"async\" src=\"https:\/\/reos-hotel-allgaeu.de\/isny\/wp-content\/uploads\/sites\/3\/2023\/11\/doppelzimmer-standard1-320x202.webp\" width=\"320\" height=\"202\" alt=\"Doppelzimmer Standard - Reos Hotel Isny\" title=\"doppelzimmer-standard1\" aria-label=\"doppelzimmer-standard1\" class=\"img-responsive wp-image-3276 fusion-gallery-image-size-fixed\" srcset=\"https:\/\/reos-hotel-allgaeu.de\/isny\/wp-content\/uploads\/sites\/3\/2023\/11\/doppelzimmer-standard1-320x202.webp 320w, https:\/\/reos-hotel-allgaeu.de\/isny\/wp-content\/uploads\/sites\/3\/2023\/11\/doppelzimmer-standard1-700x441.webp 700w\" sizes=\"(max-width: 320px) 100vw, 320px\" \/><\/a><\/div><\/div><div style=\"padding:12.5px;\" class=\"fusion-grid-column fusion-gallery-column fusion-gallery-column-4 hover-type-none\"><div class=\"fusion-gallery-image\"><a href=\"https:\/\/reos-hotel-allgaeu.de\/isny\/wp-content\/uploads\/sites\/3\/2023\/11\/bad1-Kopie.webp\" rel=\"noreferrer\" data-rel=\"iLightbox[gallery_image_3]\" class=\"fusion-lightbox\" target=\"_self\"><img decoding=\"async\" src=\"https:\/\/reos-hotel-allgaeu.de\/isny\/wp-content\/uploads\/sites\/3\/2023\/11\/bad1-Kopie-320x202.webp\" width=\"320\" height=\"202\" alt=\"Reos Hotel Isny\" title=\"bad1 Kopie\" aria-label=\"bad1 Kopie\" class=\"img-responsive wp-image-3320 fusion-gallery-image-size-fixed\" srcset=\"https:\/\/reos-hotel-allgaeu.de\/isny\/wp-content\/uploads\/sites\/3\/2023\/11\/bad1-Kopie-320x202.webp 320w, https:\/\/reos-hotel-allgaeu.de\/isny\/wp-content\/uploads\/sites\/3\/2023\/11\/bad1-Kopie-700x441.webp 700w\" sizes=\"(max-width: 320px) 100vw, 320px\" \/><\/a><\/div><\/div><div class=\"clearfix\"><\/div><\/div><\/div><\/div><\/div><div class=\"fusion-layout-column fusion_builder_column fusion-builder-column-11 fusion_builder_column_1_2 1_2 fusion-flex-column\" style=\"--awb-bg-size:cover;--awb-width-large:50%;--awb-margin-top-large:0px;--awb-spacing-right-large:15px;--awb-margin-bottom-large:20px;--awb-spacing-left-large:15px;--awb-width-medium:50%;--awb-order-medium:0;--awb-spacing-right-medium:15px;--awb-spacing-left-medium:15px;--awb-width-small:100%;--awb-order-small:0;--awb-spacing-right-small:15px;--awb-spacing-left-small:15px;\"><div class=\"fusion-column-wrapper fusion-column-has-shadow fusion-flex-justify-content-flex-start fusion-content-layout-column\"><\/div><\/div><div class=\"fusion-layout-column fusion_builder_column fusion-builder-column-12 fusion_builder_column_1_2 1_2 fusion-flex-column\" style=\"--awb-bg-size:cover;--awb-width-large:50%;--awb-margin-top-large:0px;--awb-spacing-right-large:15px;--awb-margin-bottom-large:20px;--awb-spacing-left-large:15px;--awb-width-medium:50%;--awb-order-medium:0;--awb-spacing-right-medium:15px;--awb-spacing-left-medium:15px;--awb-width-small:100%;--awb-order-small:0;--awb-spacing-right-small:15px;--awb-spacing-left-small:15px;\"><div class=\"fusion-column-wrapper fusion-column-has-shadow fusion-flex-justify-content-flex-start fusion-content-layout-column\"><ul style=\"--awb-size:18px;--awb-line-height:30.6px;--awb-icon-width:30.6px;--awb-icon-height:30.6px;--awb-icon-margin:12.6px;--awb-content-margin:43.2px;--awb-circlecolor:var(--awb-color4);--awb-circle-yes-font-size:15.84px;\" class=\"fusion-checklist fusion-checklist-3 fusion-checklist-default type-icons\"><li class=\"fusion-li-item\" style=\"\"><span class=\"icon-wrapper circle-yes\"><i class=\"fusion-li-icon fa-clock fas\" aria-hidden=\"true\"><\/i><\/span><div class=\"fusion-li-item-content\">\n<p data-pm-slice=\"1 1 &#091;&#093;\">Check-In von 15 Uhr bis 21 Uhr, sp\u00e4terer Check-In auf Anfrage<\/p>\n<\/div><\/li><li class=\"fusion-li-item\" style=\"\"><span class=\"icon-wrapper circle-yes\"><i class=\"fusion-li-icon fa-arrows-alt fas\" aria-hidden=\"true\"><\/i><\/span><div class=\"fusion-li-item-content\">\n<p>20 m\u00b2<\/p>\n<\/div><\/li><li class=\"fusion-li-item\" style=\"\"><span class=\"icon-wrapper circle-yes\"><i class=\"fusion-li-icon fa-bed fas\" aria-hidden=\"true\"><\/i><\/span><div class=\"fusion-li-item-content\">\n<p>Doppelbett 160 cm<\/p>\n<\/div><\/li><li class=\"fusion-li-item\" style=\"\"><span class=\"icon-wrapper circle-yes\"><i class=\"fusion-li-icon fa-wheelchair fas\" aria-hidden=\"true\"><\/i><\/span><div class=\"fusion-li-item-content\">\n<p>Rollstuhlgerecht<\/p>\n<\/div><\/li><li class=\"fusion-li-item\" style=\"\"><span class=\"icon-wrapper circle-yes\"><i class=\"fusion-li-icon fa-shower fas\" aria-hidden=\"true\"><\/i><\/span><div class=\"fusion-li-item-content\">\n<p>Bad mit Dusche &amp; WC<\/p>\n<\/div><\/li><li class=\"fusion-li-item\" style=\"\"><span class=\"icon-wrapper circle-yes\"><i class=\"fusion-li-icon fa-coffee fas\" aria-hidden=\"true\"><\/i><\/span><div class=\"fusion-li-item-content\">\n<p>Inklusive Fr\u00fchst\u00fcck<\/p>\n<\/div><\/li><li class=\"fusion-li-item\" style=\"\"><span class=\"icon-wrapper circle-yes\"><i class=\"fusion-li-icon fa-plus fas\" aria-hidden=\"true\"><\/i><\/span><div class=\"fusion-li-item-content\">Haartrockner, TV, freies WLAN, USB-Steckdose, Tablet-PC<\/div><\/li><li class=\"fusion-li-item\" style=\"\"><span class=\"icon-wrapper circle-yes\"><i class=\"fusion-li-icon fa-paw fas\" aria-hidden=\"true\"><\/i><\/span><div class=\"fusion-li-item-content\">\n<p>Tiere sind willkommen<\/p>\n<\/div><\/li><li class=\"fusion-li-item\" style=\"\"><span class=\"icon-wrapper circle-yes\"><i class=\"fusion-li-icon fa-euro-sign fas\" aria-hidden=\"true\"><\/i><\/span><div class=\"fusion-li-item-content\">\n<p><strong>ab 115,\u2013 Euro<br \/>\n<\/strong>Hunde erlaubt \u20ac 10,00 pro Nacht<\/p>\n<\/div><\/li><\/ul><div ><a class=\"fusion-button button-flat fusion-button-default-size button-default fusion-button-default button-3 fusion-button-default-span fusion-button-default-type\" style=\"--awb-margin-top:50px;\" target=\"_blank\" rel=\"noopener noreferrer\" href=\"https:\/\/rooms.ibelsa.com\/de\/webbookingtwo\/3A9B7E70-E527-3688-85B3-65BB0949C8AB\/page\"><span class=\"fusion-button-text awb-button__text awb-button__text--default\">JETZT RESERVIEREN<\/span><\/a><\/div>\n<\/div><\/div><\/div><\/div><div class=\"fusion-fullwidth fullwidth-box fusion-builder-row-8 fusion-flex-container has-pattern-background has-mask-background hundred-percent-fullwidth non-hundred-percent-height-scrolling fusion-no-small-visibility fusion-animated no_touch\" style=\"--awb-border-radius-top-left:0px;--awb-border-radius-top-right:0px;--awb-border-radius-bottom-right:0px;--awb-border-radius-bottom-left:0px;--awb-margin-top:100px;--awb-margin-bottom:-700px;--awb-flex-wrap:wrap;\" data-animationType=\"slideInLeft\" data-animationDuration=\"2.0\" data-animationOffset=\"top-into-view\" ><div class=\"fusion-builder-row fusion-row fusion-flex-align-items-flex-start fusion-flex-content-wrap\" style=\"width:calc( 100% + 30px ) !important;max-width:calc( 100% + 30px ) !important;margin-left: calc(-30px \/ 2 );margin-right: calc(-30px \/ 2 );\"><div class=\"fusion-layout-column fusion_builder_column fusion-builder-column-13 fusion_builder_column_1_1 1_1 fusion-flex-column\" style=\"--awb-bg-size:cover;--awb-width-large:100%;--awb-margin-top-large:0px;--awb-spacing-right-large:15px;--awb-margin-bottom-large:20px;--awb-spacing-left-large:15px;--awb-width-medium:100%;--awb-order-medium:0;--awb-spacing-right-medium:15px;--awb-spacing-left-medium:15px;--awb-width-small:100%;--awb-order-small:0;--awb-spacing-right-small:15px;--awb-spacing-left-small:15px;\"><div class=\"fusion-column-wrapper fusion-column-has-shadow fusion-flex-justify-content-flex-start fusion-content-layout-column\"><div class=\"fusion-text fusion-text-8\"><h4 style=\"text-align: left;\">DOPPELZIMMER<br \/>\nCOMFORT<\/h4>\n<\/div><\/div><\/div><\/div><\/div><div class=\"fusion-fullwidth fullwidth-box fusion-builder-row-9 fusion-flex-container has-pattern-background has-mask-background nonhundred-percent-fullwidth non-hundred-percent-height-scrolling\" style=\"--awb-background-position:left center;--awb-border-radius-top-left:0px;--awb-border-radius-top-right:0px;--awb-border-radius-bottom-right:0px;--awb-border-radius-bottom-left:0px;--awb-margin-top:100px;--awb-margin-bottom:15vh;--awb-min-height:80vh;--awb-flex-wrap:wrap;\" ><div class=\"fusion-builder-row fusion-row fusion-flex-align-items-flex-end fusion-flex-justify-content-center fusion-flex-content-wrap\" style=\"max-width:calc( 1400px + 30px );margin-left: calc(-30px \/ 2 );margin-right: calc(-30px \/ 2 );\"><div class=\"fusion-layout-column fusion_builder_column fusion-builder-column-14 fusion_builder_column_1_1 1_1 fusion-flex-column\" style=\"--awb-bg-size:cover;--awb-width-large:100%;--awb-margin-top-large:0px;--awb-spacing-right-large:15px;--awb-margin-bottom-large:20px;--awb-spacing-left-large:15px;--awb-width-medium:100%;--awb-order-medium:0;--awb-spacing-right-medium:15px;--awb-spacing-left-medium:15px;--awb-width-small:100%;--awb-order-small:0;--awb-spacing-right-small:15px;--awb-spacing-left-small:15px;\"><div class=\"fusion-column-wrapper fusion-column-has-shadow fusion-flex-justify-content-flex-start fusion-content-layout-column\"><div class=\"fusion-text fusion-text-9\"><h1>DOPPELZIMMER COMFORT<\/h1>\n<\/div><div class=\"awb-gallery-wrapper awb-gallery-wrapper-4 button-span-no\" style=\"--more-btn-alignment:center;\"><div style=\"margin:-12px;--awb-bordersize:0px;\" class=\"fusion-gallery fusion-gallery-container fusion-grid-4 fusion-columns-total-4 fusion-gallery-layout-grid fusion-gallery-4\"><div style=\"padding:12.5px;\" class=\"fusion-grid-column fusion-gallery-column fusion-gallery-column-4 hover-type-none\"><div class=\"fusion-gallery-image\"><a href=\"https:\/\/reos-hotel-allgaeu.de\/isny\/wp-content\/uploads\/sites\/3\/2023\/11\/doppelzimmer-comfort1.webp\" rel=\"noreferrer\" data-rel=\"iLightbox[gallery_image_4]\" class=\"fusion-lightbox\" target=\"_self\"><img decoding=\"async\" src=\"https:\/\/reos-hotel-allgaeu.de\/isny\/wp-content\/uploads\/sites\/3\/2023\/11\/doppelzimmer-comfort1.webp\" width=\"1920\" height=\"1280\" alt=\"Doppelzimmer Comfort - Reos Hotel Isny\" title=\"doppelzimmer-comfort1\" aria-label=\"doppelzimmer-comfort1\" class=\"img-responsive wp-image-3307\" srcset=\"https:\/\/reos-hotel-allgaeu.de\/isny\/wp-content\/uploads\/sites\/3\/2023\/11\/doppelzimmer-comfort1-200x133.webp 200w, https:\/\/reos-hotel-allgaeu.de\/isny\/wp-content\/uploads\/sites\/3\/2023\/11\/doppelzimmer-comfort1-400x267.webp 400w, https:\/\/reos-hotel-allgaeu.de\/isny\/wp-content\/uploads\/sites\/3\/2023\/11\/doppelzimmer-comfort1-600x400.webp 600w, https:\/\/reos-hotel-allgaeu.de\/isny\/wp-content\/uploads\/sites\/3\/2023\/11\/doppelzimmer-comfort1-800x533.webp 800w, https:\/\/reos-hotel-allgaeu.de\/isny\/wp-content\/uploads\/sites\/3\/2023\/11\/doppelzimmer-comfort1-1200x800.webp 1200w, https:\/\/reos-hotel-allgaeu.de\/isny\/wp-content\/uploads\/sites\/3\/2023\/11\/doppelzimmer-comfort1.webp 1920w\" sizes=\"(min-width: 2200px) 100vw, (min-width: 856px) 341px, (min-width: 784px) 455px, (min-width: 712px) 682px, (min-width: 640px) 712px, \" \/><\/a><\/div><\/div><div style=\"padding:12.5px;\" class=\"fusion-grid-column fusion-gallery-column fusion-gallery-column-4 hover-type-none\"><div class=\"fusion-gallery-image\"><a href=\"https:\/\/reos-hotel-allgaeu.de\/isny\/wp-content\/uploads\/sites\/3\/2023\/11\/doppelzimmer-comfort2.webp\" rel=\"noreferrer\" data-rel=\"iLightbox[gallery_image_4]\" class=\"fusion-lightbox\" target=\"_self\"><img decoding=\"async\" src=\"https:\/\/reos-hotel-allgaeu.de\/isny\/wp-content\/uploads\/sites\/3\/2023\/11\/doppelzimmer-comfort2.webp\" width=\"1920\" height=\"1280\" alt=\"Doppelzimmer Comfort - Reos Hotel Isny\" title=\"doppelzimmer-comfort2\" aria-label=\"doppelzimmer-comfort2\" class=\"img-responsive wp-image-3308\" srcset=\"https:\/\/reos-hotel-allgaeu.de\/isny\/wp-content\/uploads\/sites\/3\/2023\/11\/doppelzimmer-comfort2-200x133.webp 200w, https:\/\/reos-hotel-allgaeu.de\/isny\/wp-content\/uploads\/sites\/3\/2023\/11\/doppelzimmer-comfort2-400x267.webp 400w, https:\/\/reos-hotel-allgaeu.de\/isny\/wp-content\/uploads\/sites\/3\/2023\/11\/doppelzimmer-comfort2-600x400.webp 600w, https:\/\/reos-hotel-allgaeu.de\/isny\/wp-content\/uploads\/sites\/3\/2023\/11\/doppelzimmer-comfort2-800x533.webp 800w, https:\/\/reos-hotel-allgaeu.de\/isny\/wp-content\/uploads\/sites\/3\/2023\/11\/doppelzimmer-comfort2-1200x800.webp 1200w, https:\/\/reos-hotel-allgaeu.de\/isny\/wp-content\/uploads\/sites\/3\/2023\/11\/doppelzimmer-comfort2.webp 1920w\" sizes=\"(min-width: 2200px) 100vw, (min-width: 856px) 341px, (min-width: 784px) 455px, (min-width: 712px) 682px, (min-width: 640px) 712px, \" \/><\/a><\/div><\/div><div style=\"padding:12.5px;\" class=\"fusion-grid-column fusion-gallery-column fusion-gallery-column-4 hover-type-none\"><div class=\"fusion-gallery-image\"><a href=\"https:\/\/reos-hotel-allgaeu.de\/isny\/wp-content\/uploads\/sites\/3\/2023\/11\/doppelzimmer-comfort3.webp\" rel=\"noreferrer\" data-rel=\"iLightbox[gallery_image_4]\" class=\"fusion-lightbox\" target=\"_self\"><img decoding=\"async\" src=\"https:\/\/reos-hotel-allgaeu.de\/isny\/wp-content\/uploads\/sites\/3\/2023\/11\/doppelzimmer-comfort3.webp\" width=\"1920\" height=\"1280\" alt=\"Doppelzimmer Comfort - Reos Hotel Isny\" title=\"doppelzimmer-comfort3\" aria-label=\"doppelzimmer-comfort3\" class=\"img-responsive wp-image-3309\" srcset=\"https:\/\/reos-hotel-allgaeu.de\/isny\/wp-content\/uploads\/sites\/3\/2023\/11\/doppelzimmer-comfort3-200x133.webp 200w, https:\/\/reos-hotel-allgaeu.de\/isny\/wp-content\/uploads\/sites\/3\/2023\/11\/doppelzimmer-comfort3-400x267.webp 400w, https:\/\/reos-hotel-allgaeu.de\/isny\/wp-content\/uploads\/sites\/3\/2023\/11\/doppelzimmer-comfort3-600x400.webp 600w, https:\/\/reos-hotel-allgaeu.de\/isny\/wp-content\/uploads\/sites\/3\/2023\/11\/doppelzimmer-comfort3-800x533.webp 800w, https:\/\/reos-hotel-allgaeu.de\/isny\/wp-content\/uploads\/sites\/3\/2023\/11\/doppelzimmer-comfort3-1200x800.webp 1200w, https:\/\/reos-hotel-allgaeu.de\/isny\/wp-content\/uploads\/sites\/3\/2023\/11\/doppelzimmer-comfort3.webp 1920w\" sizes=\"(min-width: 2200px) 100vw, (min-width: 856px) 341px, (min-width: 784px) 455px, (min-width: 712px) 682px, (min-width: 640px) 712px, \" \/><\/a><\/div><\/div><div style=\"padding:12.5px;\" class=\"fusion-grid-column fusion-gallery-column fusion-gallery-column-4 hover-type-none\"><div class=\"fusion-gallery-image\"><a href=\"https:\/\/reos-hotel-allgaeu.de\/isny\/wp-content\/uploads\/sites\/3\/2023\/11\/bad2.webp\" rel=\"noreferrer\" data-rel=\"iLightbox[gallery_image_4]\" class=\"fusion-lightbox\" target=\"_self\"><img decoding=\"async\" src=\"https:\/\/reos-hotel-allgaeu.de\/isny\/wp-content\/uploads\/sites\/3\/2023\/11\/bad2.webp\" width=\"1920\" height=\"1280\" alt=\"badezimmer - Reos Hotel Isny\" title=\"bad2\" aria-label=\"bad2\" class=\"img-responsive wp-image-3262\" srcset=\"https:\/\/reos-hotel-allgaeu.de\/isny\/wp-content\/uploads\/sites\/3\/2023\/11\/bad2-200x133.webp 200w, https:\/\/reos-hotel-allgaeu.de\/isny\/wp-content\/uploads\/sites\/3\/2023\/11\/bad2-400x267.webp 400w, https:\/\/reos-hotel-allgaeu.de\/isny\/wp-content\/uploads\/sites\/3\/2023\/11\/bad2-600x400.webp 600w, https:\/\/reos-hotel-allgaeu.de\/isny\/wp-content\/uploads\/sites\/3\/2023\/11\/bad2-800x533.webp 800w, https:\/\/reos-hotel-allgaeu.de\/isny\/wp-content\/uploads\/sites\/3\/2023\/11\/bad2-1200x800.webp 1200w, https:\/\/reos-hotel-allgaeu.de\/isny\/wp-content\/uploads\/sites\/3\/2023\/11\/bad2.webp 1920w\" sizes=\"(min-width: 2200px) 100vw, (min-width: 856px) 341px, (min-width: 784px) 455px, (min-width: 712px) 682px, (min-width: 640px) 712px, \" \/><\/a><\/div><\/div><div class=\"clearfix\"><\/div><\/div><\/div><\/div><\/div><div class=\"fusion-layout-column fusion_builder_column fusion-builder-column-15 fusion_builder_column_1_2 1_2 fusion-flex-column\" style=\"--awb-bg-size:cover;--awb-width-large:50%;--awb-margin-top-large:0px;--awb-spacing-right-large:15px;--awb-margin-bottom-large:20px;--awb-spacing-left-large:15px;--awb-width-medium:50%;--awb-order-medium:0;--awb-spacing-right-medium:15px;--awb-spacing-left-medium:15px;--awb-width-small:100%;--awb-order-small:0;--awb-spacing-right-small:15px;--awb-spacing-left-small:15px;\"><div class=\"fusion-column-wrapper fusion-column-has-shadow fusion-flex-justify-content-flex-start fusion-content-layout-column\"><\/div><\/div><div class=\"fusion-layout-column fusion_builder_column fusion-builder-column-16 fusion_builder_column_1_2 1_2 fusion-flex-column\" style=\"--awb-bg-size:cover;--awb-width-large:50%;--awb-margin-top-large:0px;--awb-spacing-right-large:15px;--awb-margin-bottom-large:20px;--awb-spacing-left-large:15px;--awb-width-medium:50%;--awb-order-medium:0;--awb-spacing-right-medium:15px;--awb-spacing-left-medium:15px;--awb-width-small:100%;--awb-order-small:0;--awb-spacing-right-small:15px;--awb-spacing-left-small:15px;\"><div class=\"fusion-column-wrapper fusion-column-has-shadow fusion-flex-justify-content-flex-start fusion-content-layout-column\"><ul style=\"--awb-size:18px;--awb-line-height:30.6px;--awb-icon-width:30.6px;--awb-icon-height:30.6px;--awb-icon-margin:12.6px;--awb-content-margin:43.2px;--awb-circlecolor:var(--awb-color4);--awb-circle-yes-font-size:15.84px;\" class=\"fusion-checklist fusion-checklist-4 fusion-checklist-default type-icons\"><li class=\"fusion-li-item\" style=\"\"><span class=\"icon-wrapper circle-yes\"><i class=\"fusion-li-icon fa-clock fas\" aria-hidden=\"true\"><\/i><\/span><div class=\"fusion-li-item-content\">\n<p data-pm-slice=\"1 1 &#091;&#093;\">Check-In von 15 Uhr bis 21 Uhr, sp\u00e4terer Check-In auf Anfrage<\/p>\n<\/div><\/li><li class=\"fusion-li-item\" style=\"\"><span class=\"icon-wrapper circle-yes\"><i class=\"fusion-li-icon fa-arrows-alt fas\" aria-hidden=\"true\"><\/i><\/span><div class=\"fusion-li-item-content\">\n<p>19 m\u00b2<\/p>\n<\/div><\/li><li class=\"fusion-li-item\" style=\"\"><span class=\"icon-wrapper circle-yes\"><i class=\"fusion-li-icon fa-bed fas\" aria-hidden=\"true\"><\/i><\/span><div class=\"fusion-li-item-content\">\n<p>Queensize-Doppelbett 180 cm<\/p>\n<\/div><\/li><li class=\"fusion-li-item\" style=\"\"><span class=\"icon-wrapper circle-yes\"><i class=\"fusion-li-icon fa-shower fas\" aria-hidden=\"true\"><\/i><\/span><div class=\"fusion-li-item-content\">\n<p>Bad mit Dusche &amp; WC<\/p>\n<\/div><\/li><li class=\"fusion-li-item\" style=\"\"><span class=\"icon-wrapper circle-yes\"><i class=\"fusion-li-icon fa-coffee fas\" aria-hidden=\"true\"><\/i><\/span><div class=\"fusion-li-item-content\">\n<p>Inklusive Fr\u00fchst\u00fcck<\/p>\n<\/div><\/li><li class=\"fusion-li-item\" style=\"\"><span class=\"icon-wrapper circle-yes\"><i class=\"fusion-li-icon fa-plus fas\" aria-hidden=\"true\"><\/i><\/span><div class=\"fusion-li-item-content\">Haartrockner, TV, freies WLAN, USB-Steckdose<\/div><\/li><li class=\"fusion-li-item\" style=\"\"><span class=\"icon-wrapper circle-yes\"><i class=\"fusion-li-icon fa-paw fas\" aria-hidden=\"true\"><\/i><\/span><div class=\"fusion-li-item-content\">\n<p>Tiere sind willkommen<\/p>\n<\/div><\/li><li class=\"fusion-li-item\" style=\"\"><span class=\"icon-wrapper circle-yes\"><i class=\"fusion-li-icon fa-euro-sign fas\" aria-hidden=\"true\"><\/i><\/span><div class=\"fusion-li-item-content\">\n<p><strong>120,\u2013 Euro<br \/>\n<\/strong>Hunde erlaubt \u20ac 10,00 pro Nacht<strong><br \/>\n<\/strong><\/p>\n<\/div><\/li><\/ul><div ><a class=\"fusion-button button-flat fusion-button-default-size button-default fusion-button-default button-4 fusion-button-default-span fusion-button-default-type\" style=\"--awb-margin-top:50px;\" target=\"_blank\" rel=\"noopener noreferrer\" href=\"https:\/\/rooms.ibelsa.com\/de\/webbookingtwo\/3A9B7E70-E527-3688-85B3-65BB0949C8AB\/page\"><span class=\"fusion-button-text awb-button__text awb-button__text--default\">JETZT RESERVIEREN<\/span><\/a><\/div>\n<\/div><\/div><\/div><\/div><div class=\"fusion-fullwidth fullwidth-box fusion-builder-row-10 fusion-flex-container has-pattern-background has-mask-background hundred-percent-fullwidth non-hundred-percent-height-scrolling fusion-no-small-visibility fusion-animated no_touch\" style=\"--awb-border-radius-top-left:0px;--awb-border-radius-top-right:0px;--awb-border-radius-bottom-right:0px;--awb-border-radius-bottom-left:0px;--awb-margin-top:100px;--awb-margin-bottom:-1000px;--awb-flex-wrap:wrap;\" data-animationType=\"slideInLeft\" data-animationDuration=\"2.0\" data-animationOffset=\"top-into-view\" ><div class=\"fusion-builder-row fusion-row fusion-flex-align-items-flex-start fusion-flex-content-wrap\" style=\"width:calc( 100% + 30px ) !important;max-width:calc( 100% + 30px ) !important;margin-left: calc(-30px \/ 2 );margin-right: calc(-30px \/ 2 );\"><div class=\"fusion-layout-column fusion_builder_column fusion-builder-column-17 fusion_builder_column_1_1 1_1 fusion-flex-column\" style=\"--awb-bg-size:cover;--awb-width-large:100%;--awb-margin-top-large:0px;--awb-spacing-right-large:15px;--awb-margin-bottom-large:20px;--awb-spacing-left-large:15px;--awb-width-medium:100%;--awb-order-medium:0;--awb-spacing-right-medium:15px;--awb-spacing-left-medium:15px;--awb-width-small:100%;--awb-order-small:0;--awb-spacing-right-small:15px;--awb-spacing-left-small:15px;\"><div class=\"fusion-column-wrapper fusion-column-has-shadow fusion-flex-justify-content-flex-start fusion-content-layout-column\"><div class=\"fusion-text fusion-text-10\"><h4 style=\"text-align: left;\">DOPPELZIMMER<br \/>\nCOMFORT PLUS<\/h4>\n<\/div><\/div><\/div><\/div><\/div><div class=\"fusion-fullwidth fullwidth-box fusion-builder-row-11 fusion-flex-container has-pattern-background has-mask-background nonhundred-percent-fullwidth non-hundred-percent-height-scrolling\" style=\"--awb-background-position:left center;--awb-border-radius-top-left:0px;--awb-border-radius-top-right:0px;--awb-border-radius-bottom-right:0px;--awb-border-radius-bottom-left:0px;--awb-margin-top:100px;--awb-margin-bottom:15vh;--awb-min-height:80vh;--awb-flex-wrap:wrap;\" ><div class=\"fusion-builder-row fusion-row fusion-flex-align-items-flex-end fusion-flex-justify-content-center fusion-flex-content-wrap\" style=\"max-width:calc( 1400px + 30px );margin-left: calc(-30px \/ 2 );margin-right: calc(-30px \/ 2 );\"><div class=\"fusion-layout-column fusion_builder_column fusion-builder-column-18 fusion_builder_column_1_1 1_1 fusion-flex-column\" style=\"--awb-bg-size:cover;--awb-width-large:100%;--awb-margin-top-large:0px;--awb-spacing-right-large:15px;--awb-margin-bottom-large:20px;--awb-spacing-left-large:15px;--awb-width-medium:100%;--awb-order-medium:0;--awb-spacing-right-medium:15px;--awb-spacing-left-medium:15px;--awb-width-small:100%;--awb-order-small:0;--awb-spacing-right-small:15px;--awb-spacing-left-small:15px;\"><div class=\"fusion-column-wrapper fusion-column-has-shadow fusion-flex-justify-content-flex-start fusion-content-layout-column\"><div class=\"fusion-text fusion-text-11\"><h1>DOPPELZIMMER COMFORT PLUS<\/h1>\n<\/div><div class=\"awb-gallery-wrapper awb-gallery-wrapper-5 button-span-no\" style=\"--more-btn-alignment:center;\"><div style=\"margin:-12px;--awb-aspect-ratio:3 \/ 2;--awb-bordersize:0px;\" class=\"fusion-gallery fusion-gallery-container fusion-grid-4 fusion-columns-total-4 fusion-gallery-layout-grid fusion-gallery-5 has-aspect-ratio\"><div style=\"padding:12.5px;\" class=\"fusion-grid-column fusion-gallery-column fusion-gallery-column-4 hover-type-none\"><div class=\"fusion-gallery-image\"><a href=\"https:\/\/reos-hotel-allgaeu.de\/isny\/wp-content\/uploads\/sites\/3\/2023\/11\/doppelzimmer-comfort1.webp\" rel=\"noreferrer\" data-rel=\"iLightbox[gallery_image_5]\" class=\"fusion-lightbox\" target=\"_self\"><img decoding=\"async\" src=\"https:\/\/reos-hotel-allgaeu.de\/isny\/wp-content\/uploads\/sites\/3\/2023\/11\/doppelzimmer-comfort1-320x202.webp\" width=\"320\" height=\"202\" alt=\"Doppelzimmer Comfort - Reos Hotel Isny\" title=\"doppelzimmer-comfort1\" aria-label=\"doppelzimmer-comfort1\" class=\"img-responsive wp-image-3307 fusion-gallery-image-size-fixed\" srcset=\"https:\/\/reos-hotel-allgaeu.de\/isny\/wp-content\/uploads\/sites\/3\/2023\/11\/doppelzimmer-comfort1-320x202.webp 320w, https:\/\/reos-hotel-allgaeu.de\/isny\/wp-content\/uploads\/sites\/3\/2023\/11\/doppelzimmer-comfort1-700x441.webp 700w\" sizes=\"(max-width: 320px) 100vw, 320px\" \/><\/a><\/div><\/div><div style=\"padding:12.5px;\" class=\"fusion-grid-column fusion-gallery-column fusion-gallery-column-4 hover-type-none\"><div class=\"fusion-gallery-image\"><a href=\"https:\/\/reos-hotel-allgaeu.de\/isny\/wp-content\/uploads\/sites\/3\/2023\/11\/doppelzimmer-comfort2.webp\" rel=\"noreferrer\" data-rel=\"iLightbox[gallery_image_5]\" class=\"fusion-lightbox\" target=\"_self\"><img decoding=\"async\" src=\"https:\/\/reos-hotel-allgaeu.de\/isny\/wp-content\/uploads\/sites\/3\/2023\/11\/doppelzimmer-comfort2-320x202.webp\" width=\"320\" height=\"202\" alt=\"Doppelzimmer Comfort - Reos Hotel Isny\" title=\"doppelzimmer-comfort2\" aria-label=\"doppelzimmer-comfort2\" class=\"img-responsive wp-image-3308 fusion-gallery-image-size-fixed\" srcset=\"https:\/\/reos-hotel-allgaeu.de\/isny\/wp-content\/uploads\/sites\/3\/2023\/11\/doppelzimmer-comfort2-320x202.webp 320w, https:\/\/reos-hotel-allgaeu.de\/isny\/wp-content\/uploads\/sites\/3\/2023\/11\/doppelzimmer-comfort2-700x441.webp 700w\" sizes=\"(max-width: 320px) 100vw, 320px\" \/><\/a><\/div><\/div><div style=\"padding:12.5px;\" class=\"fusion-grid-column fusion-gallery-column fusion-gallery-column-4 hover-type-none\"><div class=\"fusion-gallery-image\"><a href=\"https:\/\/reos-hotel-allgaeu.de\/isny\/wp-content\/uploads\/sites\/3\/2023\/11\/doppelzimmer-comfort3.webp\" rel=\"noreferrer\" data-rel=\"iLightbox[gallery_image_5]\" class=\"fusion-lightbox\" target=\"_self\"><img decoding=\"async\" src=\"https:\/\/reos-hotel-allgaeu.de\/isny\/wp-content\/uploads\/sites\/3\/2023\/11\/doppelzimmer-comfort3-320x202.webp\" width=\"320\" height=\"202\" alt=\"Doppelzimmer Comfort - Reos Hotel Isny\" title=\"doppelzimmer-comfort3\" aria-label=\"doppelzimmer-comfort3\" class=\"img-responsive wp-image-3309 fusion-gallery-image-size-fixed\" srcset=\"https:\/\/reos-hotel-allgaeu.de\/isny\/wp-content\/uploads\/sites\/3\/2023\/11\/doppelzimmer-comfort3-320x202.webp 320w, https:\/\/reos-hotel-allgaeu.de\/isny\/wp-content\/uploads\/sites\/3\/2023\/11\/doppelzimmer-comfort3-700x441.webp 700w\" sizes=\"(max-width: 320px) 100vw, 320px\" \/><\/a><\/div><\/div><div style=\"padding:12.5px;\" class=\"fusion-grid-column fusion-gallery-column fusion-gallery-column-4 hover-type-none\"><div class=\"fusion-gallery-image\"><a href=\"https:\/\/reos-hotel-allgaeu.de\/isny\/wp-content\/uploads\/sites\/3\/2023\/11\/bad1-Kopie.webp\" rel=\"noreferrer\" data-rel=\"iLightbox[gallery_image_5]\" class=\"fusion-lightbox\" target=\"_self\"><img decoding=\"async\" src=\"https:\/\/reos-hotel-allgaeu.de\/isny\/wp-content\/uploads\/sites\/3\/2023\/11\/bad1-Kopie-320x202.webp\" width=\"320\" height=\"202\" alt=\"Reos Hotel Isny\" title=\"bad1 Kopie\" aria-label=\"bad1 Kopie\" class=\"img-responsive wp-image-3320 fusion-gallery-image-size-fixed\" srcset=\"https:\/\/reos-hotel-allgaeu.de\/isny\/wp-content\/uploads\/sites\/3\/2023\/11\/bad1-Kopie-320x202.webp 320w, https:\/\/reos-hotel-allgaeu.de\/isny\/wp-content\/uploads\/sites\/3\/2023\/11\/bad1-Kopie-700x441.webp 700w\" sizes=\"(max-width: 320px) 100vw, 320px\" \/><\/a><\/div><\/div><div class=\"clearfix\"><\/div><\/div><\/div><\/div><\/div><div class=\"fusion-layout-column fusion_builder_column fusion-builder-column-19 fusion_builder_column_1_2 1_2 fusion-flex-column\" style=\"--awb-bg-size:cover;--awb-width-large:50%;--awb-margin-top-large:0px;--awb-spacing-right-large:15px;--awb-margin-bottom-large:20px;--awb-spacing-left-large:15px;--awb-width-medium:50%;--awb-order-medium:0;--awb-spacing-right-medium:15px;--awb-spacing-left-medium:15px;--awb-width-small:100%;--awb-order-small:0;--awb-spacing-right-small:15px;--awb-spacing-left-small:15px;\"><div class=\"fusion-column-wrapper fusion-column-has-shadow fusion-flex-justify-content-flex-start fusion-content-layout-column\"><\/div><\/div><div class=\"fusion-layout-column fusion_builder_column fusion-builder-column-20 fusion_builder_column_1_2 1_2 fusion-flex-column\" style=\"--awb-bg-size:cover;--awb-width-large:50%;--awb-margin-top-large:0px;--awb-spacing-right-large:15px;--awb-margin-bottom-large:20px;--awb-spacing-left-large:15px;--awb-width-medium:50%;--awb-order-medium:0;--awb-spacing-right-medium:15px;--awb-spacing-left-medium:15px;--awb-width-small:100%;--awb-order-small:0;--awb-spacing-right-small:15px;--awb-spacing-left-small:15px;\"><div class=\"fusion-column-wrapper fusion-column-has-shadow fusion-flex-justify-content-flex-start fusion-content-layout-column\"><ul style=\"--awb-size:18px;--awb-line-height:30.6px;--awb-icon-width:30.6px;--awb-icon-height:30.6px;--awb-icon-margin:12.6px;--awb-content-margin:43.2px;--awb-circlecolor:var(--awb-color4);--awb-circle-yes-font-size:15.84px;\" class=\"fusion-checklist fusion-checklist-5 fusion-checklist-default type-icons\"><li class=\"fusion-li-item\" style=\"\"><span class=\"icon-wrapper circle-yes\"><i class=\"fusion-li-icon fa-clock fas\" aria-hidden=\"true\"><\/i><\/span><div class=\"fusion-li-item-content\">\n<p data-pm-slice=\"1 1 &#091;&#093;\">Check-In von 15 Uhr bis 21 Uhr, sp\u00e4tere Check-In auf Anfrage<\/p>\n<\/div><\/li><li class=\"fusion-li-item\" style=\"\"><span class=\"icon-wrapper circle-yes\"><i class=\"fusion-li-icon fa-arrows-alt fas\" aria-hidden=\"true\"><\/i><\/span><div class=\"fusion-li-item-content\">\n<p>22 m\u00b2<\/p>\n<\/div><\/li><li class=\"fusion-li-item\" style=\"\"><span class=\"icon-wrapper circle-yes\"><i class=\"fusion-li-icon fa-bed fas\" aria-hidden=\"true\"><\/i><\/span><div class=\"fusion-li-item-content\">\n<p>Queensize-Doppelbett 180 cm<\/p>\n<\/div><\/li><li class=\"fusion-li-item\" style=\"\"><span class=\"icon-wrapper circle-yes\"><i class=\"fusion-li-icon fa-wheelchair fas\" aria-hidden=\"true\"><\/i><\/span><div class=\"fusion-li-item-content\">\n<p>Rollstuhlgerecht<\/p>\n<\/div><\/li><li class=\"fusion-li-item\" style=\"\"><span class=\"icon-wrapper circle-yes\"><i class=\"fusion-li-icon fa-shower fas\" aria-hidden=\"true\"><\/i><\/span><div class=\"fusion-li-item-content\">\n<p>Bad mit Dusche &amp; WC<\/p>\n<\/div><\/li><li class=\"fusion-li-item\" style=\"\"><span class=\"icon-wrapper circle-yes\"><i class=\"fusion-li-icon fa-coffee fas\" aria-hidden=\"true\"><\/i><\/span><div class=\"fusion-li-item-content\">\n<p>Inklusive Fr\u00fchst\u00fcck<\/p>\n<\/div><\/li><li class=\"fusion-li-item\" style=\"\"><span class=\"icon-wrapper circle-yes\"><i class=\"fusion-li-icon fa-plus fas\" aria-hidden=\"true\"><\/i><\/span><div class=\"fusion-li-item-content\">Haartrockner, TV, freies WLAN, USB-Steckdose<\/div><\/li><li class=\"fusion-li-item\" style=\"\"><span class=\"icon-wrapper circle-yes\"><i class=\"fusion-li-icon fa-paw fas\" aria-hidden=\"true\"><\/i><\/span><div class=\"fusion-li-item-content\">\n<p>Tiere sind willkommen<\/p>\n<\/div><\/li><li class=\"fusion-li-item\" style=\"\"><span class=\"icon-wrapper circle-yes\"><i class=\"fusion-li-icon fa-euro-sign fas\" aria-hidden=\"true\"><\/i><\/span><div class=\"fusion-li-item-content\">\n<p><strong>ab 125,\u2013 Euro<br \/>\n<\/strong>Hunde erlaubt \u20ac 10,00 pro Nacht<strong><br \/>\n<\/strong><\/p>\n<\/div><\/li><\/ul><div ><a class=\"fusion-button button-flat fusion-button-default-size button-default fusion-button-default button-5 fusion-button-default-span fusion-button-default-type\" style=\"--awb-margin-top:50px;\" target=\"_blank\" rel=\"noopener noreferrer\" href=\"https:\/\/rooms.ibelsa.com\/de\/webbookingtwo\/3A9B7E70-E527-3688-85B3-65BB0949C8AB\/page\"><span class=\"fusion-button-text awb-button__text awb-button__text--default\">JETZT RESERVIEREN<\/span><\/a><\/div>\n<\/div><\/div><\/div><\/div><div class=\"fusion-fullwidth fullwidth-box fusion-builder-row-12 fusion-flex-container has-pattern-background has-mask-background hundred-percent-fullwidth non-hundred-percent-height-scrolling fusion-no-small-visibility fusion-animated no_touch\" style=\"--awb-border-radius-top-left:0px;--awb-border-radius-top-right:0px;--awb-border-radius-bottom-right:0px;--awb-border-radius-bottom-left:0px;--awb-margin-top:100px;--awb-margin-bottom:-700px;--awb-flex-wrap:wrap;\" data-animationType=\"slideInLeft\" data-animationDuration=\"2.0\" data-animationOffset=\"top-into-view\" ><div class=\"fusion-builder-row fusion-row fusion-flex-align-items-flex-start fusion-flex-content-wrap\" style=\"width:calc( 100% + 30px ) !important;max-width:calc( 100% + 30px ) !important;margin-left: calc(-30px \/ 2 );margin-right: calc(-30px \/ 2 );\"><div class=\"fusion-layout-column fusion_builder_column fusion-builder-column-21 fusion_builder_column_1_1 1_1 fusion-flex-column\" style=\"--awb-bg-size:cover;--awb-width-large:100%;--awb-margin-top-large:0px;--awb-spacing-right-large:15px;--awb-margin-bottom-large:20px;--awb-spacing-left-large:15px;--awb-width-medium:100%;--awb-order-medium:0;--awb-spacing-right-medium:15px;--awb-spacing-left-medium:15px;--awb-width-small:100%;--awb-order-small:0;--awb-spacing-right-small:15px;--awb-spacing-left-small:15px;\"><div class=\"fusion-column-wrapper fusion-column-has-shadow fusion-flex-justify-content-flex-start fusion-content-layout-column\"><div class=\"fusion-text fusion-text-12\"><h4 style=\"text-align: left;\">TWIN ROOM COMFORT<\/h4>\n<\/div><\/div><\/div><\/div><\/div><div class=\"fusion-fullwidth fullwidth-box fusion-builder-row-13 fusion-flex-container has-pattern-background has-mask-background nonhundred-percent-fullwidth non-hundred-percent-height-scrolling\" style=\"--awb-background-position:left center;--awb-border-radius-top-left:0px;--awb-border-radius-top-right:0px;--awb-border-radius-bottom-right:0px;--awb-border-radius-bottom-left:0px;--awb-margin-top:100px;--awb-margin-bottom:15vh;--awb-min-height:80vh;--awb-flex-wrap:wrap;\" ><div class=\"fusion-builder-row fusion-row fusion-flex-align-items-flex-end fusion-flex-justify-content-center fusion-flex-content-wrap\" style=\"max-width:calc( 1400px + 30px );margin-left: calc(-30px \/ 2 );margin-right: calc(-30px \/ 2 );\"><div class=\"fusion-layout-column fusion_builder_column fusion-builder-column-22 fusion_builder_column_1_1 1_1 fusion-flex-column\" style=\"--awb-bg-size:cover;--awb-width-large:100%;--awb-margin-top-large:0px;--awb-spacing-right-large:15px;--awb-margin-bottom-large:20px;--awb-spacing-left-large:15px;--awb-width-medium:100%;--awb-order-medium:0;--awb-spacing-right-medium:15px;--awb-spacing-left-medium:15px;--awb-width-small:100%;--awb-order-small:0;--awb-spacing-right-small:15px;--awb-spacing-left-small:15px;\"><div class=\"fusion-column-wrapper fusion-column-has-shadow fusion-flex-justify-content-flex-start fusion-content-layout-column\"><div class=\"fusion-text fusion-text-13\"><h1>TWIN ROOM COMFORT<\/h1>\n<\/div><div class=\"awb-gallery-wrapper awb-gallery-wrapper-6 button-span-no\" style=\"--more-btn-alignment:center;\"><div style=\"margin:-12px;--awb-aspect-ratio:3 \/ 2;--awb-bordersize:0px;\" class=\"fusion-gallery fusion-gallery-container fusion-grid-4 fusion-columns-total-4 fusion-gallery-layout-grid fusion-gallery-6 has-aspect-ratio\"><div style=\"padding:12.5px;\" class=\"fusion-grid-column fusion-gallery-column fusion-gallery-column-4 hover-type-none\"><div class=\"fusion-gallery-image\"><a href=\"https:\/\/reos-hotel-allgaeu.de\/isny\/wp-content\/uploads\/sites\/3\/2023\/11\/twinroom1.webp\" rel=\"noreferrer\" data-rel=\"iLightbox[gallery_image_6]\" class=\"fusion-lightbox\" target=\"_self\"><img decoding=\"async\" src=\"https:\/\/reos-hotel-allgaeu.de\/isny\/wp-content\/uploads\/sites\/3\/2023\/11\/twinroom1-320x202.webp\" width=\"320\" height=\"202\" alt=\"twin room - Reos Hotel Isny\" title=\"twinroom1\" aria-label=\"twinroom1\" class=\"img-responsive wp-image-3286 fusion-gallery-image-size-fixed\" srcset=\"https:\/\/reos-hotel-allgaeu.de\/isny\/wp-content\/uploads\/sites\/3\/2023\/11\/twinroom1-320x202.webp 320w, https:\/\/reos-hotel-allgaeu.de\/isny\/wp-content\/uploads\/sites\/3\/2023\/11\/twinroom1-700x441.webp 700w\" sizes=\"(max-width: 320px) 100vw, 320px\" \/><\/a><\/div><\/div><div style=\"padding:12.5px;\" class=\"fusion-grid-column fusion-gallery-column fusion-gallery-column-4 hover-type-none\"><div class=\"fusion-gallery-image\"><a href=\"https:\/\/reos-hotel-allgaeu.de\/isny\/wp-content\/uploads\/sites\/3\/2023\/11\/twinroom3.webp\" rel=\"noreferrer\" data-rel=\"iLightbox[gallery_image_6]\" class=\"fusion-lightbox\" target=\"_self\"><img decoding=\"async\" src=\"https:\/\/reos-hotel-allgaeu.de\/isny\/wp-content\/uploads\/sites\/3\/2023\/11\/twinroom3-320x202.webp\" width=\"320\" height=\"202\" alt=\"twin room - Reos Hotel Isny\" title=\"twinroom3\" aria-label=\"twinroom3\" class=\"img-responsive wp-image-3288 fusion-gallery-image-size-fixed\" srcset=\"https:\/\/reos-hotel-allgaeu.de\/isny\/wp-content\/uploads\/sites\/3\/2023\/11\/twinroom3-320x202.webp 320w, https:\/\/reos-hotel-allgaeu.de\/isny\/wp-content\/uploads\/sites\/3\/2023\/11\/twinroom3-700x441.webp 700w\" sizes=\"(max-width: 320px) 100vw, 320px\" \/><\/a><\/div><\/div><div style=\"padding:12.5px;\" class=\"fusion-grid-column fusion-gallery-column fusion-gallery-column-4 hover-type-none\"><div class=\"fusion-gallery-image\"><a href=\"https:\/\/reos-hotel-allgaeu.de\/isny\/wp-content\/uploads\/sites\/3\/2023\/11\/twinroom5.webp\" rel=\"noreferrer\" data-rel=\"iLightbox[gallery_image_6]\" class=\"fusion-lightbox\" target=\"_self\"><img decoding=\"async\" src=\"https:\/\/reos-hotel-allgaeu.de\/isny\/wp-content\/uploads\/sites\/3\/2023\/11\/twinroom5-320x202.webp\" width=\"320\" height=\"202\" alt=\"Twin room - Reos Hotel Isny\" title=\"twinroom5\" aria-label=\"twinroom5\" class=\"img-responsive wp-image-3315 fusion-gallery-image-size-fixed\" srcset=\"https:\/\/reos-hotel-allgaeu.de\/isny\/wp-content\/uploads\/sites\/3\/2023\/11\/twinroom5-320x202.webp 320w, https:\/\/reos-hotel-allgaeu.de\/isny\/wp-content\/uploads\/sites\/3\/2023\/11\/twinroom5-700x441.webp 700w\" sizes=\"(max-width: 320px) 100vw, 320px\" \/><\/a><\/div><\/div><div style=\"padding:12.5px;\" class=\"fusion-grid-column fusion-gallery-column fusion-gallery-column-4 hover-type-none\"><div class=\"fusion-gallery-image\"><a href=\"https:\/\/reos-hotel-allgaeu.de\/isny\/wp-content\/uploads\/sites\/3\/2023\/11\/bad4-Kopie-2.webp\" rel=\"noreferrer\" data-rel=\"iLightbox[gallery_image_6]\" class=\"fusion-lightbox\" target=\"_self\"><img decoding=\"async\" src=\"https:\/\/reos-hotel-allgaeu.de\/isny\/wp-content\/uploads\/sites\/3\/2023\/11\/bad4-Kopie-2-320x202.webp\" width=\"320\" height=\"202\" alt=\"Badezimmer\" title=\"bad4 Kopie 2\" aria-label=\"bad4 Kopie 2\" class=\"img-responsive wp-image-3311 fusion-gallery-image-size-fixed\" srcset=\"https:\/\/reos-hotel-allgaeu.de\/isny\/wp-content\/uploads\/sites\/3\/2023\/11\/bad4-Kopie-2-200x125.webp 200w, https:\/\/reos-hotel-allgaeu.de\/isny\/wp-content\/uploads\/sites\/3\/2023\/11\/bad4-Kopie-2-320x202.webp 320w, https:\/\/reos-hotel-allgaeu.de\/isny\/wp-content\/uploads\/sites\/3\/2023\/11\/bad4-Kopie-2-700x441.webp 700w\" sizes=\"(max-width: 320px) 100vw, 320px\" \/><\/a><\/div><\/div><div class=\"clearfix\"><\/div><\/div><\/div><\/div><\/div><div class=\"fusion-layout-column fusion_builder_column fusion-builder-column-23 fusion_builder_column_1_2 1_2 fusion-flex-column\" style=\"--awb-bg-size:cover;--awb-width-large:50%;--awb-margin-top-large:0px;--awb-spacing-right-large:15px;--awb-margin-bottom-large:20px;--awb-spacing-left-large:15px;--awb-width-medium:50%;--awb-order-medium:0;--awb-spacing-right-medium:15px;--awb-spacing-left-medium:15px;--awb-width-small:100%;--awb-order-small:0;--awb-spacing-right-small:15px;--awb-spacing-left-small:15px;\"><div class=\"fusion-column-wrapper fusion-column-has-shadow fusion-flex-justify-content-flex-start fusion-content-layout-column\"><\/div><\/div><div class=\"fusion-layout-column fusion_builder_column fusion-builder-column-24 fusion_builder_column_1_2 1_2 fusion-flex-column\" style=\"--awb-bg-size:cover;--awb-width-large:50%;--awb-margin-top-large:0px;--awb-spacing-right-large:15px;--awb-margin-bottom-large:20px;--awb-spacing-left-large:15px;--awb-width-medium:50%;--awb-order-medium:0;--awb-spacing-right-medium:15px;--awb-spacing-left-medium:15px;--awb-width-small:100%;--awb-order-small:0;--awb-spacing-right-small:15px;--awb-spacing-left-small:15px;\"><div class=\"fusion-column-wrapper fusion-column-has-shadow fusion-flex-justify-content-flex-start fusion-content-layout-column\"><ul style=\"--awb-size:18px;--awb-line-height:30.6px;--awb-icon-width:30.6px;--awb-icon-height:30.6px;--awb-icon-margin:12.6px;--awb-content-margin:43.2px;--awb-circlecolor:var(--awb-color4);--awb-circle-yes-font-size:15.84px;\" class=\"fusion-checklist fusion-checklist-6 fusion-checklist-default type-icons\"><li class=\"fusion-li-item\" style=\"\"><span class=\"icon-wrapper circle-yes\"><i class=\"fusion-li-icon fa-clock fas\" aria-hidden=\"true\"><\/i><\/span><div class=\"fusion-li-item-content\">\n<p data-pm-slice=\"1 1 &#091;&#093;\">Check-In von 15 Uhr bis 21 Uhr, sp\u00e4terer Check-In auf Anfrage<\/p>\n<\/div><\/li><li class=\"fusion-li-item\" style=\"\"><span class=\"icon-wrapper circle-yes\"><i class=\"fusion-li-icon fa-arrows-alt fas\" aria-hidden=\"true\"><\/i><\/span><div class=\"fusion-li-item-content\">\n<p>19 m\u00b2<\/p>\n<\/div><\/li><li class=\"fusion-li-item\" style=\"\"><span class=\"icon-wrapper circle-yes\"><i class=\"fusion-li-icon fa-bed fas\" aria-hidden=\"true\"><\/i><\/span><div class=\"fusion-li-item-content\">\n<p>180 cm | auch als Twin-Room m\u00f6glich<\/p>\n<\/div><\/li><li class=\"fusion-li-item\" style=\"\"><span class=\"icon-wrapper circle-yes\"><i class=\"fusion-li-icon fa-shower fas\" aria-hidden=\"true\"><\/i><\/span><div class=\"fusion-li-item-content\">\n<p>Bad mit Dusche &amp; WC<\/p>\n<\/div><\/li><li class=\"fusion-li-item\" style=\"\"><span class=\"icon-wrapper circle-yes\"><i class=\"fusion-li-icon fa-coffee fas\" aria-hidden=\"true\"><\/i><\/span><div class=\"fusion-li-item-content\">\n<p>Inklusive Fr\u00fchst\u00fcck<\/p>\n<\/div><\/li><li class=\"fusion-li-item\" style=\"\"><span class=\"icon-wrapper circle-yes\"><i class=\"fusion-li-icon fa-plus fas\" aria-hidden=\"true\"><\/i><\/span><div class=\"fusion-li-item-content\">Haartrockner, TV, freies WLAN, USB-Steckdose<\/div><\/li><li class=\"fusion-li-item\" style=\"\"><span class=\"icon-wrapper circle-yes\"><i class=\"fusion-li-icon fa-paw fas\" aria-hidden=\"true\"><\/i><\/span><div class=\"fusion-li-item-content\">\n<p>Tiere sind willkommen<\/p>\n<\/div><\/li><li class=\"fusion-li-item\" style=\"\"><span class=\"icon-wrapper circle-yes\"><i class=\"fusion-li-icon fa-euro-sign fas\" aria-hidden=\"true\"><\/i><\/span><div class=\"fusion-li-item-content\">\n<p><strong>ab 120,\u2013 Euro<br \/>\n<\/strong>Hunde erlaubt \u20ac 10,00 pro Nacht<\/p>\n<\/div><\/li><\/ul><div ><a class=\"fusion-button button-flat fusion-button-default-size button-default fusion-button-default button-6 fusion-button-default-span fusion-button-default-type\" style=\"--awb-margin-top:50px;\" target=\"_blank\" rel=\"noopener noreferrer\" href=\"https:\/\/rooms.ibelsa.com\/de\/webbookingtwo\/3A9B7E70-E527-3688-85B3-65BB0949C8AB\/page\"><span class=\"fusion-button-text awb-button__text awb-button__text--default\">JETZT RESERVIEREN<\/span><\/a><\/div>\n<\/div><\/div><\/div><\/div><div class=\"fusion-fullwidth fullwidth-box fusion-builder-row-14 fusion-flex-container has-pattern-background has-mask-background hundred-percent-fullwidth non-hundred-percent-height-scrolling fusion-no-small-visibility fusion-animated no_touch\" style=\"--awb-border-radius-top-left:0px;--awb-border-radius-top-right:0px;--awb-border-radius-bottom-right:0px;--awb-border-radius-bottom-left:0px;--awb-margin-top:100px;--awb-margin-bottom:-1000px;--awb-flex-wrap:wrap;\" data-animationType=\"slideInLeft\" data-animationDuration=\"2.0\" data-animationOffset=\"top-into-view\" ><div class=\"fusion-builder-row fusion-row fusion-flex-align-items-flex-start fusion-flex-content-wrap\" style=\"width:calc( 100% + 30px ) !important;max-width:calc( 100% + 30px ) !important;margin-left: calc(-30px \/ 2 );margin-right: calc(-30px \/ 2 );\"><div class=\"fusion-layout-column fusion_builder_column fusion-builder-column-25 fusion_builder_column_1_1 1_1 fusion-flex-column\" style=\"--awb-bg-size:cover;--awb-width-large:100%;--awb-margin-top-large:0px;--awb-spacing-right-large:15px;--awb-margin-bottom-large:20px;--awb-spacing-left-large:15px;--awb-width-medium:100%;--awb-order-medium:0;--awb-spacing-right-medium:15px;--awb-spacing-left-medium:15px;--awb-width-small:100%;--awb-order-small:0;--awb-spacing-right-small:15px;--awb-spacing-left-small:15px;\"><div class=\"fusion-column-wrapper fusion-column-has-shadow fusion-flex-justify-content-flex-start fusion-content-layout-column\"><div class=\"fusion-text fusion-text-14\"><h4 style=\"text-align: left;\">TWIN ROOM COMFORT<\/h4>\n<\/div><\/div><\/div><\/div><\/div><div class=\"fusion-fullwidth fullwidth-box fusion-builder-row-15 fusion-flex-container has-pattern-background has-mask-background nonhundred-percent-fullwidth non-hundred-percent-height-scrolling\" style=\"--awb-background-position:left center;--awb-border-radius-top-left:0px;--awb-border-radius-top-right:0px;--awb-border-radius-bottom-right:0px;--awb-border-radius-bottom-left:0px;--awb-margin-top:100px;--awb-margin-bottom:15vh;--awb-min-height:80vh;--awb-flex-wrap:wrap;\" ><div class=\"fusion-builder-row fusion-row fusion-flex-align-items-flex-end fusion-flex-justify-content-center fusion-flex-content-wrap\" style=\"max-width:calc( 1400px + 30px );margin-left: calc(-30px \/ 2 );margin-right: calc(-30px \/ 2 );\"><div class=\"fusion-layout-column fusion_builder_column fusion-builder-column-26 fusion_builder_column_1_1 1_1 fusion-flex-column\" style=\"--awb-bg-size:cover;--awb-width-large:100%;--awb-margin-top-large:0px;--awb-spacing-right-large:15px;--awb-margin-bottom-large:20px;--awb-spacing-left-large:15px;--awb-width-medium:100%;--awb-order-medium:0;--awb-spacing-right-medium:15px;--awb-spacing-left-medium:15px;--awb-width-small:100%;--awb-order-small:0;--awb-spacing-right-small:15px;--awb-spacing-left-small:15px;\"><div class=\"fusion-column-wrapper fusion-column-has-shadow fusion-flex-justify-content-flex-start fusion-content-layout-column\"><div class=\"fusion-text fusion-text-15\"><h1>TWIN ROOM COMFORT PLUS<\/h1>\n<\/div><div class=\"awb-gallery-wrapper awb-gallery-wrapper-7 button-span-no\" style=\"--more-btn-alignment:center;\"><div style=\"margin:-12px;--awb-aspect-ratio:3 \/ 2;--awb-bordersize:0px;\" class=\"fusion-gallery fusion-gallery-container fusion-grid-4 fusion-columns-total-4 fusion-gallery-layout-grid fusion-gallery-7 has-aspect-ratio\"><div style=\"padding:12.5px;\" class=\"fusion-grid-column fusion-gallery-column fusion-gallery-column-4 hover-type-none\"><div class=\"fusion-gallery-image\"><a href=\"https:\/\/reos-hotel-allgaeu.de\/isny\/wp-content\/uploads\/sites\/3\/2023\/11\/twinroom5.webp\" rel=\"noreferrer\" data-rel=\"iLightbox[gallery_image_7]\" class=\"fusion-lightbox\" target=\"_self\"><img decoding=\"async\" src=\"https:\/\/reos-hotel-allgaeu.de\/isny\/wp-content\/uploads\/sites\/3\/2023\/11\/twinroom5-320x202.webp\" width=\"320\" height=\"202\" alt=\"Twin room - Reos Hotel Isny\" title=\"twinroom5\" aria-label=\"twinroom5\" class=\"img-responsive wp-image-3315 fusion-gallery-image-size-fixed\" srcset=\"https:\/\/reos-hotel-allgaeu.de\/isny\/wp-content\/uploads\/sites\/3\/2023\/11\/twinroom5-320x202.webp 320w, https:\/\/reos-hotel-allgaeu.de\/isny\/wp-content\/uploads\/sites\/3\/2023\/11\/twinroom5-700x441.webp 700w\" sizes=\"(max-width: 320px) 100vw, 320px\" \/><\/a><\/div><\/div><div style=\"padding:12.5px;\" class=\"fusion-grid-column fusion-gallery-column fusion-gallery-column-4 hover-type-none\"><div class=\"fusion-gallery-image\"><a href=\"https:\/\/reos-hotel-allgaeu.de\/isny\/wp-content\/uploads\/sites\/3\/2022\/12\/twinroom.webp\" rel=\"noreferrer\" data-rel=\"iLightbox[gallery_image_7]\" class=\"fusion-lightbox\" target=\"_self\"><img decoding=\"async\" src=\"https:\/\/reos-hotel-allgaeu.de\/isny\/wp-content\/uploads\/sites\/3\/2022\/12\/twinroom-320x202.webp\" width=\"320\" height=\"202\" alt=\"twin room - Reos Hotel Isny\" title=\"twinroom\" aria-label=\"twinroom\" class=\"img-responsive wp-image-3299 fusion-gallery-image-size-fixed\" style=\"object-position:36% 50%;\" srcset=\"https:\/\/reos-hotel-allgaeu.de\/isny\/wp-content\/uploads\/sites\/3\/2022\/12\/twinroom-320x202.webp 320w, https:\/\/reos-hotel-allgaeu.de\/isny\/wp-content\/uploads\/sites\/3\/2022\/12\/twinroom-700x441.webp 700w\" sizes=\"(max-width: 320px) 100vw, 320px\" \/><\/a><\/div><\/div><div style=\"padding:12.5px;\" class=\"fusion-grid-column fusion-gallery-column fusion-gallery-column-4 hover-type-none\"><div class=\"fusion-gallery-image\"><a href=\"https:\/\/reos-hotel-allgaeu.de\/isny\/wp-content\/uploads\/sites\/3\/2023\/11\/twinroom3.webp\" rel=\"noreferrer\" data-rel=\"iLightbox[gallery_image_7]\" class=\"fusion-lightbox\" target=\"_self\"><img decoding=\"async\" src=\"https:\/\/reos-hotel-allgaeu.de\/isny\/wp-content\/uploads\/sites\/3\/2023\/11\/twinroom3-320x202.webp\" width=\"320\" height=\"202\" alt=\"twin room - Reos Hotel Isny\" title=\"twinroom3\" aria-label=\"twinroom3\" class=\"img-responsive wp-image-3288 fusion-gallery-image-size-fixed\" srcset=\"https:\/\/reos-hotel-allgaeu.de\/isny\/wp-content\/uploads\/sites\/3\/2023\/11\/twinroom3-320x202.webp 320w, https:\/\/reos-hotel-allgaeu.de\/isny\/wp-content\/uploads\/sites\/3\/2023\/11\/twinroom3-700x441.webp 700w\" sizes=\"(max-width: 320px) 100vw, 320px\" \/><\/a><\/div><\/div><div style=\"padding:12.5px;\" class=\"fusion-grid-column fusion-gallery-column fusion-gallery-column-4 hover-type-none\"><div class=\"fusion-gallery-image\"><a href=\"https:\/\/reos-hotel-allgaeu.de\/isny\/wp-content\/uploads\/sites\/3\/2023\/11\/bad1-Kopie.webp\" rel=\"noreferrer\" data-rel=\"iLightbox[gallery_image_7]\" class=\"fusion-lightbox\" target=\"_self\"><img decoding=\"async\" src=\"https:\/\/reos-hotel-allgaeu.de\/isny\/wp-content\/uploads\/sites\/3\/2023\/11\/bad1-Kopie-320x202.webp\" width=\"320\" height=\"202\" alt=\"Reos Hotel Isny\" title=\"bad1 Kopie\" aria-label=\"bad1 Kopie\" class=\"img-responsive wp-image-3320 fusion-gallery-image-size-fixed\" srcset=\"https:\/\/reos-hotel-allgaeu.de\/isny\/wp-content\/uploads\/sites\/3\/2023\/11\/bad1-Kopie-320x202.webp 320w, https:\/\/reos-hotel-allgaeu.de\/isny\/wp-content\/uploads\/sites\/3\/2023\/11\/bad1-Kopie-700x441.webp 700w\" sizes=\"(max-width: 320px) 100vw, 320px\" \/><\/a><\/div><\/div><div class=\"clearfix\"><\/div><\/div><\/div><\/div><\/div><div class=\"fusion-layout-column fusion_builder_column fusion-builder-column-27 fusion_builder_column_1_2 1_2 fusion-flex-column\" style=\"--awb-bg-size:cover;--awb-width-large:50%;--awb-margin-top-large:0px;--awb-spacing-right-large:15px;--awb-margin-bottom-large:20px;--awb-spacing-left-large:15px;--awb-width-medium:50%;--awb-order-medium:0;--awb-spacing-right-medium:15px;--awb-spacing-left-medium:15px;--awb-width-small:100%;--awb-order-small:0;--awb-spacing-right-small:15px;--awb-spacing-left-small:15px;\"><div class=\"fusion-column-wrapper fusion-column-has-shadow fusion-flex-justify-content-flex-start fusion-content-layout-column\"><\/div><\/div><div class=\"fusion-layout-column fusion_builder_column fusion-builder-column-28 fusion_builder_column_1_2 1_2 fusion-flex-column\" style=\"--awb-bg-size:cover;--awb-width-large:50%;--awb-margin-top-large:0px;--awb-spacing-right-large:15px;--awb-margin-bottom-large:20px;--awb-spacing-left-large:15px;--awb-width-medium:50%;--awb-order-medium:0;--awb-spacing-right-medium:15px;--awb-spacing-left-medium:15px;--awb-width-small:100%;--awb-order-small:0;--awb-spacing-right-small:15px;--awb-spacing-left-small:15px;\"><div class=\"fusion-column-wrapper fusion-column-has-shadow fusion-flex-justify-content-flex-start fusion-content-layout-column\"><ul style=\"--awb-size:18px;--awb-line-height:30.6px;--awb-icon-width:30.6px;--awb-icon-height:30.6px;--awb-icon-margin:12.6px;--awb-content-margin:43.2px;--awb-circlecolor:var(--awb-color4);--awb-circle-yes-font-size:15.84px;\" class=\"fusion-checklist fusion-checklist-7 fusion-checklist-default type-icons\"><li class=\"fusion-li-item\" style=\"\"><span class=\"icon-wrapper circle-yes\"><i class=\"fusion-li-icon fa-clock fas\" aria-hidden=\"true\"><\/i><\/span><div class=\"fusion-li-item-content\">\n<p data-pm-slice=\"1 1 &#091;&#093;\">Check-In von 15 Uhr bis 21 Uhr, sp\u00e4terer Check-In auf Anfrage<\/p>\n<\/div><\/li><li class=\"fusion-li-item\" style=\"\"><span class=\"icon-wrapper circle-yes\"><i class=\"fusion-li-icon fa-arrows-alt fas\" aria-hidden=\"true\"><\/i><\/span><div class=\"fusion-li-item-content\">\n<p>22 m\u00b2<\/p>\n<\/div><\/li><li class=\"fusion-li-item\" style=\"\"><span class=\"icon-wrapper circle-yes\"><i class=\"fusion-li-icon fa-bed fas\" aria-hidden=\"true\"><\/i><\/span><div class=\"fusion-li-item-content\">\n<p>180 cm | auch als Twin-Room m\u00f6glich<\/p>\n<\/div><\/li><li class=\"fusion-li-item\" style=\"\"><span class=\"icon-wrapper circle-yes\"><i class=\"fusion-li-icon fa-wheelchair fas\" aria-hidden=\"true\"><\/i><\/span><div class=\"fusion-li-item-content\">\n<p>Rollstuhlgerecht<\/p>\n<\/div><\/li><li class=\"fusion-li-item\" style=\"\"><span class=\"icon-wrapper circle-yes\"><i class=\"fusion-li-icon fa-shower fas\" aria-hidden=\"true\"><\/i><\/span><div class=\"fusion-li-item-content\">\n<p>Bad mit Dusche &amp; WC<\/p>\n<\/div><\/li><li class=\"fusion-li-item\" style=\"\"><span class=\"icon-wrapper circle-yes\"><i class=\"fusion-li-icon fa-coffee fas\" aria-hidden=\"true\"><\/i><\/span><div class=\"fusion-li-item-content\">\n<p>Inklusive Fr\u00fchst\u00fcck<\/p>\n<\/div><\/li><li class=\"fusion-li-item\" style=\"\"><span class=\"icon-wrapper circle-yes\"><i class=\"fusion-li-icon fa-plus fas\" aria-hidden=\"true\"><\/i><\/span><div class=\"fusion-li-item-content\">\n<p>Haartrockner, TV, freies WLAN, USB-Steckdose<\/p>\n<\/div><\/li><li class=\"fusion-li-item\" style=\"\"><span class=\"icon-wrapper circle-yes\"><i class=\"fusion-li-icon fa-paw fas\" aria-hidden=\"true\"><\/i><\/span><div class=\"fusion-li-item-content\">\n<p>Tiere sind willkommen<\/p>\n<\/div><\/li><li class=\"fusion-li-item\" style=\"\"><span class=\"icon-wrapper circle-yes\"><i class=\"fusion-li-icon fa-euro-sign fas\" aria-hidden=\"true\"><\/i><\/span><div class=\"fusion-li-item-content\">\n<p><strong>ab 125,\u2013 Euro<br \/>\n<\/strong>Hunde erlaubt \u20ac 10,00 pro Nacht<\/p>\n<\/div><\/li><\/ul><div ><a class=\"fusion-button button-flat fusion-button-default-size button-default fusion-button-default button-7 fusion-button-default-span fusion-button-default-type\" style=\"--awb-margin-top:50px;\" target=\"_blank\" rel=\"noopener noreferrer\" href=\"https:\/\/rooms.ibelsa.com\/de\/webbookingtwo\/3A9B7E70-E527-3688-85B3-65BB0949C8AB\/page\"><span class=\"fusion-button-text awb-button__text awb-button__text--default\">JETZT RESERVIEREN<\/span><\/a><\/div>\n<\/div><\/div><\/div><\/div><div class=\"fusion-fullwidth fullwidth-box fusion-builder-row-16 fusion-flex-container has-pattern-background has-mask-background hundred-percent-fullwidth non-hundred-percent-height-scrolling fusion-no-small-visibility fusion-animated no_touch\" style=\"--awb-border-radius-top-left:0px;--awb-border-radius-top-right:0px;--awb-border-radius-bottom-right:0px;--awb-border-radius-bottom-left:0px;--awb-margin-top:100px;--awb-margin-bottom:-1000px;--awb-flex-wrap:wrap;\" data-animationType=\"slideInLeft\" data-animationDuration=\"2.0\" data-animationOffset=\"top-into-view\" ><div class=\"fusion-builder-row fusion-row fusion-flex-align-items-flex-start fusion-flex-content-wrap\" style=\"width:calc( 100% + 30px ) !important;max-width:calc( 100% + 30px ) !important;margin-left: calc(-30px \/ 2 );margin-right: calc(-30px \/ 2 );\"><div class=\"fusion-layout-column fusion_builder_column fusion-builder-column-29 fusion_builder_column_1_1 1_1 fusion-flex-column\" style=\"--awb-bg-size:cover;--awb-width-large:100%;--awb-margin-top-large:0px;--awb-spacing-right-large:15px;--awb-margin-bottom-large:20px;--awb-spacing-left-large:15px;--awb-width-medium:100%;--awb-order-medium:0;--awb-spacing-right-medium:15px;--awb-spacing-left-medium:15px;--awb-width-small:100%;--awb-order-small:0;--awb-spacing-right-small:15px;--awb-spacing-left-small:15px;\"><div class=\"fusion-column-wrapper fusion-column-has-shadow fusion-flex-justify-content-flex-start fusion-content-layout-column\"><div class=\"fusion-text fusion-text-16\"><h4 style=\"text-align: left;\">FAMILY ROOM COMFORT<\/h4>\n<\/div><\/div><\/div><\/div><\/div><div class=\"fusion-fullwidth fullwidth-box fusion-builder-row-17 fusion-flex-container has-pattern-background has-mask-background nonhundred-percent-fullwidth non-hundred-percent-height-scrolling\" style=\"--awb-background-position:left center;--awb-border-radius-top-left:0px;--awb-border-radius-top-right:0px;--awb-border-radius-bottom-right:0px;--awb-border-radius-bottom-left:0px;--awb-margin-top:100px;--awb-margin-bottom:15vh;--awb-min-height:80vh;--awb-flex-wrap:wrap;\" ><div class=\"fusion-builder-row fusion-row fusion-flex-align-items-flex-end fusion-flex-justify-content-center fusion-flex-content-wrap\" style=\"max-width:calc( 1400px + 30px );margin-left: calc(-30px \/ 2 );margin-right: calc(-30px \/ 2 );\"><div class=\"fusion-layout-column fusion_builder_column fusion-builder-column-30 fusion_builder_column_1_1 1_1 fusion-flex-column\" style=\"--awb-bg-size:cover;--awb-width-large:100%;--awb-margin-top-large:0px;--awb-spacing-right-large:15px;--awb-margin-bottom-large:20px;--awb-spacing-left-large:15px;--awb-width-medium:100%;--awb-order-medium:0;--awb-spacing-right-medium:15px;--awb-spacing-left-medium:15px;--awb-width-small:100%;--awb-order-small:0;--awb-spacing-right-small:15px;--awb-spacing-left-small:15px;\"><div class=\"fusion-column-wrapper fusion-column-has-shadow fusion-flex-justify-content-flex-start fusion-content-layout-column\"><div class=\"fusion-text fusion-text-17\"><h1>FAMILY ROOM COMFORT<\/h1>\n<\/div><div class=\"awb-gallery-wrapper awb-gallery-wrapper-8 button-span-no\" style=\"--more-btn-alignment:center;\"><div style=\"margin:-12px;--awb-bordersize:0px;\" class=\"fusion-gallery fusion-gallery-container fusion-grid-4 fusion-columns-total-4 fusion-gallery-layout-grid fusion-gallery-8\"><div style=\"padding:12.5px;\" class=\"fusion-grid-column fusion-gallery-column fusion-gallery-column-4 hover-type-none\"><div class=\"fusion-gallery-image\"><a href=\"https:\/\/reos-hotel-allgaeu.de\/isny\/wp-content\/uploads\/sites\/3\/2023\/11\/familienzimmer1-e1702915637960.webp\" rel=\"noreferrer\" data-rel=\"iLightbox[gallery_image_8]\" class=\"fusion-lightbox\" target=\"_self\"><img decoding=\"async\" src=\"https:\/\/reos-hotel-allgaeu.de\/isny\/wp-content\/uploads\/sites\/3\/2023\/11\/familienzimmer1-e1702915637960.webp\" width=\"1114\" height=\"743\" alt=\"Familienzimmer - Reos Hotel Isny\" title=\"familienzimmer1\" aria-label=\"familienzimmer1\" class=\"img-responsive wp-image-3281\" srcset=\"https:\/\/reos-hotel-allgaeu.de\/isny\/wp-content\/uploads\/sites\/3\/2023\/11\/familienzimmer1-e1702915637960-200x133.webp 200w, https:\/\/reos-hotel-allgaeu.de\/isny\/wp-content\/uploads\/sites\/3\/2023\/11\/familienzimmer1-e1702915637960-400x267.webp 400w, https:\/\/reos-hotel-allgaeu.de\/isny\/wp-content\/uploads\/sites\/3\/2023\/11\/familienzimmer1-e1702915637960-600x400.webp 600w, https:\/\/reos-hotel-allgaeu.de\/isny\/wp-content\/uploads\/sites\/3\/2023\/11\/familienzimmer1-e1702915637960-800x534.webp 800w, https:\/\/reos-hotel-allgaeu.de\/isny\/wp-content\/uploads\/sites\/3\/2023\/11\/familienzimmer1-e1702915637960.webp 1114w\" sizes=\"(min-width: 2200px) 100vw, (min-width: 856px) 341px, (min-width: 784px) 455px, (min-width: 712px) 682px, (min-width: 640px) 712px, \" \/><\/a><\/div><\/div><div style=\"padding:12.5px;\" class=\"fusion-grid-column fusion-gallery-column fusion-gallery-column-4 hover-type-none\"><div class=\"fusion-gallery-image\"><a href=\"https:\/\/reos-hotel-allgaeu.de\/isny\/wp-content\/uploads\/sites\/3\/2023\/11\/familienzimmer2.webp\" rel=\"noreferrer\" data-rel=\"iLightbox[gallery_image_8]\" class=\"fusion-lightbox\" target=\"_self\"><img decoding=\"async\" src=\"https:\/\/reos-hotel-allgaeu.de\/isny\/wp-content\/uploads\/sites\/3\/2023\/11\/familienzimmer2.webp\" width=\"1920\" height=\"1280\" alt=\"Familienzimmer - Reos Hotel Isny\" title=\"familienzimmer2\" aria-label=\"familienzimmer2\" class=\"img-responsive wp-image-3282\" srcset=\"https:\/\/reos-hotel-allgaeu.de\/isny\/wp-content\/uploads\/sites\/3\/2023\/11\/familienzimmer2-200x133.webp 200w, https:\/\/reos-hotel-allgaeu.de\/isny\/wp-content\/uploads\/sites\/3\/2023\/11\/familienzimmer2-400x267.webp 400w, https:\/\/reos-hotel-allgaeu.de\/isny\/wp-content\/uploads\/sites\/3\/2023\/11\/familienzimmer2-600x400.webp 600w, https:\/\/reos-hotel-allgaeu.de\/isny\/wp-content\/uploads\/sites\/3\/2023\/11\/familienzimmer2-800x533.webp 800w, https:\/\/reos-hotel-allgaeu.de\/isny\/wp-content\/uploads\/sites\/3\/2023\/11\/familienzimmer2-1200x800.webp 1200w, https:\/\/reos-hotel-allgaeu.de\/isny\/wp-content\/uploads\/sites\/3\/2023\/11\/familienzimmer2.webp 1920w\" sizes=\"(min-width: 2200px) 100vw, (min-width: 856px) 341px, (min-width: 784px) 455px, (min-width: 712px) 682px, (min-width: 640px) 712px, \" \/><\/a><\/div><\/div><div style=\"padding:12.5px;\" class=\"fusion-grid-column fusion-gallery-column fusion-gallery-column-4 hover-type-none\"><div class=\"fusion-gallery-image\"><a href=\"https:\/\/reos-hotel-allgaeu.de\/isny\/wp-content\/uploads\/sites\/3\/2023\/11\/familienzimmer5.webp\" rel=\"noreferrer\" data-rel=\"iLightbox[gallery_image_8]\" class=\"fusion-lightbox\" target=\"_self\"><img decoding=\"async\" src=\"https:\/\/reos-hotel-allgaeu.de\/isny\/wp-content\/uploads\/sites\/3\/2023\/11\/familienzimmer5.webp\" width=\"1920\" height=\"1280\" alt=\"Familienzimmer - Reos Hotel Isny\" title=\"familienzimmer5\" aria-label=\"familienzimmer5\" class=\"img-responsive wp-image-3294\" srcset=\"https:\/\/reos-hotel-allgaeu.de\/isny\/wp-content\/uploads\/sites\/3\/2023\/11\/familienzimmer5-200x133.webp 200w, https:\/\/reos-hotel-allgaeu.de\/isny\/wp-content\/uploads\/sites\/3\/2023\/11\/familienzimmer5-400x267.webp 400w, https:\/\/reos-hotel-allgaeu.de\/isny\/wp-content\/uploads\/sites\/3\/2023\/11\/familienzimmer5-600x400.webp 600w, https:\/\/reos-hotel-allgaeu.de\/isny\/wp-content\/uploads\/sites\/3\/2023\/11\/familienzimmer5-800x533.webp 800w, https:\/\/reos-hotel-allgaeu.de\/isny\/wp-content\/uploads\/sites\/3\/2023\/11\/familienzimmer5-1200x800.webp 1200w, https:\/\/reos-hotel-allgaeu.de\/isny\/wp-content\/uploads\/sites\/3\/2023\/11\/familienzimmer5.webp 1920w\" sizes=\"(min-width: 2200px) 100vw, (min-width: 856px) 341px, (min-width: 784px) 455px, (min-width: 712px) 682px, (min-width: 640px) 712px, \" \/><\/a><\/div><\/div><div style=\"padding:12.5px;\" class=\"fusion-grid-column fusion-gallery-column fusion-gallery-column-4 hover-type-none\"><div class=\"fusion-gallery-image\"><a href=\"https:\/\/reos-hotel-allgaeu.de\/isny\/wp-content\/uploads\/sites\/3\/2023\/11\/bad5.webp\" rel=\"noreferrer\" data-rel=\"iLightbox[gallery_image_8]\" class=\"fusion-lightbox\" target=\"_self\"><img decoding=\"async\" src=\"https:\/\/reos-hotel-allgaeu.de\/isny\/wp-content\/uploads\/sites\/3\/2023\/11\/bad5.webp\" width=\"1920\" height=\"1280\" alt=\"badezimmer - Reos Hotel Isny\" title=\"bad5\" aria-label=\"bad5\" class=\"img-responsive wp-image-3265\" srcset=\"https:\/\/reos-hotel-allgaeu.de\/isny\/wp-content\/uploads\/sites\/3\/2023\/11\/bad5-200x133.webp 200w, https:\/\/reos-hotel-allgaeu.de\/isny\/wp-content\/uploads\/sites\/3\/2023\/11\/bad5-400x267.webp 400w, https:\/\/reos-hotel-allgaeu.de\/isny\/wp-content\/uploads\/sites\/3\/2023\/11\/bad5-600x400.webp 600w, https:\/\/reos-hotel-allgaeu.de\/isny\/wp-content\/uploads\/sites\/3\/2023\/11\/bad5-800x533.webp 800w, https:\/\/reos-hotel-allgaeu.de\/isny\/wp-content\/uploads\/sites\/3\/2023\/11\/bad5-1200x800.webp 1200w, https:\/\/reos-hotel-allgaeu.de\/isny\/wp-content\/uploads\/sites\/3\/2023\/11\/bad5.webp 1920w\" sizes=\"(min-width: 2200px) 100vw, (min-width: 856px) 341px, (min-width: 784px) 455px, (min-width: 712px) 682px, (min-width: 640px) 712px, \" \/><\/a><\/div><\/div><div class=\"clearfix\"><\/div><\/div><\/div><\/div><\/div><div class=\"fusion-layout-column fusion_builder_column fusion-builder-column-31 fusion_builder_column_1_2 1_2 fusion-flex-column\" style=\"--awb-bg-size:cover;--awb-width-large:50%;--awb-margin-top-large:0px;--awb-spacing-right-large:15px;--awb-margin-bottom-large:20px;--awb-spacing-left-large:15px;--awb-width-medium:50%;--awb-order-medium:0;--awb-spacing-right-medium:15px;--awb-spacing-left-medium:15px;--awb-width-small:100%;--awb-order-small:0;--awb-spacing-right-small:15px;--awb-spacing-left-small:15px;\"><div class=\"fusion-column-wrapper fusion-column-has-shadow fusion-flex-justify-content-flex-start fusion-content-layout-column\"><\/div><\/div><div class=\"fusion-layout-column fusion_builder_column fusion-builder-column-32 fusion_builder_column_1_2 1_2 fusion-flex-column\" style=\"--awb-bg-size:cover;--awb-width-large:50%;--awb-margin-top-large:0px;--awb-spacing-right-large:15px;--awb-margin-bottom-large:20px;--awb-spacing-left-large:15px;--awb-width-medium:50%;--awb-order-medium:0;--awb-spacing-right-medium:15px;--awb-spacing-left-medium:15px;--awb-width-small:100%;--awb-order-small:0;--awb-spacing-right-small:15px;--awb-spacing-left-small:15px;\"><div class=\"fusion-column-wrapper fusion-column-has-shadow fusion-flex-justify-content-flex-start fusion-content-layout-column\"><ul style=\"--awb-size:18px;--awb-line-height:30.6px;--awb-icon-width:30.6px;--awb-icon-height:30.6px;--awb-icon-margin:12.6px;--awb-content-margin:43.2px;--awb-circlecolor:var(--awb-color4);--awb-circle-yes-font-size:15.84px;\" class=\"fusion-checklist fusion-checklist-8 fusion-checklist-default type-icons\"><li class=\"fusion-li-item\" style=\"\"><span class=\"icon-wrapper circle-yes\"><i class=\"fusion-li-icon fa-clock fas\" aria-hidden=\"true\"><\/i><\/span><div class=\"fusion-li-item-content\">\n<p data-pm-slice=\"1 1 &#091;&#093;\">Check-In von 15 Uhr bis 21 Uhr, sp\u00e4terer Check-In auf Anfrage<\/p>\n<\/div><\/li><li class=\"fusion-li-item\" style=\"\"><span class=\"icon-wrapper circle-yes\"><i class=\"fusion-li-icon fa-arrows-alt fas\" aria-hidden=\"true\"><\/i><\/span><div class=\"fusion-li-item-content\">\n<p>27 m\u00b2<\/p>\n<\/div><\/li><li class=\"fusion-li-item\" style=\"\"><span class=\"icon-wrapper circle-yes\"><i class=\"fusion-li-icon fa-bed fas\" aria-hidden=\"true\"><\/i><\/span><div class=\"fusion-li-item-content\">\n<p>Elternzimmer mit Doppelbett 160 cm im Schlafzimmer<\/p>\n<\/div><\/li><li class=\"fusion-li-item\" style=\"\"><span class=\"icon-wrapper circle-yes\"><i class=\"fusion-li-icon fa-bed fas\" aria-hidden=\"true\"><\/i><\/span><div class=\"fusion-li-item-content\">\n<p>Kinderzimmer mit zwei Einzelbetten 90 cm<\/p>\n<\/div><\/li><li class=\"fusion-li-item\" style=\"\"><span class=\"icon-wrapper circle-yes\"><i class=\"fusion-li-icon fa-shower fas\" aria-hidden=\"true\"><\/i><\/span><div class=\"fusion-li-item-content\">\n<p>Bad mit Dusche &amp; WC<\/p>\n<\/div><\/li><li class=\"fusion-li-item\" style=\"\"><span class=\"icon-wrapper circle-yes\"><i class=\"fusion-li-icon fa-coffee fas\" aria-hidden=\"true\"><\/i><\/span><div class=\"fusion-li-item-content\">\n<p>Inklusive Fr\u00fchst\u00fcck<\/p>\n<\/div><\/li><li class=\"fusion-li-item\" style=\"\"><span class=\"icon-wrapper circle-yes\"><i class=\"fusion-li-icon fa-plus fas\" aria-hidden=\"true\"><\/i><\/span><div class=\"fusion-li-item-content\">Haartrockner, TV, freies WLAN, USB-Steckdose<\/div><\/li><li class=\"fusion-li-item\" style=\"\"><span class=\"icon-wrapper circle-yes\"><i class=\"fusion-li-icon fa-paw fas\" aria-hidden=\"true\"><\/i><\/span><div class=\"fusion-li-item-content\">\n<p>Tiere sind willkommen<\/p>\n<\/div><\/li><li class=\"fusion-li-item\" style=\"\"><span class=\"icon-wrapper circle-yes\"><i class=\"fusion-li-icon fa-euro-sign fas\" aria-hidden=\"true\"><\/i><\/span><div class=\"fusion-li-item-content\">\n<p><strong>ab 140,\u2013 Euro<br \/>\n<\/strong>Hunde erlaubt \u20ac 10,00 pro Nacht<strong><br \/>\n<\/strong><\/p>\n<\/div><\/li><\/ul><div ><a class=\"fusion-button button-flat fusion-button-default-size button-default fusion-button-default button-8 fusion-button-default-span fusion-button-default-type\" style=\"--awb-margin-top:50px;\" target=\"_blank\" rel=\"noopener noreferrer\" href=\"https:\/\/rooms.ibelsa.com\/de\/webbookingtwo\/3A9B7E70-E527-3688-85B3-65BB0949C8AB\/page\"><span class=\"fusion-button-text awb-button__text awb-button__text--default\">JETZT RESERVIEREN<\/span><\/a><\/div>\n<\/div><\/div><\/div><\/div><div class=\"fusion-fullwidth fullwidth-box fusion-builder-row-18 fusion-flex-container has-pattern-background has-mask-background fusion-parallax-none nonhundred-percent-fullwidth non-hundred-percent-height-scrolling\" style=\"--awb-background-position:left center;--awb-border-radius-top-left:0px;--awb-border-radius-top-right:0px;--awb-border-radius-bottom-right:0px;--awb-border-radius-bottom-left:0px;--awb-margin-top:100px;--awb-background-image:url(&quot;https:\/\/reos-hotel-allgaeu.de\/wp-content\/uploads\/reos_doppelr_grafik_5.svg&quot;);--awb-background-size:cover;--awb-flex-wrap:wrap;\" ><div class=\"fusion-builder-row fusion-row fusion-flex-align-items-flex-start fusion-flex-content-wrap\" style=\"max-width:calc( 1400px + 30px );margin-left: calc(-30px \/ 2 );margin-right: calc(-30px \/ 2 );\"><div class=\"fusion-layout-column fusion_builder_column fusion-builder-column-33 fusion_builder_column_2_3 2_3 fusion-flex-column\" style=\"--awb-bg-size:cover;--awb-width-large:66.6666666667%;--awb-margin-top-large:0px;--awb-spacing-right-large:15px;--awb-margin-bottom-large:20px;--awb-spacing-left-large:15px;--awb-width-medium:66.6666666667%;--awb-order-medium:0;--awb-spacing-right-medium:15px;--awb-spacing-left-medium:15px;--awb-width-small:100%;--awb-order-small:0;--awb-spacing-right-small:15px;--awb-spacing-left-small:15px;\"><div class=\"fusion-column-wrapper fusion-column-has-shadow fusion-flex-justify-content-flex-start fusion-content-layout-column\"><div class=\"fusion-text fusion-text-18\"><p><strong>Das tierfreundliche Hotel in Isny mit rollstuhlgerechten Zimmern mitten im Allg\u00e4u\u00a0<\/strong><\/p>\n<p>In unserem REOS HOTEL ISNY sind Ihre Lieblings-Vierbeiner herzlich willkommen. Wir bieten Ihnen komfortable Zimmer mit viel Platz f\u00fcr Sie und Ihren Hund. F\u00fcr Ihren Begleiter berechnen wir einen Aufpreis von \u20ac 10,00 pro Begleiter und Nacht. Bitte teilen Sie uns bei der Buchung mit, ob Sie mit einem Haustier anreisen, damit wir alles f\u00fcr Sie vorbereiten k\u00f6nnen.<\/p>\n<p>Zudem verf\u00fcgt das Hotel \u00fcber vier rollstuhlgerechte Zimmer. \u00dcber einen Aufzug sind diese direkt mit dem Tiefgaragenstellplatz verbunden. Gerne stellen wir unseren G\u00e4sten einen Tiefgaragenstellplatz f\u00fcr einen Aufpreis von \u20ac 10,00 pro Tag zur Verf\u00fcgung. Teilen Sie uns dies vor Antritt der Reise mit, sodass Ihre Ankunft im REOS HOTEL in Isny bequem starten kann.<\/p>\n<p>Wir freuen uns auf Ihren Besuch im Reos Hotel Isny, dem tierfreundlichen Hotel in der Region.<\/p>\n<\/div><\/div><\/div><\/div><\/div><\/p>\n","protected":false},"excerpt":{"rendered":"","protected":false},"author":3,"featured_media":2369,"parent":0,"menu_order":0,"comment_status":"closed","ping_status":"closed","template":"100-width.php","meta":{"footnotes":""},"class_list":["post-2261","page","type-page","status-publish","has-post-thumbnail","hentry"],"yoast_head":"<!-- This site is optimized with the Yoast SEO plugin v27.4 - https:\/\/yoast.com\/product\/yoast-seo-wordpress\/ -->\n<title>Zimmer - Gebr\u00fcder Reo Hotel GmbH - Isny im Allg\u00e4u<\/title>\n<meta name=\"description\" content=\"Entspannen Sie w\u00e4hrend Ihrer Auszeit in unseren Zimmern voller wohlf\u00fchl Ambiente. Wir haben Zimmer in verschiedenen Ausstattungen.\" \/>\n<meta name=\"robots\" content=\"index, follow, max-snippet:-1, max-image-preview:large, max-video-preview:-1\" \/>\n<link rel=\"canonical\" href=\"https:\/\/reos-hotel-allgaeu.de\/isny\/zimmer\/\" \/>\n<meta property=\"og:locale\" content=\"de_DE\" \/>\n<meta property=\"og:type\" content=\"article\" \/>\n<meta property=\"og:title\" content=\"Zimmer - Gebr\u00fcder Reo Hotel GmbH - Isny im Allg\u00e4u\" \/>\n<meta property=\"og:description\" content=\"Entspannen Sie w\u00e4hrend Ihrer Auszeit in unseren Zimmern voller wohlf\u00fchl Ambiente. Wir haben Zimmer in verschiedenen Ausstattungen.\" \/>\n<meta property=\"og:url\" content=\"https:\/\/reos-hotel-allgaeu.de\/isny\/zimmer\/\" \/>\n<meta property=\"og:site_name\" content=\"Gebr\u00fcder Reo Hotel GmbH - Isny im Allg\u00e4u\" \/>\n<meta property=\"article:modified_time\" content=\"2024-08-15T08:43:53+00:00\" \/>\n<meta property=\"og:image\" content=\"https:\/\/reos-hotel-allgaeu.de\/isny\/wp-content\/uploads\/sites\/3\/2022\/12\/doppelzimmer-comfort28.webp\" \/>\n\t<meta property=\"og:image:width\" content=\"2000\" \/>\n\t<meta property=\"og:image:height\" content=\"1335\" \/>\n\t<meta property=\"og:image:type\" content=\"image\/webp\" \/>\n<meta name=\"twitter:card\" content=\"summary_large_image\" \/>\n<meta name=\"twitter:label1\" content=\"Gesch\u00e4tzte Lesezeit\" \/>\n\t<meta name=\"twitter:data1\" content=\"11\u00a0Minuten\" \/>\n<script type=\"application\/ld+json\" class=\"yoast-schema-graph\">{\"@context\":\"https:\\\/\\\/schema.org\",\"@graph\":[{\"@type\":\"WebPage\",\"@id\":\"https:\\\/\\\/reos-hotel-allgaeu.de\\\/isny\\\/zimmer\\\/\",\"url\":\"https:\\\/\\\/reos-hotel-allgaeu.de\\\/isny\\\/zimmer\\\/\",\"name\":\"Zimmer - Gebr\u00fcder Reo Hotel GmbH - Isny im Allg\u00e4u\",\"isPartOf\":{\"@id\":\"https:\\\/\\\/reos-hotel-allgaeu.de\\\/isny\\\/#website\"},\"primaryImageOfPage\":{\"@id\":\"https:\\\/\\\/reos-hotel-allgaeu.de\\\/isny\\\/zimmer\\\/#primaryimage\"},\"image\":{\"@id\":\"https:\\\/\\\/reos-hotel-allgaeu.de\\\/isny\\\/zimmer\\\/#primaryimage\"},\"thumbnailUrl\":\"https:\\\/\\\/reos-hotel-allgaeu.de\\\/isny\\\/wp-content\\\/uploads\\\/sites\\\/3\\\/2022\\\/12\\\/doppelzimmer-comfort28.webp\",\"datePublished\":\"2022-12-17T13:40:36+00:00\",\"dateModified\":\"2024-08-15T08:43:53+00:00\",\"description\":\"Entspannen Sie w\u00e4hrend Ihrer Auszeit in unseren Zimmern voller wohlf\u00fchl Ambiente. Wir haben Zimmer in verschiedenen Ausstattungen.\",\"breadcrumb\":{\"@id\":\"https:\\\/\\\/reos-hotel-allgaeu.de\\\/isny\\\/zimmer\\\/#breadcrumb\"},\"inLanguage\":\"de\",\"potentialAction\":[{\"@type\":\"ReadAction\",\"target\":[\"https:\\\/\\\/reos-hotel-allgaeu.de\\\/isny\\\/zimmer\\\/\"]}]},{\"@type\":\"ImageObject\",\"inLanguage\":\"de\",\"@id\":\"https:\\\/\\\/reos-hotel-allgaeu.de\\\/isny\\\/zimmer\\\/#primaryimage\",\"url\":\"https:\\\/\\\/reos-hotel-allgaeu.de\\\/isny\\\/wp-content\\\/uploads\\\/sites\\\/3\\\/2022\\\/12\\\/doppelzimmer-comfort28.webp\",\"contentUrl\":\"https:\\\/\\\/reos-hotel-allgaeu.de\\\/isny\\\/wp-content\\\/uploads\\\/sites\\\/3\\\/2022\\\/12\\\/doppelzimmer-comfort28.webp\",\"width\":2000,\"height\":1335,\"caption\":\"Reos_Hotel_Wangen_DZ_Comfort_Doppelbett\"},{\"@type\":\"BreadcrumbList\",\"@id\":\"https:\\\/\\\/reos-hotel-allgaeu.de\\\/isny\\\/zimmer\\\/#breadcrumb\",\"itemListElement\":[{\"@type\":\"ListItem\",\"position\":1,\"name\":\"Startseite\",\"item\":\"https:\\\/\\\/reos-hotel-allgaeu.de\\\/isny\\\/\"},{\"@type\":\"ListItem\",\"position\":2,\"name\":\"Zimmer\"}]},{\"@type\":\"WebSite\",\"@id\":\"https:\\\/\\\/reos-hotel-allgaeu.de\\\/isny\\\/#website\",\"url\":\"https:\\\/\\\/reos-hotel-allgaeu.de\\\/isny\\\/\",\"name\":\"Gebr\u00fcder Reo Hotel GmbH - Isny im Allg\u00e4u\",\"description\":\"\",\"publisher\":{\"@id\":\"https:\\\/\\\/reos-hotel-allgaeu.de\\\/isny\\\/#organization\"},\"potentialAction\":[{\"@type\":\"SearchAction\",\"target\":{\"@type\":\"EntryPoint\",\"urlTemplate\":\"https:\\\/\\\/reos-hotel-allgaeu.de\\\/isny\\\/?s={search_term_string}\"},\"query-input\":{\"@type\":\"PropertyValueSpecification\",\"valueRequired\":true,\"valueName\":\"search_term_string\"}}],\"inLanguage\":\"de\"},{\"@type\":\"Organization\",\"@id\":\"https:\\\/\\\/reos-hotel-allgaeu.de\\\/isny\\\/#organization\",\"name\":\"Gebr\u00fcder Reo Hotel GmbH - Isny im Allg\u00e4u\",\"url\":\"https:\\\/\\\/reos-hotel-allgaeu.de\\\/isny\\\/\",\"logo\":{\"@type\":\"ImageObject\",\"inLanguage\":\"de\",\"@id\":\"https:\\\/\\\/reos-hotel-allgaeu.de\\\/isny\\\/#\\\/schema\\\/logo\\\/image\\\/\",\"url\":\"https:\\\/\\\/reos-hotel-allgaeu.de\\\/isny\\\/wp-content\\\/uploads\\\/sites\\\/3\\\/2022\\\/12\\\/Favicon_Logo_REOS_Hotel.png\",\"contentUrl\":\"https:\\\/\\\/reos-hotel-allgaeu.de\\\/isny\\\/wp-content\\\/uploads\\\/sites\\\/3\\\/2022\\\/12\\\/Favicon_Logo_REOS_Hotel.png\",\"width\":512,\"height\":512,\"caption\":\"Gebr\u00fcder Reo Hotel GmbH - Isny im Allg\u00e4u\"},\"image\":{\"@id\":\"https:\\\/\\\/reos-hotel-allgaeu.de\\\/isny\\\/#\\\/schema\\\/logo\\\/image\\\/\"}}]}<\/script>\n<!-- \/ Yoast SEO plugin. -->","yoast_head_json":{"title":"Zimmer - Gebr\u00fcder Reo Hotel GmbH - Isny im Allg\u00e4u","description":"Entspannen Sie w\u00e4hrend Ihrer Auszeit in unseren Zimmern voller wohlf\u00fchl Ambiente. Wir haben Zimmer in verschiedenen Ausstattungen.","robots":{"index":"index","follow":"follow","max-snippet":"max-snippet:-1","max-image-preview":"max-image-preview:large","max-video-preview":"max-video-preview:-1"},"canonical":"https:\/\/reos-hotel-allgaeu.de\/isny\/zimmer\/","og_locale":"de_DE","og_type":"article","og_title":"Zimmer - Gebr\u00fcder Reo Hotel GmbH - Isny im Allg\u00e4u","og_description":"Entspannen Sie w\u00e4hrend Ihrer Auszeit in unseren Zimmern voller wohlf\u00fchl Ambiente. Wir haben Zimmer in verschiedenen Ausstattungen.","og_url":"https:\/\/reos-hotel-allgaeu.de\/isny\/zimmer\/","og_site_name":"Gebr\u00fcder Reo Hotel GmbH - Isny im Allg\u00e4u","article_modified_time":"2024-08-15T08:43:53+00:00","og_image":[{"width":2000,"height":1335,"url":"https:\/\/reos-hotel-allgaeu.de\/isny\/wp-content\/uploads\/sites\/3\/2022\/12\/doppelzimmer-comfort28.webp","type":"image\/webp"}],"twitter_card":"summary_large_image","twitter_misc":{"Gesch\u00e4tzte Lesezeit":"11\u00a0Minuten"},"schema":{"@context":"https:\/\/schema.org","@graph":[{"@type":"WebPage","@id":"https:\/\/reos-hotel-allgaeu.de\/isny\/zimmer\/","url":"https:\/\/reos-hotel-allgaeu.de\/isny\/zimmer\/","name":"Zimmer - Gebr\u00fcder Reo Hotel GmbH - Isny im Allg\u00e4u","isPartOf":{"@id":"https:\/\/reos-hotel-allgaeu.de\/isny\/#website"},"primaryImageOfPage":{"@id":"https:\/\/reos-hotel-allgaeu.de\/isny\/zimmer\/#primaryimage"},"image":{"@id":"https:\/\/reos-hotel-allgaeu.de\/isny\/zimmer\/#primaryimage"},"thumbnailUrl":"https:\/\/reos-hotel-allgaeu.de\/isny\/wp-content\/uploads\/sites\/3\/2022\/12\/doppelzimmer-comfort28.webp","datePublished":"2022-12-17T13:40:36+00:00","dateModified":"2024-08-15T08:43:53+00:00","description":"Entspannen Sie w\u00e4hrend Ihrer Auszeit in unseren Zimmern voller wohlf\u00fchl Ambiente. Wir haben Zimmer in verschiedenen Ausstattungen.","breadcrumb":{"@id":"https:\/\/reos-hotel-allgaeu.de\/isny\/zimmer\/#breadcrumb"},"inLanguage":"de","potentialAction":[{"@type":"ReadAction","target":["https:\/\/reos-hotel-allgaeu.de\/isny\/zimmer\/"]}]},{"@type":"ImageObject","inLanguage":"de","@id":"https:\/\/reos-hotel-allgaeu.de\/isny\/zimmer\/#primaryimage","url":"https:\/\/reos-hotel-allgaeu.de\/isny\/wp-content\/uploads\/sites\/3\/2022\/12\/doppelzimmer-comfort28.webp","contentUrl":"https:\/\/reos-hotel-allgaeu.de\/isny\/wp-content\/uploads\/sites\/3\/2022\/12\/doppelzimmer-comfort28.webp","width":2000,"height":1335,"caption":"Reos_Hotel_Wangen_DZ_Comfort_Doppelbett"},{"@type":"BreadcrumbList","@id":"https:\/\/reos-hotel-allgaeu.de\/isny\/zimmer\/#breadcrumb","itemListElement":[{"@type":"ListItem","position":1,"name":"Startseite","item":"https:\/\/reos-hotel-allgaeu.de\/isny\/"},{"@type":"ListItem","position":2,"name":"Zimmer"}]},{"@type":"WebSite","@id":"https:\/\/reos-hotel-allgaeu.de\/isny\/#website","url":"https:\/\/reos-hotel-allgaeu.de\/isny\/","name":"Gebr\u00fcder Reo Hotel GmbH - Isny im Allg\u00e4u","description":"","publisher":{"@id":"https:\/\/reos-hotel-allgaeu.de\/isny\/#organization"},"potentialAction":[{"@type":"SearchAction","target":{"@type":"EntryPoint","urlTemplate":"https:\/\/reos-hotel-allgaeu.de\/isny\/?s={search_term_string}"},"query-input":{"@type":"PropertyValueSpecification","valueRequired":true,"valueName":"search_term_string"}}],"inLanguage":"de"},{"@type":"Organization","@id":"https:\/\/reos-hotel-allgaeu.de\/isny\/#organization","name":"Gebr\u00fcder Reo Hotel GmbH - Isny im Allg\u00e4u","url":"https:\/\/reos-hotel-allgaeu.de\/isny\/","logo":{"@type":"ImageObject","inLanguage":"de","@id":"https:\/\/reos-hotel-allgaeu.de\/isny\/#\/schema\/logo\/image\/","url":"https:\/\/reos-hotel-allgaeu.de\/isny\/wp-content\/uploads\/sites\/3\/2022\/12\/Favicon_Logo_REOS_Hotel.png","contentUrl":"https:\/\/reos-hotel-allgaeu.de\/isny\/wp-content\/uploads\/sites\/3\/2022\/12\/Favicon_Logo_REOS_Hotel.png","width":512,"height":512,"caption":"Gebr\u00fcder Reo Hotel GmbH - Isny im Allg\u00e4u"},"image":{"@id":"https:\/\/reos-hotel-allgaeu.de\/isny\/#\/schema\/logo\/image\/"}}]}},"_links":{"self":[{"href":"https:\/\/reos-hotel-allgaeu.de\/isny\/wp-json\/wp\/v2\/pages\/2261","targetHints":{"allow":["GET"]}}],"collection":[{"href":"https:\/\/reos-hotel-allgaeu.de\/isny\/wp-json\/wp\/v2\/pages"}],"about":[{"href":"https:\/\/reos-hotel-allgaeu.de\/isny\/wp-json\/wp\/v2\/types\/page"}],"author":[{"embeddable":true,"href":"https:\/\/reos-hotel-allgaeu.de\/isny\/wp-json\/wp\/v2\/users\/3"}],"replies":[{"embeddable":true,"href":"https:\/\/reos-hotel-allgaeu.de\/isny\/wp-json\/wp\/v2\/comments?post=2261"}],"version-history":[{"count":89,"href":"https:\/\/reos-hotel-allgaeu.de\/isny\/wp-json\/wp\/v2\/pages\/2261\/revisions"}],"predecessor-version":[{"id":3464,"href":"https:\/\/reos-hotel-allgaeu.de\/isny\/wp-json\/wp\/v2\/pages\/2261\/revisions\/3464"}],"wp:featuredmedia":[{"embeddable":true,"href":"https:\/\/reos-hotel-allgaeu.de\/isny\/wp-json\/wp\/v2\/media\/2369"}],"wp:attachment":[{"href":"https:\/\/reos-hotel-allgaeu.de\/isny\/wp-json\/wp\/v2\/media?parent=2261"}],"curies":[{"name":"wp","href":"https:\/\/api.w.org\/{rel}","templated":true}]}}